{"id":6240,"date":"2025-07-15T15:08:10","date_gmt":"2025-07-15T18:08:10","guid":{"rendered":"https:\/\/dev.alisonandrei.com.br\/?page_id=6240"},"modified":"2025-07-15T15:09:00","modified_gmt":"2025-07-15T18:09:00","slug":"noticias","status":"publish","type":"page","link":"https:\/\/sepam.com.br\/pt\/noticias\/","title":{"rendered":"Noticias"},"content":{"rendered":"\t\t<div data-elementor-type=\"wp-page\" data-elementor-id=\"6240\" class=\"elementor elementor-6240\" data-elementor-post-type=\"page\">\n\t\t\t\t<div class=\"elementor-element elementor-element-757b5fb6 e-flex e-con-boxed e-con e-parent\" data-id=\"757b5fb6\" data-element_type=\"container\" data-e-type=\"container\" data-settings=\"{&quot;background_background&quot;:&quot;classic&quot;}\">\n\t\t\t\t\t<div class=\"e-con-inner\">\n\t\t\t\t<div class=\"elementor-element elementor-element-4575349f elementor-widget elementor-widget-spacer\" data-id=\"4575349f\" data-element_type=\"widget\" data-e-type=\"widget\" data-widget_type=\"spacer.default\">\n\t\t\t\t<div class=\"elementor-widget-container\">\n\t\t\t\t\t\t\t<div class=\"elementor-spacer\">\n\t\t\t<div class=\"elementor-spacer-inner\"><\/div>\n\t\t<\/div>\n\t\t\t\t\t\t<\/div>\n\t\t\t\t<\/div>\n\t\t\t\t<div class=\"elementor-element elementor-element-471a78b0 elementor-widget elementor-widget-heading\" data-id=\"471a78b0\" data-element_type=\"widget\" data-e-type=\"widget\" data-widget_type=\"heading.default\">\n\t\t\t\t<div class=\"elementor-widget-container\">\n\t\t\t\t\t<h2 class=\"elementor-heading-title elementor-size-default\">Not\u00edcias<\/h2>\t\t\t\t<\/div>\n\t\t\t\t<\/div>\n\t\t\t\t<div class=\"elementor-element elementor-element-200620a6 elementor-widget elementor-widget-heading\" data-id=\"200620a6\" data-element_type=\"widget\" data-e-type=\"widget\" data-widget_type=\"heading.default\">\n\t\t\t\t<div class=\"elementor-widget-container\">\n\t\t\t\t\t<h2 class=\"elementor-heading-title elementor-size-default\">Fique por dentro do SEPAM<\/h2>\t\t\t\t<\/div>\n\t\t\t\t<\/div>\n\t\t<div class=\"elementor-element elementor-element-4715619e e-con-full e-flex e-con e-child\" data-id=\"4715619e\" data-element_type=\"container\" data-e-type=\"container\">\n\t\t\t\t<div class=\"elementor-element elementor-element-3fb4269 elementor-posts--align-center elementor-grid-3 elementor-grid-tablet-2 elementor-grid-mobile-1 elementor-posts--thumbnail-top elementor-card-shadow-yes elementor-posts__hover-gradient load-more-align-center elementor-widget elementor-widget-posts\" data-id=\"3fb4269\" data-element_type=\"widget\" data-e-type=\"widget\" data-settings=\"{&quot;cards_row_gap&quot;:{&quot;unit&quot;:&quot;px&quot;,&quot;size&quot;:19,&quot;sizes&quot;:[]},&quot;pagination_type&quot;:&quot;load_more_on_click&quot;,&quot;cards_columns&quot;:&quot;3&quot;,&quot;cards_columns_tablet&quot;:&quot;2&quot;,&quot;cards_columns_mobile&quot;:&quot;1&quot;,&quot;cards_row_gap_tablet&quot;:{&quot;unit&quot;:&quot;px&quot;,&quot;size&quot;:&quot;&quot;,&quot;sizes&quot;:[]},&quot;cards_row_gap_mobile&quot;:{&quot;unit&quot;:&quot;px&quot;,&quot;size&quot;:&quot;&quot;,&quot;sizes&quot;:[]},&quot;load_more_spinner&quot;:{&quot;value&quot;:&quot;fas fa-spinner&quot;,&quot;library&quot;:&quot;fa-solid&quot;}}\" data-widget_type=\"posts.cards\">\n\t\t\t\t<div class=\"elementor-widget-container\">\n\t\t\t\t\t\t\t<div class=\"elementor-posts-container elementor-posts elementor-posts--skin-cards elementor-grid\" role=\"list\">\n\t\t\t\t<article class=\"elementor-post elementor-grid-item post-8445 post type-post status-publish format-standard has-post-thumbnail hentry category-colegio-sepam tag-basquete-escolar tag-basquete-feminino tag-campeao tag-colegio-sepam tag-esportes tag-jem tag-jogos-estudantis-municipais tag-professor-daniel\" role=\"listitem\">\n\t\t\t<div class=\"elementor-post__card\">\n\t\t\t\t<a class=\"elementor-post__thumbnail__link\" href=\"https:\/\/sepam.com.br\/pt\/basquete-feminino-do-sepam-conquista-o-titulo-do-40o-jem-com-campanha-dominante\/\" tabindex=\"-1\" ><div class=\"elementor-post__thumbnail\"><img fetchpriority=\"high\" decoding=\"async\" width=\"300\" height=\"225\" src=\"https:\/\/sepam.com.br\/wp-content\/uploads\/2026\/05\/WhatsApp-Image-2026-05-28-at-14.48.41-300x225.jpeg\" class=\"attachment-medium size-medium wp-image-8443\" alt=\"\" srcset=\"https:\/\/sepam.com.br\/wp-content\/uploads\/2026\/05\/WhatsApp-Image-2026-05-28-at-14.48.41-300x225.jpeg 300w, https:\/\/sepam.com.br\/wp-content\/uploads\/2026\/05\/WhatsApp-Image-2026-05-28-at-14.48.41-1024x768.jpeg 1024w, https:\/\/sepam.com.br\/wp-content\/uploads\/2026\/05\/WhatsApp-Image-2026-05-28-at-14.48.41-768x576.jpeg 768w, https:\/\/sepam.com.br\/wp-content\/uploads\/2026\/05\/WhatsApp-Image-2026-05-28-at-14.48.41.jpeg 1280w\" sizes=\"(max-width: 300px) 100vw, 300px\" \/><\/div><\/a>\n\t\t\t\t<div class=\"elementor-post__text\">\n\t\t\t\t<h3 class=\"elementor-post__title\">\n\t\t\t<a href=\"https:\/\/sepam.com.br\/pt\/basquete-feminino-do-sepam-conquista-o-titulo-do-40o-jem-com-campanha-dominante\/\" >\n\t\t\t\tBasquete feminino do SEPAM conquista o t\u00edtulo do 40\u00ba JEM com campanha dominante\t\t\t<\/a>\n\t\t<\/h3>\n\t\t\t\t\t<div class=\"elementor-post__read-more-wrapper\">\n\t\t\n\t\t<a class=\"elementor-post__read-more\" href=\"https:\/\/sepam.com.br\/pt\/basquete-feminino-do-sepam-conquista-o-titulo-do-40o-jem-com-campanha-dominante\/\" aria-label=\"Read more about Basquete feminino do SEPAM conquista o t\u00edtulo do 40\u00ba JEM com campanha dominante\" tabindex=\"-1\" >\n\t\t\tLeia Mais \u00bb\t\t<\/a>\n\n\t\t\t\t\t<\/div>\n\t\t\t\t<\/div>\n\t\t\t\t<div class=\"elementor-post__meta-data\">\n\t\t\t\t\t<span class=\"elementor-post-author\">\n\t\t\tSepam\t\t<\/span>\n\t\t\t\t<span class=\"elementor-post-date\">\n\t\t\t28\/05\/2026\t\t<\/span>\n\t\t\t\t<\/div>\n\t\t\t\t\t<\/div>\n\t\t<\/article>\n\t\t\t\t<article class=\"elementor-post elementor-grid-item post-8441 post type-post status-publish format-standard has-post-thumbnail hentry category-colegio-sepam tag-colegio-sepam tag-esportes tag-jem tag-jogos-estudantis-municipais tag-professor-joao tag-vice-campeonato tag-volei-feminino\" role=\"listitem\">\n\t\t\t<div class=\"elementor-post__card\">\n\t\t\t\t<a class=\"elementor-post__thumbnail__link\" href=\"https:\/\/sepam.com.br\/pt\/volei-feminino-do-sepam-conquista-vice-campeonato-no-40o-jem\/\" tabindex=\"-1\" ><div class=\"elementor-post__thumbnail\"><img decoding=\"async\" width=\"300\" height=\"200\" src=\"https:\/\/sepam.com.br\/wp-content\/uploads\/2026\/05\/WhatsApp-Image-2026-05-28-at-14.46.25-300x200.jpeg\" class=\"attachment-medium size-medium wp-image-8442\" alt=\"\" srcset=\"https:\/\/sepam.com.br\/wp-content\/uploads\/2026\/05\/WhatsApp-Image-2026-05-28-at-14.46.25-300x200.jpeg 300w, https:\/\/sepam.com.br\/wp-content\/uploads\/2026\/05\/WhatsApp-Image-2026-05-28-at-14.46.25-1024x683.jpeg 1024w, https:\/\/sepam.com.br\/wp-content\/uploads\/2026\/05\/WhatsApp-Image-2026-05-28-at-14.46.25-768x512.jpeg 768w, https:\/\/sepam.com.br\/wp-content\/uploads\/2026\/05\/WhatsApp-Image-2026-05-28-at-14.46.25.jpeg 1280w\" sizes=\"(max-width: 300px) 100vw, 300px\" \/><\/div><\/a>\n\t\t\t\t<div class=\"elementor-post__text\">\n\t\t\t\t<h3 class=\"elementor-post__title\">\n\t\t\t<a href=\"https:\/\/sepam.com.br\/pt\/volei-feminino-do-sepam-conquista-vice-campeonato-no-40o-jem\/\" >\n\t\t\t\tV\u00f4lei feminino do SEPAM conquista vice-campeonato no 40\u00ba JEM\t\t\t<\/a>\n\t\t<\/h3>\n\t\t\t\t\t<div class=\"elementor-post__read-more-wrapper\">\n\t\t\n\t\t<a class=\"elementor-post__read-more\" href=\"https:\/\/sepam.com.br\/pt\/volei-feminino-do-sepam-conquista-vice-campeonato-no-40o-jem\/\" aria-label=\"Read more about V\u00f4lei feminino do SEPAM conquista vice-campeonato no 40\u00ba JEM\" tabindex=\"-1\" >\n\t\t\tLeia Mais \u00bb\t\t<\/a>\n\n\t\t\t\t\t<\/div>\n\t\t\t\t<\/div>\n\t\t\t\t<div class=\"elementor-post__meta-data\">\n\t\t\t\t\t<span class=\"elementor-post-author\">\n\t\t\tSepam\t\t<\/span>\n\t\t\t\t<span class=\"elementor-post-date\">\n\t\t\t28\/05\/2026\t\t<\/span>\n\t\t\t\t<\/div>\n\t\t\t\t\t<\/div>\n\t\t<\/article>\n\t\t\t\t<article class=\"elementor-post elementor-grid-item post-8419 post type-post status-publish format-standard has-post-thumbnail hentry category-colegio-sepam tag-arte tag-cenas-curtas tag-colegio-sepam tag-cultura tag-jem-cultural tag-teatro\" role=\"listitem\">\n\t\t\t<div class=\"elementor-post__card\">\n\t\t\t\t<a class=\"elementor-post__thumbnail__link\" href=\"https:\/\/sepam.com.br\/pt\/o-teatro-do-sepam-conquistou-o-1o-lugar-em-todos-os-grupos-participantes-da-modalidade-cenas-curtas-no-jem-cultural-destacando-talento-disciplina-e-dedicacao\/\" tabindex=\"-1\" ><div class=\"elementor-post__thumbnail\"><img decoding=\"async\" width=\"300\" height=\"200\" src=\"https:\/\/sepam.com.br\/wp-content\/uploads\/2026\/05\/WhatsApp-Image-2026-05-28-at-07.48.57-3-copiar-300x200.webp\" class=\"attachment-medium size-medium wp-image-8437\" alt=\"\" srcset=\"https:\/\/sepam.com.br\/wp-content\/uploads\/2026\/05\/WhatsApp-Image-2026-05-28-at-07.48.57-3-copiar-300x200.webp 300w, https:\/\/sepam.com.br\/wp-content\/uploads\/2026\/05\/WhatsApp-Image-2026-05-28-at-07.48.57-3-copiar-768x512.webp 768w, https:\/\/sepam.com.br\/wp-content\/uploads\/2026\/05\/WhatsApp-Image-2026-05-28-at-07.48.57-3-copiar.webp 800w\" sizes=\"(max-width: 300px) 100vw, 300px\" \/><\/div><\/a>\n\t\t\t\t<div class=\"elementor-post__text\">\n\t\t\t\t<h3 class=\"elementor-post__title\">\n\t\t\t<a href=\"https:\/\/sepam.com.br\/pt\/o-teatro-do-sepam-conquistou-o-1o-lugar-em-todos-os-grupos-participantes-da-modalidade-cenas-curtas-no-jem-cultural-destacando-talento-disciplina-e-dedicacao\/\" >\n\t\t\t\tO Teatro do SEPAM conquistou o 1\u00ba lugar em todos os grupos participantes da modalidade Cenas Curtas no JEM Cultural, destacando talento, disciplina e dedica\u00e7\u00e3o.\t\t\t<\/a>\n\t\t<\/h3>\n\t\t\t\t\t<div class=\"elementor-post__read-more-wrapper\">\n\t\t\n\t\t<a class=\"elementor-post__read-more\" href=\"https:\/\/sepam.com.br\/pt\/o-teatro-do-sepam-conquistou-o-1o-lugar-em-todos-os-grupos-participantes-da-modalidade-cenas-curtas-no-jem-cultural-destacando-talento-disciplina-e-dedicacao\/\" aria-label=\"Read more about O Teatro do SEPAM conquistou o 1\u00ba lugar em todos os grupos participantes da modalidade Cenas Curtas no JEM Cultural, destacando talento, disciplina e dedica\u00e7\u00e3o.\" tabindex=\"-1\" >\n\t\t\tLeia Mais \u00bb\t\t<\/a>\n\n\t\t\t\t\t<\/div>\n\t\t\t\t<\/div>\n\t\t\t\t<div class=\"elementor-post__meta-data\">\n\t\t\t\t\t<span class=\"elementor-post-author\">\n\t\t\tSepam\t\t<\/span>\n\t\t\t\t<span class=\"elementor-post-date\">\n\t\t\t28\/05\/2026\t\t<\/span>\n\t\t\t\t<\/div>\n\t\t\t\t\t<\/div>\n\t\t<\/article>\n\t\t\t\t<article class=\"elementor-post elementor-grid-item post-8408 post type-post status-publish format-standard has-post-thumbnail hentry category-colegio-sepam tag-artes-marciais tag-colegio-sepam tag-esportes tag-jem tag-jogos-estudantis-municipais tag-judo tag-professor-william tag-tatame\" role=\"listitem\">\n\t\t\t<div class=\"elementor-post__card\">\n\t\t\t\t<a class=\"elementor-post__thumbnail__link\" href=\"https:\/\/sepam.com.br\/pt\/judo-do-sepam-conquista-medalhas-e-destaque-geral-no-40o-jem\/\" tabindex=\"-1\" ><div class=\"elementor-post__thumbnail\"><img loading=\"lazy\" decoding=\"async\" width=\"169\" height=\"300\" src=\"https:\/\/sepam.com.br\/wp-content\/uploads\/2026\/05\/WhatsApp-Image-2026-05-25-at-15.22.12-169x300.jpeg\" class=\"attachment-medium size-medium wp-image-8411\" alt=\"\" srcset=\"https:\/\/sepam.com.br\/wp-content\/uploads\/2026\/05\/WhatsApp-Image-2026-05-25-at-15.22.12-169x300.jpeg 169w, https:\/\/sepam.com.br\/wp-content\/uploads\/2026\/05\/WhatsApp-Image-2026-05-25-at-15.22.12-576x1024.jpeg 576w, https:\/\/sepam.com.br\/wp-content\/uploads\/2026\/05\/WhatsApp-Image-2026-05-25-at-15.22.12-768x1365.jpeg 768w, https:\/\/sepam.com.br\/wp-content\/uploads\/2026\/05\/WhatsApp-Image-2026-05-25-at-15.22.12-864x1536.jpeg 864w, https:\/\/sepam.com.br\/wp-content\/uploads\/2026\/05\/WhatsApp-Image-2026-05-25-at-15.22.12.jpeg 900w\" sizes=\"(max-width: 169px) 100vw, 169px\" \/><\/div><\/a>\n\t\t\t\t<div class=\"elementor-post__text\">\n\t\t\t\t<h3 class=\"elementor-post__title\">\n\t\t\t<a href=\"https:\/\/sepam.com.br\/pt\/judo-do-sepam-conquista-medalhas-e-destaque-geral-no-40o-jem\/\" >\n\t\t\t\tJud\u00f4 do SEPAM conquista medalhas e destaque geral no 40\u00ba JEM\t\t\t<\/a>\n\t\t<\/h3>\n\t\t\t\t\t<div class=\"elementor-post__read-more-wrapper\">\n\t\t\n\t\t<a class=\"elementor-post__read-more\" href=\"https:\/\/sepam.com.br\/pt\/judo-do-sepam-conquista-medalhas-e-destaque-geral-no-40o-jem\/\" aria-label=\"Read more about Jud\u00f4 do SEPAM conquista medalhas e destaque geral no 40\u00ba JEM\" tabindex=\"-1\" >\n\t\t\tLeia Mais \u00bb\t\t<\/a>\n\n\t\t\t\t\t<\/div>\n\t\t\t\t<\/div>\n\t\t\t\t<div class=\"elementor-post__meta-data\">\n\t\t\t\t\t<span class=\"elementor-post-author\">\n\t\t\tSepam\t\t<\/span>\n\t\t\t\t<span class=\"elementor-post-date\">\n\t\t\t28\/05\/2026\t\t<\/span>\n\t\t\t\t<\/div>\n\t\t\t\t\t<\/div>\n\t\t<\/article>\n\t\t\t\t<article class=\"elementor-post elementor-grid-item post-8393 post type-post status-publish format-standard has-post-thumbnail hentry category-colegio-sepam tag-arena-multiuso tag-atletismo-escolar tag-colegio-sepam tag-esportes tag-jem tag-jogos-estudantis tag-medalhas tag-natacao\" role=\"listitem\">\n\t\t\t<div class=\"elementor-post__card\">\n\t\t\t\t<a class=\"elementor-post__thumbnail__link\" href=\"https:\/\/sepam.com.br\/pt\/natacao-do-sepam-conquista-19-medalhas-e-titulos-gerais-em-competicao-na-arena-multiuso\/\" tabindex=\"-1\" ><div class=\"elementor-post__thumbnail\"><img loading=\"lazy\" decoding=\"async\" width=\"169\" height=\"300\" src=\"https:\/\/sepam.com.br\/wp-content\/uploads\/2026\/05\/WhatsApp-Image-2026-05-25-at-15.19.50-169x300.webp\" class=\"attachment-medium size-medium wp-image-8404\" alt=\"\" srcset=\"https:\/\/sepam.com.br\/wp-content\/uploads\/2026\/05\/WhatsApp-Image-2026-05-25-at-15.19.50-169x300.webp 169w, https:\/\/sepam.com.br\/wp-content\/uploads\/2026\/05\/WhatsApp-Image-2026-05-25-at-15.19.50-576x1024.webp 576w, https:\/\/sepam.com.br\/wp-content\/uploads\/2026\/05\/WhatsApp-Image-2026-05-25-at-15.19.50-768x1365.webp 768w, https:\/\/sepam.com.br\/wp-content\/uploads\/2026\/05\/WhatsApp-Image-2026-05-25-at-15.19.50-864x1536.webp 864w, https:\/\/sepam.com.br\/wp-content\/uploads\/2026\/05\/WhatsApp-Image-2026-05-25-at-15.19.50.webp 900w\" sizes=\"(max-width: 169px) 100vw, 169px\" \/><\/div><\/a>\n\t\t\t\t<div class=\"elementor-post__text\">\n\t\t\t\t<h3 class=\"elementor-post__title\">\n\t\t\t<a href=\"https:\/\/sepam.com.br\/pt\/natacao-do-sepam-conquista-19-medalhas-e-titulos-gerais-em-competicao-na-arena-multiuso\/\" >\n\t\t\t\tNata\u00e7\u00e3o do Sepam conquista 19 medalhas e t\u00edtulos gerais em competi\u00e7\u00e3o na Arena Multiuso\t\t\t<\/a>\n\t\t<\/h3>\n\t\t\t\t\t<div class=\"elementor-post__read-more-wrapper\">\n\t\t\n\t\t<a class=\"elementor-post__read-more\" href=\"https:\/\/sepam.com.br\/pt\/natacao-do-sepam-conquista-19-medalhas-e-titulos-gerais-em-competicao-na-arena-multiuso\/\" aria-label=\"Read more about Nata\u00e7\u00e3o do Sepam conquista 19 medalhas e t\u00edtulos gerais em competi\u00e7\u00e3o na Arena Multiuso\" tabindex=\"-1\" >\n\t\t\tLeia Mais \u00bb\t\t<\/a>\n\n\t\t\t\t\t<\/div>\n\t\t\t\t<\/div>\n\t\t\t\t<div class=\"elementor-post__meta-data\">\n\t\t\t\t\t<span class=\"elementor-post-author\">\n\t\t\tSepam\t\t<\/span>\n\t\t\t\t<span class=\"elementor-post-date\">\n\t\t\t28\/05\/2026\t\t<\/span>\n\t\t\t\t<\/div>\n\t\t\t\t\t<\/div>\n\t\t<\/article>\n\t\t\t\t<article class=\"elementor-post elementor-grid-item post-8390 post type-post status-publish format-standard has-post-thumbnail hentry category-colegio-sepam tag-colegio-sepam tag-esportes tag-giovani-lavalle tag-jem tag-jogos-estudantis-municipais tag-medalha-de-prata tag-taekwondo\" role=\"listitem\">\n\t\t\t<div class=\"elementor-post__card\">\n\t\t\t\t<a class=\"elementor-post__thumbnail__link\" href=\"https:\/\/sepam.com.br\/pt\/sepam-conquista-primeira-medalha-no-taekwondo-durante-o-40o-jem\/\" tabindex=\"-1\" ><div class=\"elementor-post__thumbnail\"><img loading=\"lazy\" decoding=\"async\" width=\"300\" height=\"225\" src=\"https:\/\/sepam.com.br\/wp-content\/uploads\/2026\/05\/WhatsApp-Image-2026-05-25-at-15.19.57-1-copiar-300x225.webp\" class=\"attachment-medium size-medium wp-image-8391\" alt=\"\" srcset=\"https:\/\/sepam.com.br\/wp-content\/uploads\/2026\/05\/WhatsApp-Image-2026-05-25-at-15.19.57-1-copiar-300x225.webp 300w, https:\/\/sepam.com.br\/wp-content\/uploads\/2026\/05\/WhatsApp-Image-2026-05-25-at-15.19.57-1-copiar-1024x768.webp 1024w, https:\/\/sepam.com.br\/wp-content\/uploads\/2026\/05\/WhatsApp-Image-2026-05-25-at-15.19.57-1-copiar-768x576.webp 768w, https:\/\/sepam.com.br\/wp-content\/uploads\/2026\/05\/WhatsApp-Image-2026-05-25-at-15.19.57-1-copiar.webp 1200w\" sizes=\"(max-width: 300px) 100vw, 300px\" \/><\/div><\/a>\n\t\t\t\t<div class=\"elementor-post__text\">\n\t\t\t\t<h3 class=\"elementor-post__title\">\n\t\t\t<a href=\"https:\/\/sepam.com.br\/pt\/sepam-conquista-primeira-medalha-no-taekwondo-durante-o-40o-jem\/\" >\n\t\t\t\tSEPAM conquista primeira medalha no taekwondo durante o 40\u00ba JEM\t\t\t<\/a>\n\t\t<\/h3>\n\t\t\t\t\t<div class=\"elementor-post__read-more-wrapper\">\n\t\t\n\t\t<a class=\"elementor-post__read-more\" href=\"https:\/\/sepam.com.br\/pt\/sepam-conquista-primeira-medalha-no-taekwondo-durante-o-40o-jem\/\" aria-label=\"Read more about SEPAM conquista primeira medalha no taekwondo durante o 40\u00ba JEM\" tabindex=\"-1\" >\n\t\t\tLeia Mais \u00bb\t\t<\/a>\n\n\t\t\t\t\t<\/div>\n\t\t\t\t<\/div>\n\t\t\t\t<div class=\"elementor-post__meta-data\">\n\t\t\t\t\t<span class=\"elementor-post-author\">\n\t\t\tSepam\t\t<\/span>\n\t\t\t\t<span class=\"elementor-post-date\">\n\t\t\t28\/05\/2026\t\t<\/span>\n\t\t\t\t<\/div>\n\t\t\t\t\t<\/div>\n\t\t<\/article>\n\t\t\t\t<article class=\"elementor-post elementor-grid-item post-8375 post type-post status-publish format-standard has-post-thumbnail hentry category-colegio-sepam tag-atletismo tag-campos-gerais tag-colegio-sepam tag-esportes tag-jem tag-jem-dos-pais tag-jogos-estudantis-municipais tag-judo tag-natacao tag-xadrez\" role=\"listitem\">\n\t\t\t<div class=\"elementor-post__card\">\n\t\t\t\t<a class=\"elementor-post__thumbnail__link\" href=\"https:\/\/sepam.com.br\/pt\/sepam-marca-presenca-nos-40-anos-do-jem-com-350-alunos-e-conquistas-em-diversas-modalidades\/\" tabindex=\"-1\" ><div class=\"elementor-post__thumbnail\"><img loading=\"lazy\" decoding=\"async\" width=\"300\" height=\"169\" src=\"https:\/\/sepam.com.br\/wp-content\/uploads\/2026\/05\/WhatsApp-Image-2026-05-25-at-09.39.40-300x169.webp\" class=\"attachment-medium size-medium wp-image-8382\" alt=\"\" srcset=\"https:\/\/sepam.com.br\/wp-content\/uploads\/2026\/05\/WhatsApp-Image-2026-05-25-at-09.39.40-300x169.webp 300w, https:\/\/sepam.com.br\/wp-content\/uploads\/2026\/05\/WhatsApp-Image-2026-05-25-at-09.39.40-1024x576.webp 1024w, https:\/\/sepam.com.br\/wp-content\/uploads\/2026\/05\/WhatsApp-Image-2026-05-25-at-09.39.40-768x432.webp 768w, https:\/\/sepam.com.br\/wp-content\/uploads\/2026\/05\/WhatsApp-Image-2026-05-25-at-09.39.40-1536x864.webp 1536w, https:\/\/sepam.com.br\/wp-content\/uploads\/2026\/05\/WhatsApp-Image-2026-05-25-at-09.39.40.webp 1599w\" sizes=\"(max-width: 300px) 100vw, 300px\" \/><\/div><\/a>\n\t\t\t\t<div class=\"elementor-post__text\">\n\t\t\t\t<h3 class=\"elementor-post__title\">\n\t\t\t<a href=\"https:\/\/sepam.com.br\/pt\/sepam-marca-presenca-nos-40-anos-do-jem-com-350-alunos-e-conquistas-em-diversas-modalidades\/\" >\n\t\t\t\tSepam marca presen\u00e7a nos 40 anos do JEM com 350 alunos e conquistas em diversas modalidades\t\t\t<\/a>\n\t\t<\/h3>\n\t\t\t\t\t<div class=\"elementor-post__read-more-wrapper\">\n\t\t\n\t\t<a class=\"elementor-post__read-more\" href=\"https:\/\/sepam.com.br\/pt\/sepam-marca-presenca-nos-40-anos-do-jem-com-350-alunos-e-conquistas-em-diversas-modalidades\/\" aria-label=\"Read more about Sepam marca presen\u00e7a nos 40 anos do JEM com 350 alunos e conquistas em diversas modalidades\" tabindex=\"-1\" >\n\t\t\tLeia Mais \u00bb\t\t<\/a>\n\n\t\t\t\t\t<\/div>\n\t\t\t\t<\/div>\n\t\t\t\t<div class=\"elementor-post__meta-data\">\n\t\t\t\t\t<span class=\"elementor-post-author\">\n\t\t\tAlison Andrei\t\t<\/span>\n\t\t\t\t<span class=\"elementor-post-date\">\n\t\t\t25\/05\/2026\t\t<\/span>\n\t\t\t\t<\/div>\n\t\t\t\t\t<\/div>\n\t\t<\/article>\n\t\t\t\t<article class=\"elementor-post elementor-grid-item post-8371 post type-post status-publish format-standard has-post-thumbnail hentry category-colegio-sepam tag-basquete tag-clube-thalia tag-colegio-sepam tag-competicao tag-emilly-vitoria-messias tag-esportes tag-taca-parana-de-basquete tag-vitoria-beatriz-burgardt\" role=\"listitem\">\n\t\t\t<div class=\"elementor-post__card\">\n\t\t\t\t<a class=\"elementor-post__thumbnail__link\" href=\"https:\/\/sepam.com.br\/pt\/alunas-do-sepam-conquistam-bronze-na-taca-parana-de-basquete\/\" tabindex=\"-1\" ><div class=\"elementor-post__thumbnail\"><img loading=\"lazy\" decoding=\"async\" width=\"300\" height=\"241\" src=\"https:\/\/sepam.com.br\/wp-content\/uploads\/2026\/05\/WhatsApp-Image-2026-03-30-at-14.29.37-300x241.jpeg\" class=\"attachment-medium size-medium wp-image-8372\" alt=\"\" srcset=\"https:\/\/sepam.com.br\/wp-content\/uploads\/2026\/05\/WhatsApp-Image-2026-03-30-at-14.29.37-300x241.jpeg 300w, https:\/\/sepam.com.br\/wp-content\/uploads\/2026\/05\/WhatsApp-Image-2026-03-30-at-14.29.37-1024x822.jpeg 1024w, https:\/\/sepam.com.br\/wp-content\/uploads\/2026\/05\/WhatsApp-Image-2026-03-30-at-14.29.37-768x616.jpeg 768w, https:\/\/sepam.com.br\/wp-content\/uploads\/2026\/05\/WhatsApp-Image-2026-03-30-at-14.29.37.jpeg 1337w\" sizes=\"(max-width: 300px) 100vw, 300px\" \/><\/div><\/a>\n\t\t\t\t<div class=\"elementor-post__text\">\n\t\t\t\t<h3 class=\"elementor-post__title\">\n\t\t\t<a href=\"https:\/\/sepam.com.br\/pt\/alunas-do-sepam-conquistam-bronze-na-taca-parana-de-basquete\/\" >\n\t\t\t\tAlunas do Sepam conquistam bronze na Ta\u00e7a Paran\u00e1 de Basquete\t\t\t<\/a>\n\t\t<\/h3>\n\t\t\t\t\t<div class=\"elementor-post__read-more-wrapper\">\n\t\t\n\t\t<a class=\"elementor-post__read-more\" href=\"https:\/\/sepam.com.br\/pt\/alunas-do-sepam-conquistam-bronze-na-taca-parana-de-basquete\/\" aria-label=\"Read more about Alunas do Sepam conquistam bronze na Ta\u00e7a Paran\u00e1 de Basquete\" tabindex=\"-1\" >\n\t\t\tLeia Mais \u00bb\t\t<\/a>\n\n\t\t\t\t\t<\/div>\n\t\t\t\t<\/div>\n\t\t\t\t<div class=\"elementor-post__meta-data\">\n\t\t\t\t\t<span class=\"elementor-post-author\">\n\t\t\tSepam\t\t<\/span>\n\t\t\t\t<span class=\"elementor-post-date\">\n\t\t\t07\/05\/2026\t\t<\/span>\n\t\t\t\t<\/div>\n\t\t\t\t\t<\/div>\n\t\t<\/article>\n\t\t\t\t<article class=\"elementor-post elementor-grid-item post-8071 post type-post status-publish format-standard has-post-thumbnail hentry category-colegio-sepam tag-ano-letivo tag-cantata-de-natal tag-colegio-sepam tag-comunidade-escolar tag-evento-escolar tag-natal-2025\" role=\"listitem\">\n\t\t\t<div class=\"elementor-post__card\">\n\t\t\t\t<a class=\"elementor-post__thumbnail__link\" href=\"https:\/\/sepam.com.br\/pt\/cantata-de-natal-2025-emociona-familias-e-celebra-o-encerramento-do-ano-letivo-no-sepam\/\" tabindex=\"-1\" ><div class=\"elementor-post__thumbnail\"><img loading=\"lazy\" decoding=\"async\" width=\"300\" height=\"200\" src=\"https:\/\/sepam.com.br\/wp-content\/uploads\/2025\/12\/@andreoito-579-300x200.jpg\" class=\"attachment-medium size-medium wp-image-8072\" alt=\"\" srcset=\"https:\/\/sepam.com.br\/wp-content\/uploads\/2025\/12\/@andreoito-579-300x200.jpg 300w, https:\/\/sepam.com.br\/wp-content\/uploads\/2025\/12\/@andreoito-579-768x512.jpg 768w, https:\/\/sepam.com.br\/wp-content\/uploads\/2025\/12\/@andreoito-579.jpg 800w\" sizes=\"(max-width: 300px) 100vw, 300px\" \/><\/div><\/a>\n\t\t\t\t<div class=\"elementor-post__text\">\n\t\t\t\t<h3 class=\"elementor-post__title\">\n\t\t\t<a href=\"https:\/\/sepam.com.br\/pt\/cantata-de-natal-2025-emociona-familias-e-celebra-o-encerramento-do-ano-letivo-no-sepam\/\" >\n\t\t\t\tCantata de Natal 2025 emociona fam\u00edlias e celebra o encerramento do ano letivo no Sepam\t\t\t<\/a>\n\t\t<\/h3>\n\t\t\t\t\t<div class=\"elementor-post__read-more-wrapper\">\n\t\t\n\t\t<a class=\"elementor-post__read-more\" href=\"https:\/\/sepam.com.br\/pt\/cantata-de-natal-2025-emociona-familias-e-celebra-o-encerramento-do-ano-letivo-no-sepam\/\" aria-label=\"Read more about Cantata de Natal 2025 emociona fam\u00edlias e celebra o encerramento do ano letivo no Sepam\" tabindex=\"-1\" >\n\t\t\tLeia Mais \u00bb\t\t<\/a>\n\n\t\t\t\t\t<\/div>\n\t\t\t\t<\/div>\n\t\t\t\t<div class=\"elementor-post__meta-data\">\n\t\t\t\t\t<span class=\"elementor-post-author\">\n\t\t\tSepam\t\t<\/span>\n\t\t\t\t<span class=\"elementor-post-date\">\n\t\t\t12\/12\/2025\t\t<\/span>\n\t\t\t\t<\/div>\n\t\t\t\t\t<\/div>\n\t\t<\/article>\n\t\t\t\t<article class=\"elementor-post elementor-grid-item post-8033 post type-post status-publish format-standard has-post-thumbnail hentry category-colegio-sepam tag-campeonato-brasileiro-de-natacao tag-colegio-sepam tag-esportes tag-felipe-chi-kravchychyn tag-fluminense tag-medalha-de-prata tag-natacao\" role=\"listitem\">\n\t\t\t<div class=\"elementor-post__card\">\n\t\t\t\t<a class=\"elementor-post__thumbnail__link\" href=\"https:\/\/sepam.com.br\/pt\/felipe-chi-kravchychyn-conquista-medalha-de-prata-no-campeonato-brasileiro-de-natacao-juvenil\/\" tabindex=\"-1\" ><div class=\"elementor-post__thumbnail\"><img loading=\"lazy\" decoding=\"async\" width=\"300\" height=\"169\" src=\"https:\/\/sepam.com.br\/wp-content\/uploads\/2025\/11\/WhatsApp-Image-2025-11-24-at-10.38.41-300x169.jpeg\" class=\"attachment-medium size-medium wp-image-8034\" alt=\"\" srcset=\"https:\/\/sepam.com.br\/wp-content\/uploads\/2025\/11\/WhatsApp-Image-2025-11-24-at-10.38.41-300x169.jpeg 300w, https:\/\/sepam.com.br\/wp-content\/uploads\/2025\/11\/WhatsApp-Image-2025-11-24-at-10.38.41-1024x576.jpeg 1024w, https:\/\/sepam.com.br\/wp-content\/uploads\/2025\/11\/WhatsApp-Image-2025-11-24-at-10.38.41-768x432.jpeg 768w, https:\/\/sepam.com.br\/wp-content\/uploads\/2025\/11\/WhatsApp-Image-2025-11-24-at-10.38.41-1536x864.jpeg 1536w, https:\/\/sepam.com.br\/wp-content\/uploads\/2025\/11\/WhatsApp-Image-2025-11-24-at-10.38.41.jpeg 1599w\" sizes=\"(max-width: 300px) 100vw, 300px\" \/><\/div><\/a>\n\t\t\t\t<div class=\"elementor-post__text\">\n\t\t\t\t<h3 class=\"elementor-post__title\">\n\t\t\t<a href=\"https:\/\/sepam.com.br\/pt\/felipe-chi-kravchychyn-conquista-medalha-de-prata-no-campeonato-brasileiro-de-natacao-juvenil\/\" >\n\t\t\t\tFelipe Chi Kravchychyn conquista medalha de prata no Campeonato Brasileiro de Nata\u00e7\u00e3o Juvenil\t\t\t<\/a>\n\t\t<\/h3>\n\t\t\t\t\t<div class=\"elementor-post__read-more-wrapper\">\n\t\t\n\t\t<a class=\"elementor-post__read-more\" href=\"https:\/\/sepam.com.br\/pt\/felipe-chi-kravchychyn-conquista-medalha-de-prata-no-campeonato-brasileiro-de-natacao-juvenil\/\" aria-label=\"Read more about Felipe Chi Kravchychyn conquista medalha de prata no Campeonato Brasileiro de Nata\u00e7\u00e3o Juvenil\" tabindex=\"-1\" >\n\t\t\tLeia Mais \u00bb\t\t<\/a>\n\n\t\t\t\t\t<\/div>\n\t\t\t\t<\/div>\n\t\t\t\t<div class=\"elementor-post__meta-data\">\n\t\t\t\t\t<span class=\"elementor-post-author\">\n\t\t\tAlison Andrei\t\t<\/span>\n\t\t\t\t<span class=\"elementor-post-date\">\n\t\t\t24\/11\/2025\t\t<\/span>\n\t\t\t\t<\/div>\n\t\t\t\t\t<\/div>\n\t\t<\/article>\n\t\t\t\t<article class=\"elementor-post elementor-grid-item post-8030 post type-post status-publish format-standard has-post-thumbnail hentry category-colegio-sepam tag-caio-bentivenha-assis tag-circuito-municipal-de-xadrez tag-colegio-sepam tag-esportes tag-laura-manarim-berteli tag-ponta-grossa tag-xadrez\" role=\"listitem\">\n\t\t\t<div class=\"elementor-post__card\">\n\t\t\t\t<a class=\"elementor-post__thumbnail__link\" href=\"https:\/\/sepam.com.br\/pt\/alunos-do-sepam-conquistam-o-top-1-no-circuito-municipal-de-xadrez-de-ponta-grossa\/\" tabindex=\"-1\" ><div class=\"elementor-post__thumbnail\"><img loading=\"lazy\" decoding=\"async\" width=\"225\" height=\"300\" src=\"https:\/\/sepam.com.br\/wp-content\/uploads\/2025\/11\/WhatsApp-Image-2025-11-24-at-10.38.40-225x300.jpeg\" class=\"attachment-medium size-medium wp-image-8031\" alt=\"\" srcset=\"https:\/\/sepam.com.br\/wp-content\/uploads\/2025\/11\/WhatsApp-Image-2025-11-24-at-10.38.40-225x300.jpeg 225w, https:\/\/sepam.com.br\/wp-content\/uploads\/2025\/11\/WhatsApp-Image-2025-11-24-at-10.38.40-768x1024.jpeg 768w, https:\/\/sepam.com.br\/wp-content\/uploads\/2025\/11\/WhatsApp-Image-2025-11-24-at-10.38.40-1152x1536.jpeg 1152w, https:\/\/sepam.com.br\/wp-content\/uploads\/2025\/11\/WhatsApp-Image-2025-11-24-at-10.38.40.jpeg 1200w\" sizes=\"(max-width: 225px) 100vw, 225px\" \/><\/div><\/a>\n\t\t\t\t<div class=\"elementor-post__text\">\n\t\t\t\t<h3 class=\"elementor-post__title\">\n\t\t\t<a href=\"https:\/\/sepam.com.br\/pt\/alunos-do-sepam-conquistam-o-top-1-no-circuito-municipal-de-xadrez-de-ponta-grossa\/\" >\n\t\t\t\tAlunos do Sepam conquistam o Top 1 no circuito municipal de xadrez de Ponta Grossa\t\t\t<\/a>\n\t\t<\/h3>\n\t\t\t\t\t<div class=\"elementor-post__read-more-wrapper\">\n\t\t\n\t\t<a class=\"elementor-post__read-more\" href=\"https:\/\/sepam.com.br\/pt\/alunos-do-sepam-conquistam-o-top-1-no-circuito-municipal-de-xadrez-de-ponta-grossa\/\" aria-label=\"Read more about Alunos do Sepam conquistam o Top 1 no circuito municipal de xadrez de Ponta Grossa\" tabindex=\"-1\" >\n\t\t\tLeia Mais \u00bb\t\t<\/a>\n\n\t\t\t\t\t<\/div>\n\t\t\t\t<\/div>\n\t\t\t\t<div class=\"elementor-post__meta-data\">\n\t\t\t\t\t<span class=\"elementor-post-author\">\n\t\t\tAlison Andrei\t\t<\/span>\n\t\t\t\t<span class=\"elementor-post-date\">\n\t\t\t24\/11\/2025\t\t<\/span>\n\t\t\t\t<\/div>\n\t\t\t\t\t<\/div>\n\t\t<\/article>\n\t\t\t\t<article class=\"elementor-post elementor-grid-item post-8027 post type-post status-publish format-standard has-post-thumbnail hentry category-colegio-sepam tag-basquete-feminino tag-campeonato-estudantil-municipal tag-cem tag-colegio-sepam tag-ensino-fundamental-2 tag-jem tag-jogos-escolares-do-parana tag-professor-daniel tag-vice-campeonato\" role=\"listitem\">\n\t\t\t<div class=\"elementor-post__card\">\n\t\t\t\t<a class=\"elementor-post__thumbnail__link\" href=\"https:\/\/sepam.com.br\/pt\/basquete-feminino-do-sepam-conquista-medalha-de-prata-no-cem-e-encerra-temporada-com-evolucao\/\" tabindex=\"-1\" ><div class=\"elementor-post__thumbnail\"><img loading=\"lazy\" decoding=\"async\" width=\"263\" height=\"300\" src=\"https:\/\/sepam.com.br\/wp-content\/uploads\/2025\/11\/WhatsApp-Image-2025-11-13-at-10.04.57-263x300.jpeg\" class=\"attachment-medium size-medium wp-image-8028\" alt=\"\" srcset=\"https:\/\/sepam.com.br\/wp-content\/uploads\/2025\/11\/WhatsApp-Image-2025-11-13-at-10.04.57-263x300.jpeg 263w, https:\/\/sepam.com.br\/wp-content\/uploads\/2025\/11\/WhatsApp-Image-2025-11-13-at-10.04.57-897x1024.jpeg 897w, https:\/\/sepam.com.br\/wp-content\/uploads\/2025\/11\/WhatsApp-Image-2025-11-13-at-10.04.57-768x877.jpeg 768w, https:\/\/sepam.com.br\/wp-content\/uploads\/2025\/11\/WhatsApp-Image-2025-11-13-at-10.04.57.jpeg 1051w\" sizes=\"(max-width: 263px) 100vw, 263px\" \/><\/div><\/a>\n\t\t\t\t<div class=\"elementor-post__text\">\n\t\t\t\t<h3 class=\"elementor-post__title\">\n\t\t\t<a href=\"https:\/\/sepam.com.br\/pt\/basquete-feminino-do-sepam-conquista-medalha-de-prata-no-cem-e-encerra-temporada-com-evolucao\/\" >\n\t\t\t\tBasquete feminino do Sepam conquista medalha de prata no CEM e encerra temporada com evolu\u00e7\u00e3o\t\t\t<\/a>\n\t\t<\/h3>\n\t\t\t\t\t<div class=\"elementor-post__read-more-wrapper\">\n\t\t\n\t\t<a class=\"elementor-post__read-more\" href=\"https:\/\/sepam.com.br\/pt\/basquete-feminino-do-sepam-conquista-medalha-de-prata-no-cem-e-encerra-temporada-com-evolucao\/\" aria-label=\"Read more about Basquete feminino do Sepam conquista medalha de prata no CEM e encerra temporada com evolu\u00e7\u00e3o\" tabindex=\"-1\" >\n\t\t\tLeia Mais \u00bb\t\t<\/a>\n\n\t\t\t\t\t<\/div>\n\t\t\t\t<\/div>\n\t\t\t\t<div class=\"elementor-post__meta-data\">\n\t\t\t\t\t<span class=\"elementor-post-author\">\n\t\t\tAlison Andrei\t\t<\/span>\n\t\t\t\t<span class=\"elementor-post-date\">\n\t\t\t24\/11\/2025\t\t<\/span>\n\t\t\t\t<\/div>\n\t\t\t\t\t<\/div>\n\t\t<\/article>\n\t\t\t\t<article class=\"elementor-post elementor-grid-item post-8024 post type-post status-publish format-standard has-post-thumbnail hentry category-colegio-sepam tag-campeonato-estudantil-municipal tag-cem tag-colegio-sepam tag-ensino-medio tag-esportes tag-professor-daniel tag-vice-campeonato\" role=\"listitem\">\n\t\t\t<div class=\"elementor-post__card\">\n\t\t\t\t<a class=\"elementor-post__thumbnail__link\" href=\"https:\/\/sepam.com.br\/pt\/colegio-sepam-e-vice-campeao-da-categoria-a-no-campeonato-estudantil-municipal\/\" tabindex=\"-1\" ><div class=\"elementor-post__thumbnail\"><img loading=\"lazy\" decoding=\"async\" width=\"300\" height=\"289\" src=\"https:\/\/sepam.com.br\/wp-content\/uploads\/2025\/11\/WhatsApp-Image-2025-11-13-at-10.04.56-300x289.jpeg\" class=\"attachment-medium size-medium wp-image-8025\" alt=\"\" srcset=\"https:\/\/sepam.com.br\/wp-content\/uploads\/2025\/11\/WhatsApp-Image-2025-11-13-at-10.04.56-300x289.jpeg 300w, https:\/\/sepam.com.br\/wp-content\/uploads\/2025\/11\/WhatsApp-Image-2025-11-13-at-10.04.56.jpeg 761w\" sizes=\"(max-width: 300px) 100vw, 300px\" \/><\/div><\/a>\n\t\t\t\t<div class=\"elementor-post__text\">\n\t\t\t\t<h3 class=\"elementor-post__title\">\n\t\t\t<a href=\"https:\/\/sepam.com.br\/pt\/colegio-sepam-e-vice-campeao-da-categoria-a-no-campeonato-estudantil-municipal\/\" >\n\t\t\t\tCol\u00e9gio Sepam \u00e9 vice-campe\u00e3o da categoria A no Campeonato Estudantil Municipal\t\t\t<\/a>\n\t\t<\/h3>\n\t\t\t\t\t<div class=\"elementor-post__read-more-wrapper\">\n\t\t\n\t\t<a class=\"elementor-post__read-more\" href=\"https:\/\/sepam.com.br\/pt\/colegio-sepam-e-vice-campeao-da-categoria-a-no-campeonato-estudantil-municipal\/\" aria-label=\"Read more about Col\u00e9gio Sepam \u00e9 vice-campe\u00e3o da categoria A no Campeonato Estudantil Municipal\" tabindex=\"-1\" >\n\t\t\tLeia Mais \u00bb\t\t<\/a>\n\n\t\t\t\t\t<\/div>\n\t\t\t\t<\/div>\n\t\t\t\t<div class=\"elementor-post__meta-data\">\n\t\t\t\t\t<span class=\"elementor-post-author\">\n\t\t\tAlison Andrei\t\t<\/span>\n\t\t\t\t<span class=\"elementor-post-date\">\n\t\t\t24\/11\/2025\t\t<\/span>\n\t\t\t\t<\/div>\n\t\t\t\t\t<\/div>\n\t\t<\/article>\n\t\t\t\t<article class=\"elementor-post elementor-grid-item post-8021 post type-post status-publish format-standard has-post-thumbnail hentry category-colegio-sepam tag-campeonato-paranaense-feminino tag-colegio-sepam tag-esportes tag-luana-finger tag-quinteto-ideal tag-sub-12\" role=\"listitem\">\n\t\t\t<div class=\"elementor-post__card\">\n\t\t\t\t<a class=\"elementor-post__thumbnail__link\" href=\"https:\/\/sepam.com.br\/pt\/luana-finger-integra-o-quinteto-ideal-do-campeonato-paranaense-feminino-sub-12\/\" tabindex=\"-1\" ><div class=\"elementor-post__thumbnail\"><img loading=\"lazy\" decoding=\"async\" width=\"129\" height=\"300\" src=\"https:\/\/sepam.com.br\/wp-content\/uploads\/2025\/11\/WhatsApp-Image-2025-11-13-at-10.04.53-129x300.jpeg\" class=\"attachment-medium size-medium wp-image-8022\" alt=\"\" srcset=\"https:\/\/sepam.com.br\/wp-content\/uploads\/2025\/11\/WhatsApp-Image-2025-11-13-at-10.04.53-129x300.jpeg 129w, https:\/\/sepam.com.br\/wp-content\/uploads\/2025\/11\/WhatsApp-Image-2025-11-13-at-10.04.53.jpeg 234w\" sizes=\"(max-width: 129px) 100vw, 129px\" \/><\/div><\/a>\n\t\t\t\t<div class=\"elementor-post__text\">\n\t\t\t\t<h3 class=\"elementor-post__title\">\n\t\t\t<a href=\"https:\/\/sepam.com.br\/pt\/luana-finger-integra-o-quinteto-ideal-do-campeonato-paranaense-feminino-sub-12\/\" >\n\t\t\t\tLuana Finger integra o quinteto ideal do Campeonato Paranaense Feminino Sub-12\t\t\t<\/a>\n\t\t<\/h3>\n\t\t\t\t\t<div class=\"elementor-post__read-more-wrapper\">\n\t\t\n\t\t<a class=\"elementor-post__read-more\" href=\"https:\/\/sepam.com.br\/pt\/luana-finger-integra-o-quinteto-ideal-do-campeonato-paranaense-feminino-sub-12\/\" aria-label=\"Read more about Luana Finger integra o quinteto ideal do Campeonato Paranaense Feminino Sub-12\" tabindex=\"-1\" >\n\t\t\tLeia Mais \u00bb\t\t<\/a>\n\n\t\t\t\t\t<\/div>\n\t\t\t\t<\/div>\n\t\t\t\t<div class=\"elementor-post__meta-data\">\n\t\t\t\t\t<span class=\"elementor-post-author\">\n\t\t\tAlison Andrei\t\t<\/span>\n\t\t\t\t<span class=\"elementor-post-date\">\n\t\t\t24\/11\/2025\t\t<\/span>\n\t\t\t\t<\/div>\n\t\t\t\t\t<\/div>\n\t\t<\/article>\n\t\t\t\t<article class=\"elementor-post elementor-grid-item post-8018 post type-post status-publish format-standard has-post-thumbnail hentry category-colegio-sepam tag-campeonato-brasileiro-de-selecoes tag-colegio-sepam tag-educacao tag-esportes tag-fernanda-ortiz tag-selecao-paranaense\" role=\"listitem\">\n\t\t\t<div class=\"elementor-post__card\">\n\t\t\t\t<a class=\"elementor-post__thumbnail__link\" href=\"https:\/\/sepam.com.br\/pt\/aluna-e-convocada-para-defender-a-selecao-paranaense-no-campeonato-brasileiro-de-selecoes\/\" tabindex=\"-1\" ><div class=\"elementor-post__thumbnail\"><img loading=\"lazy\" decoding=\"async\" width=\"238\" height=\"300\" src=\"https:\/\/sepam.com.br\/wp-content\/uploads\/2025\/11\/WhatsApp-Image-2025-11-13-at-10.04.52-238x300.jpeg\" class=\"attachment-medium size-medium wp-image-8019\" alt=\"\" srcset=\"https:\/\/sepam.com.br\/wp-content\/uploads\/2025\/11\/WhatsApp-Image-2025-11-13-at-10.04.52-238x300.jpeg 238w, https:\/\/sepam.com.br\/wp-content\/uploads\/2025\/11\/WhatsApp-Image-2025-11-13-at-10.04.52.jpeg 316w\" sizes=\"(max-width: 238px) 100vw, 238px\" \/><\/div><\/a>\n\t\t\t\t<div class=\"elementor-post__text\">\n\t\t\t\t<h3 class=\"elementor-post__title\">\n\t\t\t<a href=\"https:\/\/sepam.com.br\/pt\/aluna-e-convocada-para-defender-a-selecao-paranaense-no-campeonato-brasileiro-de-selecoes\/\" >\n\t\t\t\tAluna \u00e9 convocada para defender a sele\u00e7\u00e3o paranaense no Campeonato Brasileiro de Sele\u00e7\u00f5es\t\t\t<\/a>\n\t\t<\/h3>\n\t\t\t\t\t<div class=\"elementor-post__read-more-wrapper\">\n\t\t\n\t\t<a class=\"elementor-post__read-more\" href=\"https:\/\/sepam.com.br\/pt\/aluna-e-convocada-para-defender-a-selecao-paranaense-no-campeonato-brasileiro-de-selecoes\/\" aria-label=\"Read more about Aluna \u00e9 convocada para defender a sele\u00e7\u00e3o paranaense no Campeonato Brasileiro de Sele\u00e7\u00f5es\" tabindex=\"-1\" >\n\t\t\tLeia Mais \u00bb\t\t<\/a>\n\n\t\t\t\t\t<\/div>\n\t\t\t\t<\/div>\n\t\t\t\t<div class=\"elementor-post__meta-data\">\n\t\t\t\t\t<span class=\"elementor-post-author\">\n\t\t\tAlison Andrei\t\t<\/span>\n\t\t\t\t<span class=\"elementor-post-date\">\n\t\t\t24\/11\/2025\t\t<\/span>\n\t\t\t\t<\/div>\n\t\t\t\t\t<\/div>\n\t\t<\/article>\n\t\t\t\t<\/div>\n\t\t\t\t\t<span class=\"e-load-more-spinner\">\n\t\t\t\t<svg aria-hidden=\"true\" class=\"e-font-icon-svg e-fas-spinner\" viewBox=\"0 0 512 512\" xmlns=\"http:\/\/www.w3.org\/2000\/svg\"><path d=\"M304 48c0 26.51-21.49 48-48 48s-48-21.49-48-48 21.49-48 48-48 48 21.49 48 48zm-48 368c-26.51 0-48 21.49-48 48s21.49 48 48 48 48-21.49 48-48-21.49-48-48-48zm208-208c-26.51 0-48 21.49-48 48s21.49 48 48 48 48-21.49 48-48-21.49-48-48-48zM96 256c0-26.51-21.49-48-48-48S0 229.49 0 256s21.49 48 48 48 48-21.49 48-48zm12.922 99.078c-26.51 0-48 21.49-48 48s21.49 48 48 48 48-21.49 48-48c0-26.509-21.491-48-48-48zm294.156 0c-26.51 0-48 21.49-48 48s21.49 48 48 48 48-21.49 48-48c0-26.509-21.49-48-48-48zM108.922 60.922c-26.51 0-48 21.49-48 48s21.49 48 48 48 48-21.49 48-48-21.491-48-48-48z\"><\/path><\/svg>\t\t\t<\/span>\n\t\t\n\t\t\t\t<div class=\"e-load-more-anchor\" data-page=\"1\" data-max-page=\"30\" data-next-page=\"https:\/\/sepam.com.br\/pt\/wp-json\/wp\/v2\/pages\/6240\/page\/2\/\"><\/div>\n\t\t\t\t<div class=\"elementor-button-wrapper\">\n\t\t\t<a href=\"#\" class=\"elementor-button-link elementor-button\" role=\"button\">\n\t\t\t\t\t\t<span class=\"elementor-button-content-wrapper\">\n\t\t\t\t\t\t\t\t\t<span class=\"elementor-button-text\">Mais conteudo<\/span>\n\t\t\t\t\t<\/span>\n\t\t\t\t\t<\/a>\n\t\t<\/div>\n\t\t\t\t<div class=\"e-load-more-message\"><\/div>\n\t\t\t\t\t\t<\/div>\n\t\t\t\t<\/div>\n\t\t\t\t<\/div>\n\t\t\t\t\t<\/div>\n\t\t\t\t<\/div>\n\t\t\t\t<\/div>\n\t\t","protected":false},"excerpt":{"rendered":"<p>Not\u00edcias Fique por dentro do SEPAM<\/p>\n","protected":false},"author":12,"featured_media":0,"parent":0,"menu_order":0,"comment_status":"closed","ping_status":"closed","template":"","meta":{"footnotes":""},"class_list":["post-6240","page","type-page","status-publish","hentry"],"yoast_head":"<!-- This site is optimized with the Yoast SEO plugin v28.4 - https:\/\/yoast.com\/product\/yoast-seo-wordpress\/ -->\n<title>Noticias - Col\u00e9gio Sepam<\/title>\n<meta name=\"robots\" content=\"index, follow, max-snippet:-1, max-image-preview:large, max-video-preview:-1\" \/>\n<link rel=\"canonical\" href=\"https:\/\/sepam.com.br\/pt\/noticias\/\" \/>\n<meta property=\"og:locale\" content=\"pt_BR\" \/>\n<meta property=\"og:type\" content=\"article\" \/>\n<meta property=\"og:title\" content=\"Noticias - Col\u00e9gio Sepam\" \/>\n<meta property=\"og:description\" content=\"Not\u00edcias Fique por dentro do SEPAM\" \/>\n<meta property=\"og:url\" content=\"https:\/\/sepam.com.br\/pt\/noticias\/\" \/>\n<meta property=\"og:site_name\" content=\"Col\u00e9gio Sepam\" \/>\n<meta property=\"article:modified_time\" content=\"2025-07-15T18:09:00+00:00\" \/>\n<meta name=\"twitter:card\" content=\"summary_large_image\" \/>\n<meta name=\"twitter:label1\" content=\"Est. tempo de leitura\" \/>\n\t<meta name=\"twitter:data1\" content=\"2 minutos\" \/>\n<script type=\"application\/ld+json\" class=\"yoast-schema-graph\">{\"@context\":\"https:\\\/\\\/schema.org\",\"@graph\":[{\"@type\":\"WebPage\",\"@id\":\"https:\\\/\\\/sepam.com.br\\\/pt\\\/noticias\\\/\",\"url\":\"https:\\\/\\\/sepam.com.br\\\/pt\\\/noticias\\\/\",\"name\":\"Noticias - Col\u00e9gio Sepam\",\"isPartOf\":{\"@id\":\"https:\\\/\\\/sepam.com.br\\\/#website\"},\"datePublished\":\"2025-07-15T18:08:10+00:00\",\"dateModified\":\"2025-07-15T18:09:00+00:00\",\"breadcrumb\":{\"@id\":\"https:\\\/\\\/sepam.com.br\\\/pt\\\/noticias\\\/#breadcrumb\"},\"inLanguage\":\"pt-BR\",\"potentialAction\":[{\"@type\":\"ReadAction\",\"target\":[\"https:\\\/\\\/sepam.com.br\\\/pt\\\/noticias\\\/\"]}]},{\"@type\":\"BreadcrumbList\",\"@id\":\"https:\\\/\\\/sepam.com.br\\\/pt\\\/noticias\\\/#breadcrumb\",\"itemListElement\":[{\"@type\":\"ListItem\",\"position\":1,\"name\":\"In\u00edcio\",\"item\":\"https:\\\/\\\/sepam.com.br\\\/\"},{\"@type\":\"ListItem\",\"position\":2,\"name\":\"Noticias\"}]},{\"@type\":\"WebSite\",\"@id\":\"https:\\\/\\\/sepam.com.br\\\/#website\",\"url\":\"https:\\\/\\\/sepam.com.br\\\/\",\"name\":\"Col\u00e9gio Sepam\",\"description\":\"Ensino Incompar\u00e1vel\",\"publisher\":{\"@id\":\"https:\\\/\\\/sepam.com.br\\\/#organization\"},\"potentialAction\":[{\"@type\":\"SearchAction\",\"target\":{\"@type\":\"EntryPoint\",\"urlTemplate\":\"https:\\\/\\\/sepam.com.br\\\/?s={search_term_string}\"},\"query-input\":{\"@type\":\"PropertyValueSpecification\",\"valueRequired\":true,\"valueName\":\"search_term_string\"}}],\"inLanguage\":\"pt-BR\"},{\"@type\":\"Organization\",\"@id\":\"https:\\\/\\\/sepam.com.br\\\/#organization\",\"name\":\"Col\u00e9gio Sepam\",\"url\":\"https:\\\/\\\/sepam.com.br\\\/\",\"logo\":{\"@type\":\"ImageObject\",\"inLanguage\":\"pt-BR\",\"@id\":\"https:\\\/\\\/sepam.com.br\\\/#\\\/schema\\\/logo\\\/image\\\/\",\"url\":\"https:\\\/\\\/sepam.com.br\\\/wp-content\\\/uploads\\\/2025\\\/02\\\/Ativo-2.png\",\"contentUrl\":\"https:\\\/\\\/sepam.com.br\\\/wp-content\\\/uploads\\\/2025\\\/02\\\/Ativo-2.png\",\"width\":595,\"height\":525,\"caption\":\"Col\u00e9gio Sepam\"},\"image\":{\"@id\":\"https:\\\/\\\/sepam.com.br\\\/#\\\/schema\\\/logo\\\/image\\\/\"}}]}<\/script>\n<!-- \/ Yoast SEO plugin. -->","yoast_head_json":{"title":"Noticias - Col\u00e9gio Sepam","robots":{"index":"index","follow":"follow","max-snippet":"max-snippet:-1","max-image-preview":"max-image-preview:large","max-video-preview":"max-video-preview:-1"},"canonical":"https:\/\/sepam.com.br\/pt\/noticias\/","og_locale":"pt_BR","og_type":"article","og_title":"Noticias - Col\u00e9gio Sepam","og_description":"Not\u00edcias Fique por dentro do SEPAM","og_url":"https:\/\/sepam.com.br\/pt\/noticias\/","og_site_name":"Col\u00e9gio Sepam","article_modified_time":"2025-07-15T18:09:00+00:00","twitter_card":"summary_large_image","twitter_misc":{"Est. tempo de leitura":"2 minutos"},"schema":{"@context":"https:\/\/schema.org","@graph":[{"@type":"WebPage","@id":"https:\/\/sepam.com.br\/pt\/noticias\/","url":"https:\/\/sepam.com.br\/pt\/noticias\/","name":"Noticias - Col\u00e9gio Sepam","isPartOf":{"@id":"https:\/\/sepam.com.br\/#website"},"datePublished":"2025-07-15T18:08:10+00:00","dateModified":"2025-07-15T18:09:00+00:00","breadcrumb":{"@id":"https:\/\/sepam.com.br\/pt\/noticias\/#breadcrumb"},"inLanguage":"pt-BR","potentialAction":[{"@type":"ReadAction","target":["https:\/\/sepam.com.br\/pt\/noticias\/"]}]},{"@type":"BreadcrumbList","@id":"https:\/\/sepam.com.br\/pt\/noticias\/#breadcrumb","itemListElement":[{"@type":"ListItem","position":1,"name":"In\u00edcio","item":"https:\/\/sepam.com.br\/"},{"@type":"ListItem","position":2,"name":"Noticias"}]},{"@type":"WebSite","@id":"https:\/\/sepam.com.br\/#website","url":"https:\/\/sepam.com.br\/","name":"Col\u00e9gio Sepam","description":"Ensino Incompar\u00e1vel","publisher":{"@id":"https:\/\/sepam.com.br\/#organization"},"potentialAction":[{"@type":"SearchAction","target":{"@type":"EntryPoint","urlTemplate":"https:\/\/sepam.com.br\/?s={search_term_string}"},"query-input":{"@type":"PropertyValueSpecification","valueRequired":true,"valueName":"search_term_string"}}],"inLanguage":"pt-BR"},{"@type":"Organization","@id":"https:\/\/sepam.com.br\/#organization","name":"Col\u00e9gio Sepam","url":"https:\/\/sepam.com.br\/","logo":{"@type":"ImageObject","inLanguage":"pt-BR","@id":"https:\/\/sepam.com.br\/#\/schema\/logo\/image\/","url":"https:\/\/sepam.com.br\/wp-content\/uploads\/2025\/02\/Ativo-2.png","contentUrl":"https:\/\/sepam.com.br\/wp-content\/uploads\/2025\/02\/Ativo-2.png","width":595,"height":525,"caption":"Col\u00e9gio Sepam"},"image":{"@id":"https:\/\/sepam.com.br\/#\/schema\/logo\/image\/"}}]}},"_links":{"self":[{"href":"https:\/\/sepam.com.br\/pt\/wp-json\/wp\/v2\/pages\/6240","targetHints":{"allow":["GET"]}}],"collection":[{"href":"https:\/\/sepam.com.br\/pt\/wp-json\/wp\/v2\/pages"}],"about":[{"href":"https:\/\/sepam.com.br\/pt\/wp-json\/wp\/v2\/types\/page"}],"author":[{"embeddable":true,"href":"https:\/\/sepam.com.br\/pt\/wp-json\/wp\/v2\/users\/12"}],"replies":[{"embeddable":true,"href":"https:\/\/sepam.com.br\/pt\/wp-json\/wp\/v2\/comments?post=6240"}],"version-history":[{"count":4,"href":"https:\/\/sepam.com.br\/pt\/wp-json\/wp\/v2\/pages\/6240\/revisions"}],"predecessor-version":[{"id":6244,"href":"https:\/\/sepam.com.br\/pt\/wp-json\/wp\/v2\/pages\/6240\/revisions\/6244"}],"wp:attachment":[{"href":"https:\/\/sepam.com.br\/pt\/wp-json\/wp\/v2\/media?parent=6240"}],"curies":[{"name":"wp","href":"https:\/\/api.w.org\/{rel}","templated":true}]}}