{"id":7609,"date":"2025-09-09T20:37:32","date_gmt":"2025-09-09T23:37:32","guid":{"rendered":"https:\/\/dev.alisonandrei.com.br\/artigos\/minha-cacula-vai-para-a-escola\/"},"modified":"2026-02-11T11:00:56","modified_gmt":"2026-02-11T14:00:56","slug":"minha-cacula-vai-para-a-escola","status":"publish","type":"artigos","link":"https:\/\/sepam.com.br\/pt\/artigos\/minha-cacula-vai-para-a-escola\/","title":{"rendered":"Minha ca\u00e7ula vai para a escola."},"content":{"rendered":"<p><em><strong>Por K\u00e1tia Gisele Costa<\/strong><\/em><\/p>\n<p>Ando procurando em meus pensamentos o que eu quero encontrar na escola para a minha filha ca\u00e7ula, ou melhor, o que eu quero que ela encontre na escola. Quando penso nisso, imediatamente me lembro do meu jardim de inf\u00e2ncia. Me lembro do cheiro do giz de cera, da cortina azul estampada de bichinho, do mingau servido na caneca. \u00c9 natural que o ser humano construa conceitos a partir das suas experi\u00eancias, mas ando procurando em meus pensamentos as raz\u00f5es pelas quais quero levar a minha filha de 2 anos para a escola e o que haver\u00e1 de m\u00e1gico neste lugar para que ela possa se encantar com ele.<\/p>\n<p>Da \u00faltima vez que fui para a It\u00e1lia eu estava na companhia de uma amiga, e entramos em uma livraria em R\u00e9ggio Em\u00edlia &#8211; cidade que abriga o formato de fazer Educa\u00e7\u00e3o Infantil considerado o melhor do mundo. J\u00e1 era fim de tarde, quase noite, e nosso \u00faltimo dia de viagem. Com p\u00e9 direito duplo e porta envidra\u00e7ada, a loja j\u00e1 estava com as luzes acesas, mas poucas luzes &#8211; aquela penumbra dourada que parece filme rom\u00e2ntico. N\u00f3s duas nos dispersamos e cada uma foi a procura dos livros que mais lhe interessavam. Nossos olhares se cruzavam de uma ponta a outra da sala apenas com sinais de sobrolho demonstrando nosso prazer e encantamento como quem dissesse: &#8220;Olha o que eu achei aqui!&#8221;. N\u00e3o bastando, subimos uma escada escura e estreita que dizia &#8220;Cl\u00e1ssicos&#8221;. Ali os livros n\u00e3o estavam apenas nas estantes, estavam sobre longas mesas, empilhados em pequenos bancos, formando um ambiente inebriante e, em pouco mais de meia hora, S\u00f4nia e eu j\u00e1 est\u00e1vamos com alguns livros nos bra\u00e7os trazendo cl\u00e1ssicos italianos dentro da nossa bagagem que, nesta altura, j\u00e1 n\u00e3o comportava mais nem uma agulha.<\/p>\n<p>\u00c9 impressionante como uma livraria \u00e9 capaz de engolir uma pessoa que aprecia leituras e livros, a gente n\u00e3o quer mais sair de dentro dela; pega um livro, segura&#8230; encontra outro mais interessante, empilha&#8230; de repente, acha um melhor que aqueles dois, troca tudo. \u00c0s vezes levamos embora todos que escolhemos e omem outras at\u00e9 sa\u00edmos da livraria sem comprar nada; parece que s\u00f3 de termos ficado aquele tempo com o livro no colo ele j\u00e1 nos pertenceu.<\/p>\n<p>Acho que \u00e9 esta a sensa\u00e7\u00e3o que eu quero despertar na minha ca\u00e7ula assim que ela colocar os pezinhos na escola. Quero contribuir para que a escola seja para ela um lugar de aconchego, de carinho. Um lugar onde outras crian\u00e7as tamb\u00e9m se identifiquem e que elas tenham prefer\u00eancias em comum. Quero tamb\u00e9m que a minha menina encontre amigos diferentes dela, assim como, \u00e0s vezes, encontramos um livro que nos desperta pouco interesse, e \u00e9 justamente esta a raz\u00e3o que nos faz folhe\u00e1-lo. Quero muito que a minha filha aprenda \u2013 n\u00e3o s\u00f3 comigo- a olhar o mundo por outra perspectiva para que ela n\u00e3o viva ensimesmada.<\/p>\n<p>Percebo o quanto as crian\u00e7as na fase da Educa\u00e7\u00e3o Infantil crescem no intervalo de um ano letivo, o quanto elas ganham asas e aprendem a exercer autonomia, o quanto elas adquirirem confian\u00e7a e aprendem no primeiro set\u00eanio no\u00e7\u00f5es de respeito, partilha, resili\u00eancia, polidez. Admiro os pais que chegam alegres para deixar os filhos na escola e percebo no olhar deles o quanto est\u00e3o seguros em deix\u00e1-los ali. Cada dia me conven\u00e7o mais que \u00e9 isso que eu quero para a mim e para a minha ca\u00e7ula. Quero uma conviv\u00eancia saud\u00e1vel, real e feliz! Quero que, vez ou outra, ela volte para casa com o joelho ralado, que traga areia do parquinho nos bolsos da cal\u00e7a, quero que chegue com a camiseta suja de tinta, quero que um dia ou outro se desentenda com algum amigo e que possa refletir sobre o que fez e o que disse, quero que ela crie la\u00e7os, que ela sente no banco de tr\u00e1s e durma enquanto conta suas estripulias.<\/p>\n<p>Na verdade, eu quero que a escola seja para a minha filha o que uma livraria \u00e9 para mim: um espa\u00e7o envolvente, atador. Que seja um lugar em que ela queira voltar todos os dias e que ao sair leve uma lembran\u00e7a (boa ou n\u00e3o) para come\u00e7ar a compor a sua grande e pesada bagagem de vida.<\/p>\n<blockquote>\n<p style=\"text-align: left;\"><strong><em>Katia Gisele Costa<\/em><\/strong><em>\u00a0\u00e9\u00a0Pedagoga pela Universidade Estadual de Ponta Grossa e Mestre em Educa\u00e7\u00e3o pela Universidade do Minho (Portugal). \u00c9\u00a0Coordenadora Pedag\u00f3gica \u2013 Educa\u00e7\u00e3o Infantil no Col\u00e9gio Pontagrossense SEPAM, de Ponta Grossa-PR.<\/em><\/p>\n<\/blockquote>\n","protected":false},"featured_media":0,"template":"","class_list":["post-7609","artigos","type-artigos","status-publish","hentry"],"yoast_head":"<!-- This site is optimized with the Yoast SEO plugin v28.4 - https:\/\/yoast.com\/product\/yoast-seo-wordpress\/ -->\n<title>Minha ca\u00e7ula vai para a escola. - Col\u00e9gio Sepam<\/title>\n<meta name=\"robots\" content=\"index, follow, max-snippet:-1, max-image-preview:large, max-video-preview:-1\" \/>\n<link rel=\"canonical\" href=\"https:\/\/sepam.com.br\/pt\/artigos\/minha-cacula-vai-para-a-escola\/\" \/>\n<meta property=\"og:locale\" content=\"pt_BR\" \/>\n<meta property=\"og:type\" content=\"article\" \/>\n<meta property=\"og:title\" content=\"Minha ca\u00e7ula vai para a escola. - Col\u00e9gio Sepam\" \/>\n<meta property=\"og:description\" content=\"Por K\u00e1tia Gisele Costa Ando procurando em meus pensamentos o que eu quero encontrar na escola para a minha filha ca\u00e7ula, ou melhor, o que eu quero que ela encontre na escola. Quando penso nisso, imediatamente me lembro do meu jardim de inf\u00e2ncia. Me lembro do cheiro do giz de cera, da cortina azul estampada [&hellip;]\" \/>\n<meta property=\"og:url\" content=\"https:\/\/sepam.com.br\/pt\/artigos\/minha-cacula-vai-para-a-escola\/\" \/>\n<meta property=\"og:site_name\" content=\"Col\u00e9gio Sepam\" \/>\n<meta property=\"article:modified_time\" content=\"2026-02-11T14:00:56+00:00\" \/>\n<meta name=\"twitter:card\" content=\"summary_large_image\" \/>\n<meta name=\"twitter:label1\" content=\"Est. tempo de leitura\" \/>\n\t<meta name=\"twitter:data1\" content=\"4 minutos\" \/>\n<script type=\"application\/ld+json\" class=\"yoast-schema-graph\">{\"@context\":\"https:\\\/\\\/schema.org\",\"@graph\":[{\"@type\":\"WebPage\",\"@id\":\"https:\\\/\\\/sepam.com.br\\\/pt\\\/artigos\\\/minha-cacula-vai-para-a-escola\\\/\",\"url\":\"https:\\\/\\\/sepam.com.br\\\/pt\\\/artigos\\\/minha-cacula-vai-para-a-escola\\\/\",\"name\":\"Minha ca\u00e7ula vai para a escola. - Col\u00e9gio Sepam\",\"isPartOf\":{\"@id\":\"https:\\\/\\\/sepam.com.br\\\/#website\"},\"datePublished\":\"2025-09-09T23:37:32+00:00\",\"dateModified\":\"2026-02-11T14:00:56+00:00\",\"breadcrumb\":{\"@id\":\"https:\\\/\\\/sepam.com.br\\\/pt\\\/artigos\\\/minha-cacula-vai-para-a-escola\\\/#breadcrumb\"},\"inLanguage\":\"pt-BR\",\"potentialAction\":[{\"@type\":\"ReadAction\",\"target\":[\"https:\\\/\\\/sepam.com.br\\\/pt\\\/artigos\\\/minha-cacula-vai-para-a-escola\\\/\"]}]},{\"@type\":\"BreadcrumbList\",\"@id\":\"https:\\\/\\\/sepam.com.br\\\/pt\\\/artigos\\\/minha-cacula-vai-para-a-escola\\\/#breadcrumb\",\"itemListElement\":[{\"@type\":\"ListItem\",\"position\":1,\"name\":\"In\u00edcio\",\"item\":\"https:\\\/\\\/sepam.com.br\\\/\"},{\"@type\":\"ListItem\",\"position\":2,\"name\":\"Minha ca\u00e7ula vai para a escola.\"}]},{\"@type\":\"WebSite\",\"@id\":\"https:\\\/\\\/sepam.com.br\\\/#website\",\"url\":\"https:\\\/\\\/sepam.com.br\\\/\",\"name\":\"Col\u00e9gio Sepam\",\"description\":\"Ensino Incompar\u00e1vel\",\"publisher\":{\"@id\":\"https:\\\/\\\/sepam.com.br\\\/#organization\"},\"potentialAction\":[{\"@type\":\"SearchAction\",\"target\":{\"@type\":\"EntryPoint\",\"urlTemplate\":\"https:\\\/\\\/sepam.com.br\\\/?s={search_term_string}\"},\"query-input\":{\"@type\":\"PropertyValueSpecification\",\"valueRequired\":true,\"valueName\":\"search_term_string\"}}],\"inLanguage\":\"pt-BR\"},{\"@type\":\"Organization\",\"@id\":\"https:\\\/\\\/sepam.com.br\\\/#organization\",\"name\":\"Col\u00e9gio Sepam\",\"url\":\"https:\\\/\\\/sepam.com.br\\\/\",\"logo\":{\"@type\":\"ImageObject\",\"inLanguage\":\"pt-BR\",\"@id\":\"https:\\\/\\\/sepam.com.br\\\/#\\\/schema\\\/logo\\\/image\\\/\",\"url\":\"https:\\\/\\\/sepam.com.br\\\/wp-content\\\/uploads\\\/2025\\\/02\\\/Ativo-2.png\",\"contentUrl\":\"https:\\\/\\\/sepam.com.br\\\/wp-content\\\/uploads\\\/2025\\\/02\\\/Ativo-2.png\",\"width\":595,\"height\":525,\"caption\":\"Col\u00e9gio Sepam\"},\"image\":{\"@id\":\"https:\\\/\\\/sepam.com.br\\\/#\\\/schema\\\/logo\\\/image\\\/\"}}]}<\/script>\n<!-- \/ Yoast SEO plugin. -->","yoast_head_json":{"title":"Minha ca\u00e7ula vai para a escola. - Col\u00e9gio Sepam","robots":{"index":"index","follow":"follow","max-snippet":"max-snippet:-1","max-image-preview":"max-image-preview:large","max-video-preview":"max-video-preview:-1"},"canonical":"https:\/\/sepam.com.br\/pt\/artigos\/minha-cacula-vai-para-a-escola\/","og_locale":"pt_BR","og_type":"article","og_title":"Minha ca\u00e7ula vai para a escola. - Col\u00e9gio Sepam","og_description":"Por K\u00e1tia Gisele Costa Ando procurando em meus pensamentos o que eu quero encontrar na escola para a minha filha ca\u00e7ula, ou melhor, o que eu quero que ela encontre na escola. Quando penso nisso, imediatamente me lembro do meu jardim de inf\u00e2ncia. Me lembro do cheiro do giz de cera, da cortina azul estampada [&hellip;]","og_url":"https:\/\/sepam.com.br\/pt\/artigos\/minha-cacula-vai-para-a-escola\/","og_site_name":"Col\u00e9gio Sepam","article_modified_time":"2026-02-11T14:00:56+00:00","twitter_card":"summary_large_image","twitter_misc":{"Est. tempo de leitura":"4 minutos"},"schema":{"@context":"https:\/\/schema.org","@graph":[{"@type":"WebPage","@id":"https:\/\/sepam.com.br\/pt\/artigos\/minha-cacula-vai-para-a-escola\/","url":"https:\/\/sepam.com.br\/pt\/artigos\/minha-cacula-vai-para-a-escola\/","name":"Minha ca\u00e7ula vai para a escola. - Col\u00e9gio Sepam","isPartOf":{"@id":"https:\/\/sepam.com.br\/#website"},"datePublished":"2025-09-09T23:37:32+00:00","dateModified":"2026-02-11T14:00:56+00:00","breadcrumb":{"@id":"https:\/\/sepam.com.br\/pt\/artigos\/minha-cacula-vai-para-a-escola\/#breadcrumb"},"inLanguage":"pt-BR","potentialAction":[{"@type":"ReadAction","target":["https:\/\/sepam.com.br\/pt\/artigos\/minha-cacula-vai-para-a-escola\/"]}]},{"@type":"BreadcrumbList","@id":"https:\/\/sepam.com.br\/pt\/artigos\/minha-cacula-vai-para-a-escola\/#breadcrumb","itemListElement":[{"@type":"ListItem","position":1,"name":"In\u00edcio","item":"https:\/\/sepam.com.br\/"},{"@type":"ListItem","position":2,"name":"Minha ca\u00e7ula vai para a escola."}]},{"@type":"WebSite","@id":"https:\/\/sepam.com.br\/#website","url":"https:\/\/sepam.com.br\/","name":"Col\u00e9gio Sepam","description":"Ensino Incompar\u00e1vel","publisher":{"@id":"https:\/\/sepam.com.br\/#organization"},"potentialAction":[{"@type":"SearchAction","target":{"@type":"EntryPoint","urlTemplate":"https:\/\/sepam.com.br\/?s={search_term_string}"},"query-input":{"@type":"PropertyValueSpecification","valueRequired":true,"valueName":"search_term_string"}}],"inLanguage":"pt-BR"},{"@type":"Organization","@id":"https:\/\/sepam.com.br\/#organization","name":"Col\u00e9gio Sepam","url":"https:\/\/sepam.com.br\/","logo":{"@type":"ImageObject","inLanguage":"pt-BR","@id":"https:\/\/sepam.com.br\/#\/schema\/logo\/image\/","url":"https:\/\/sepam.com.br\/wp-content\/uploads\/2025\/02\/Ativo-2.png","contentUrl":"https:\/\/sepam.com.br\/wp-content\/uploads\/2025\/02\/Ativo-2.png","width":595,"height":525,"caption":"Col\u00e9gio Sepam"},"image":{"@id":"https:\/\/sepam.com.br\/#\/schema\/logo\/image\/"}}]}},"_links":{"self":[{"href":"https:\/\/sepam.com.br\/pt\/wp-json\/wp\/v2\/artigos\/7609","targetHints":{"allow":["GET"]}}],"collection":[{"href":"https:\/\/sepam.com.br\/pt\/wp-json\/wp\/v2\/artigos"}],"about":[{"href":"https:\/\/sepam.com.br\/pt\/wp-json\/wp\/v2\/types\/artigos"}],"wp:attachment":[{"href":"https:\/\/sepam.com.br\/pt\/wp-json\/wp\/v2\/media?parent=7609"}],"curies":[{"name":"wp","href":"https:\/\/api.w.org\/{rel}","templated":true}]}}