{"id":7594,"date":"2025-09-09T20:37:30","date_gmt":"2025-09-09T23:37:30","guid":{"rendered":"https:\/\/dev.alisonandrei.com.br\/artigos\/um-reloginho-no-braco\/"},"modified":"2026-02-11T11:00:56","modified_gmt":"2026-02-11T14:00:56","slug":"um-reloginho-no-braco","status":"publish","type":"artigos","link":"https:\/\/sepam.com.br\/pt\/artigos\/um-reloginho-no-braco\/","title":{"rendered":"Um reloginho no bra\u00e7o"},"content":{"rendered":"<p><em>Por Katia Gisele Costa<\/em><\/p>\n<p>Naquele dia eu cheguei atrasada para buscar a minha pequena na sala de aula e encontrei a professora na porta \u00e0 minha espera. Enquanto o meu beb\u00ea dormia nas almofadas azuis e laranja da salinha decorada, a professora me relatava o ocorrido entre a minha pequena e seu amigo &#8211; o delito: uma mordida no bracinho gorducho. A marca do reloginho durou alguns poucos dias, mas a mem\u00f3ria daquela situa\u00e7\u00e3o ficou para sempre comigo.<\/p>\n<p>Hoje, treze anos depois, atrevo-me a tocar nesse assunto e, como pedagoga, a dar algumas justificativas sobre esse epis\u00f3dio t\u00e3o comum nas classes de Educa\u00e7\u00e3o Infantil: a mordida.<\/p>\n<p>Apesar de n\u00e3o ser um ato com m\u00e1 inten\u00e7\u00e3o, as abocanhadas n\u00e3o podem ser ignoradas nem pelas professoras que atendem \u00e0 crian\u00e7a na escola, nem pela fam\u00edlia, at\u00e9 porque essa \u00e9 uma situa\u00e7\u00e3o que causa desconforto n\u00e3o s\u00f3 para a crian\u00e7a mordida como tamb\u00e9m para a que mordeu.<\/p>\n<p>Ent\u00e3o, a fim de justificarmos a atitude dos pequenos mordedores, podemos lembrar que na crian\u00e7a de at\u00e9 dois anos (ou mais) a percep\u00e7\u00e3o do mundo se d\u00e1 atrav\u00e9s da boca, por\u00e9m essa fase \u00e9 passageira, e nem todas as crian\u00e7as apresentam caracter\u00edsticas voltadas \u00e0 mordida.<\/p>\n<p>Conhecida tamb\u00e9m como fase oral, essa \u00e9 uma fase que requer cuidado redobrado, pois, assim como algumas crian\u00e7as mordem, outras habituam-se a colocar na boca todo tipo de objeto que encontram (pecinhas de jogos, bot\u00f5es, moedas), o que pode levar a outros acidentes. Mas o que fazer e como justificar aos pais quando, mesmo com toda a aten\u00e7\u00e3o voltada para a turma, acontecem essas mordidas?<\/p>\n<p>O primeiro conselho que eu dou \u00e9 para os pais. \u00c9 fundamental pensar que tanto a crian\u00e7a que mordeu quanto a que foi mordida s\u00e3o v\u00edtimas e, portanto, n\u00e3o h\u00e1 um culpado (nem crian\u00e7a, nem pai de crian\u00e7a, nem professora). O que est\u00e1 expressamente proibido, tanto aos pais quanto aos professores, \u00e9 utilizar argumentos do tipo \u201cse algu\u00e9m te morder, morda tamb\u00e9m\u201d ou \u201ccrian\u00e7a bonita n\u00e3o morde o amigo\u201d. Frases dessa natureza podem transformar uma atitude passageira em agress\u00e3o proposital ou ainda criar um r\u00f3tulo para alguma crian\u00e7a, e esta passa a ser rejeitada e evitada pelos demais colegas.<\/p>\n<p>O segundo conselho que eu dou \u00e9 para professoras e atendentes das classes de Educa\u00e7\u00e3o Infantil. Apesar da minha experi\u00eancia comprovar que essa n\u00e3o \u00e9 uma not\u00edcia agrad\u00e1vel para se dar a uma m\u00e3e, o correto \u00e9 usar a sinceridade e relatar aos pais de ambos os envolvidos como se deu o ocorrido e qual foi a atitude tomada na hora da mordida. \u00c9 fundamental que a crian\u00e7a que mordeu perceba que, apesar de ser uma atitude que faz parte de uma fase do desenvolvimento infantil, a mordida d\u00f3i, machuca e deixa marca.<\/p>\n<p>Quanto \u00e0 minha pequena que foi mordida, ganhou um beijo de desculpas do amigo, e a m\u00e3e do mordedor se desculpou comigo. Mesmo com a devida aten\u00e7\u00e3o dada ao ocorrido, depois de algum tempo, minha filha tamb\u00e9m deixou o reloginho no bra\u00e7o de um amigo.<\/p>\n<blockquote><p><em><strong>Katia Gisele Costa<\/strong> \u00e9\u00a0Pedagoga pela Universidade Estadual de Ponta Grossa e Mestre em Educa\u00e7\u00e3o pela Universidade do Minho (Portugal). \u00c9\u00a0 Coordenadora Pedag\u00f3gica \u2013 Educa\u00e7\u00e3o Infantil no Col\u00e9gio Pontagrossense SEPAM, de Ponta Grossa-PR.<\/em><\/p><\/blockquote>\n","protected":false},"featured_media":0,"template":"","class_list":["post-7594","artigos","type-artigos","status-publish","hentry"],"yoast_head":"<!-- This site is optimized with the Yoast SEO plugin v28.4 - https:\/\/yoast.com\/product\/yoast-seo-wordpress\/ -->\n<title>Um reloginho no bra\u00e7o - Col\u00e9gio Sepam<\/title>\n<meta name=\"robots\" content=\"index, follow, max-snippet:-1, max-image-preview:large, max-video-preview:-1\" \/>\n<link rel=\"canonical\" href=\"https:\/\/sepam.com.br\/pt\/artigos\/um-reloginho-no-braco\/\" \/>\n<meta property=\"og:locale\" content=\"pt_BR\" \/>\n<meta property=\"og:type\" content=\"article\" \/>\n<meta property=\"og:title\" content=\"Um reloginho no bra\u00e7o - Col\u00e9gio Sepam\" \/>\n<meta property=\"og:description\" content=\"Por Katia Gisele Costa Naquele dia eu cheguei atrasada para buscar a minha pequena na sala de aula e encontrei a professora na porta \u00e0 minha espera. Enquanto o meu beb\u00ea dormia nas almofadas azuis e laranja da salinha decorada, a professora me relatava o ocorrido entre a minha pequena e seu amigo &#8211; o [&hellip;]\" \/>\n<meta property=\"og:url\" content=\"https:\/\/sepam.com.br\/pt\/artigos\/um-reloginho-no-braco\/\" \/>\n<meta property=\"og:site_name\" content=\"Col\u00e9gio Sepam\" \/>\n<meta property=\"article:modified_time\" content=\"2026-02-11T14:00:56+00:00\" \/>\n<meta name=\"twitter:card\" content=\"summary_large_image\" \/>\n<meta name=\"twitter:label1\" content=\"Est. tempo de leitura\" \/>\n\t<meta name=\"twitter:data1\" content=\"3 minutos\" \/>\n<script type=\"application\/ld+json\" class=\"yoast-schema-graph\">{\"@context\":\"https:\\\/\\\/schema.org\",\"@graph\":[{\"@type\":\"WebPage\",\"@id\":\"https:\\\/\\\/sepam.com.br\\\/pt\\\/artigos\\\/um-reloginho-no-braco\\\/\",\"url\":\"https:\\\/\\\/sepam.com.br\\\/pt\\\/artigos\\\/um-reloginho-no-braco\\\/\",\"name\":\"Um reloginho no bra\u00e7o - Col\u00e9gio Sepam\",\"isPartOf\":{\"@id\":\"https:\\\/\\\/sepam.com.br\\\/#website\"},\"datePublished\":\"2025-09-09T23:37:30+00:00\",\"dateModified\":\"2026-02-11T14:00:56+00:00\",\"breadcrumb\":{\"@id\":\"https:\\\/\\\/sepam.com.br\\\/pt\\\/artigos\\\/um-reloginho-no-braco\\\/#breadcrumb\"},\"inLanguage\":\"pt-BR\",\"potentialAction\":[{\"@type\":\"ReadAction\",\"target\":[\"https:\\\/\\\/sepam.com.br\\\/pt\\\/artigos\\\/um-reloginho-no-braco\\\/\"]}]},{\"@type\":\"BreadcrumbList\",\"@id\":\"https:\\\/\\\/sepam.com.br\\\/pt\\\/artigos\\\/um-reloginho-no-braco\\\/#breadcrumb\",\"itemListElement\":[{\"@type\":\"ListItem\",\"position\":1,\"name\":\"In\u00edcio\",\"item\":\"https:\\\/\\\/sepam.com.br\\\/\"},{\"@type\":\"ListItem\",\"position\":2,\"name\":\"Um reloginho no bra\u00e7o\"}]},{\"@type\":\"WebSite\",\"@id\":\"https:\\\/\\\/sepam.com.br\\\/#website\",\"url\":\"https:\\\/\\\/sepam.com.br\\\/\",\"name\":\"Col\u00e9gio Sepam\",\"description\":\"Ensino Incompar\u00e1vel\",\"publisher\":{\"@id\":\"https:\\\/\\\/sepam.com.br\\\/#organization\"},\"potentialAction\":[{\"@type\":\"SearchAction\",\"target\":{\"@type\":\"EntryPoint\",\"urlTemplate\":\"https:\\\/\\\/sepam.com.br\\\/?s={search_term_string}\"},\"query-input\":{\"@type\":\"PropertyValueSpecification\",\"valueRequired\":true,\"valueName\":\"search_term_string\"}}],\"inLanguage\":\"pt-BR\"},{\"@type\":\"Organization\",\"@id\":\"https:\\\/\\\/sepam.com.br\\\/#organization\",\"name\":\"Col\u00e9gio Sepam\",\"url\":\"https:\\\/\\\/sepam.com.br\\\/\",\"logo\":{\"@type\":\"ImageObject\",\"inLanguage\":\"pt-BR\",\"@id\":\"https:\\\/\\\/sepam.com.br\\\/#\\\/schema\\\/logo\\\/image\\\/\",\"url\":\"https:\\\/\\\/sepam.com.br\\\/wp-content\\\/uploads\\\/2025\\\/02\\\/Ativo-2.png\",\"contentUrl\":\"https:\\\/\\\/sepam.com.br\\\/wp-content\\\/uploads\\\/2025\\\/02\\\/Ativo-2.png\",\"width\":595,\"height\":525,\"caption\":\"Col\u00e9gio Sepam\"},\"image\":{\"@id\":\"https:\\\/\\\/sepam.com.br\\\/#\\\/schema\\\/logo\\\/image\\\/\"}}]}<\/script>\n<!-- \/ Yoast SEO plugin. -->","yoast_head_json":{"title":"Um reloginho no bra\u00e7o - Col\u00e9gio Sepam","robots":{"index":"index","follow":"follow","max-snippet":"max-snippet:-1","max-image-preview":"max-image-preview:large","max-video-preview":"max-video-preview:-1"},"canonical":"https:\/\/sepam.com.br\/pt\/artigos\/um-reloginho-no-braco\/","og_locale":"pt_BR","og_type":"article","og_title":"Um reloginho no bra\u00e7o - Col\u00e9gio Sepam","og_description":"Por Katia Gisele Costa Naquele dia eu cheguei atrasada para buscar a minha pequena na sala de aula e encontrei a professora na porta \u00e0 minha espera. Enquanto o meu beb\u00ea dormia nas almofadas azuis e laranja da salinha decorada, a professora me relatava o ocorrido entre a minha pequena e seu amigo &#8211; o [&hellip;]","og_url":"https:\/\/sepam.com.br\/pt\/artigos\/um-reloginho-no-braco\/","og_site_name":"Col\u00e9gio Sepam","article_modified_time":"2026-02-11T14:00:56+00:00","twitter_card":"summary_large_image","twitter_misc":{"Est. tempo de leitura":"3 minutos"},"schema":{"@context":"https:\/\/schema.org","@graph":[{"@type":"WebPage","@id":"https:\/\/sepam.com.br\/pt\/artigos\/um-reloginho-no-braco\/","url":"https:\/\/sepam.com.br\/pt\/artigos\/um-reloginho-no-braco\/","name":"Um reloginho no bra\u00e7o - Col\u00e9gio Sepam","isPartOf":{"@id":"https:\/\/sepam.com.br\/#website"},"datePublished":"2025-09-09T23:37:30+00:00","dateModified":"2026-02-11T14:00:56+00:00","breadcrumb":{"@id":"https:\/\/sepam.com.br\/pt\/artigos\/um-reloginho-no-braco\/#breadcrumb"},"inLanguage":"pt-BR","potentialAction":[{"@type":"ReadAction","target":["https:\/\/sepam.com.br\/pt\/artigos\/um-reloginho-no-braco\/"]}]},{"@type":"BreadcrumbList","@id":"https:\/\/sepam.com.br\/pt\/artigos\/um-reloginho-no-braco\/#breadcrumb","itemListElement":[{"@type":"ListItem","position":1,"name":"In\u00edcio","item":"https:\/\/sepam.com.br\/"},{"@type":"ListItem","position":2,"name":"Um reloginho no bra\u00e7o"}]},{"@type":"WebSite","@id":"https:\/\/sepam.com.br\/#website","url":"https:\/\/sepam.com.br\/","name":"Col\u00e9gio Sepam","description":"Ensino Incompar\u00e1vel","publisher":{"@id":"https:\/\/sepam.com.br\/#organization"},"potentialAction":[{"@type":"SearchAction","target":{"@type":"EntryPoint","urlTemplate":"https:\/\/sepam.com.br\/?s={search_term_string}"},"query-input":{"@type":"PropertyValueSpecification","valueRequired":true,"valueName":"search_term_string"}}],"inLanguage":"pt-BR"},{"@type":"Organization","@id":"https:\/\/sepam.com.br\/#organization","name":"Col\u00e9gio Sepam","url":"https:\/\/sepam.com.br\/","logo":{"@type":"ImageObject","inLanguage":"pt-BR","@id":"https:\/\/sepam.com.br\/#\/schema\/logo\/image\/","url":"https:\/\/sepam.com.br\/wp-content\/uploads\/2025\/02\/Ativo-2.png","contentUrl":"https:\/\/sepam.com.br\/wp-content\/uploads\/2025\/02\/Ativo-2.png","width":595,"height":525,"caption":"Col\u00e9gio Sepam"},"image":{"@id":"https:\/\/sepam.com.br\/#\/schema\/logo\/image\/"}}]}},"_links":{"self":[{"href":"https:\/\/sepam.com.br\/pt\/wp-json\/wp\/v2\/artigos\/7594","targetHints":{"allow":["GET"]}}],"collection":[{"href":"https:\/\/sepam.com.br\/pt\/wp-json\/wp\/v2\/artigos"}],"about":[{"href":"https:\/\/sepam.com.br\/pt\/wp-json\/wp\/v2\/types\/artigos"}],"wp:attachment":[{"href":"https:\/\/sepam.com.br\/pt\/wp-json\/wp\/v2\/media?parent=7594"}],"curies":[{"name":"wp","href":"https:\/\/api.w.org\/{rel}","templated":true}]}}