{"id":7593,"date":"2025-09-09T20:37:30","date_gmt":"2025-09-09T23:37:30","guid":{"rendered":"https:\/\/dev.alisonandrei.com.br\/artigos\/meu-filho-e-uma-crianca-dificil\/"},"modified":"2026-02-11T11:00:56","modified_gmt":"2026-02-11T14:00:56","slug":"meu-filho-e-uma-crianca-dificil","status":"publish","type":"artigos","link":"https:\/\/sepam.com.br\/pt\/artigos\/meu-filho-e-uma-crianca-dificil\/","title":{"rendered":"Meu filho \u00e9 uma crian\u00e7a dif\u00edcil"},"content":{"rendered":"<p><em>Por Katia Gisele Costa<\/em><\/p>\n<p style=\"text-align: center;\">Eu me lembro de minha filha ter feito uma birra aos tr\u00eas anos, no supermercado, porque queria uma daquelas bengalas com bala de goma dentro. Foi a primeira e a \u00faltima vez que eu e meu marido passamos vergonha em p\u00fablico com uma filha nossa. A partir daquele dia, as negocia\u00e7\u00f5es e combinados passaram a acontecer antes de irmos ao supermercado, e n\u00e3o l\u00e1 dentro.<\/p>\n<p>A capacidade de persuas\u00e3o de uma crian\u00e7a em rela\u00e7\u00e3o aos adultos \u00e9 invej\u00e1vel. Uma crian\u00e7a habilidosa \u00e9 capaz de fazer a m\u00e3e chorar, \u00e9 capaz de agredir, morder, jogar-se no ch\u00e3o para conseguir o que quer. Quando o adulto perde o dom\u00ednio da situa\u00e7\u00e3o e come\u00e7a a fazer as vontades da crian\u00e7a, apenas para fugir das chatices ou da vergonha causada pelas birras p\u00fablicas, pronto! A crian\u00e7a est\u00e1 no comando e esta \u00e9 a grande luta de pais e escola.<\/p>\n<p>A frase comumente ouvida nas reuni\u00f5es pedag\u00f3gicas com pais de crian\u00e7as de comportamento dif\u00edcil \u00e9 \u201c-Ser\u00e1 que meu filho precisa de um psic\u00f3logo?\u201d Os pedagogos v\u00e3o concordar comigo que nem sempre a necessidade \u00e9 essa, \u00e9 preciso saber diferenciar comportamento social de patologia.<\/p>\n<p>Os pais das crian\u00e7as dif\u00edceis precisam ter umas aulas com os professores para aprenderem a dizer frases curtas e simples como: \u201cAgora CHEGA!\u201d Ou ainda, \u201cEu j\u00e1 disse N\u00c3O!\u201d Esses chav\u00f5es que, ali\u00e1s, n\u00e3o s\u00e3o nada ofensivos, s\u00e3o utilizados nas escolas e costumam p\u00f4r fim nas desaven\u00e7as, teimosias ou birras entre duas, quatro, ou vinte crian\u00e7as em sala de aula que est\u00e3o sob o dom\u00ednio de um \u00fanico adulto que tem autoridade sobre uma classe inteira.<\/p>\n<p>O m\u00e9dico e autor do livro intitulado O Reizinho da Casa (Gustavo Teixeira, 2014) trata cientificamente de um assunto s\u00e9rio que \u00e9 o Transtorno Desafiador Opositivo (TDO) que, muitas vezes, acaba sendo confundido com a famosa falta de limite. Segundo o autor, esse comportamento aparece cada vez mais frequente em crian\u00e7as em idade escolar e pode ser definido como um padr\u00e3o persistente de comportamento indesej\u00e1vel, desafiador ou desobediente, observado, na maioria dos casos, na rela\u00e7\u00e3o entre a crian\u00e7a e um adulto que sinaliza posi\u00e7\u00e3o de autoridade sobre ela (pais, tios, av\u00f3s, professores).<\/p>\n<p>Se a crian\u00e7a apresenta mau comportamento, grita, \u00e9 agressiva, joga-se no ch\u00e3o, desconhece as regras coletivas, chora sem derramar uma \u00fanica l\u00e1grima ou reage mal somente para conseguir o que quer, \u00e9 poss\u00edvel que isso n\u00e3o seja um transtorno, mas, sim, falta de limite ou m\u00e1 educa\u00e7\u00e3o, fruto de pais sem tempo para os combinados e, consequentemente, pais permissivos. As reclama\u00e7\u00f5es mais comuns entre os professores s\u00e3o que essas crian\u00e7as n\u00e3o conseguem obedecer \u00e0s regras de conviv\u00eancia social, n\u00e3o esperam a sua vez, n\u00e3o partilham objetos e espa\u00e7os, gritam demais, brigam por qualquer motivo e t\u00eam dificuldade em pedir desculpas.<\/p>\n<p>\u00c9 verdade que, em alguns casos, a crian\u00e7a est\u00e1 passando por uma fase de turbul\u00eancia emocional, uma separa\u00e7\u00e3o, a chegada de um irm\u00e3ozinho, uma perda, a mudan\u00e7a de casa. Esses s\u00e3o acontecimentos que podem mexer com o comportamento da crian\u00e7a que acaba n\u00e3o conseguindo expressar seus sentimentos e frustra\u00e7\u00f5es passando a reagir com pouca resili\u00eancia.<\/p>\n<p>A fam\u00edlia deve procurar e priorizar uma alian\u00e7a com a escola para que nada passe desapercebido; afinal, a crian\u00e7a passa grande parte do tempo no ambiente escolar. Muitas vezes o comportamento opositivo \u00e9 uma fase e, como toda fase, \u00e9 passageira. Ent\u00e3o, antes de lotarmos os consult\u00f3rios de psicologia por a\u00ed, vamos fazer uma autoan\u00e1lise como pais, uma esp\u00e9cie de diagn\u00f3stico familiar. Ser\u00e1 que meu filho apresenta algum transtorno de comportamento ou minha fam\u00edlia est\u00e1 precisando rever seus conceitos e suas condutas? Lembremo-nos: O que est\u00e1 ultrapassado \u00e9 o autoritarismo e n\u00e3o a autoridade.<\/p>\n<blockquote><p><em><strong>Katia Gisele Costa<\/strong> \u00e9\u00a0Pedagoga pela Universidade Estadual de Ponta Grossa e Mestre em Educa\u00e7\u00e3o pela Universidade do Minho (Portugal). \u00c9\u00a0 Coordenadora Pedag\u00f3gica \u2013 Educa\u00e7\u00e3o Infantil no Col\u00e9gio Pontagrossense SEPAM, de Ponta Grossa-PR.<\/em><\/p><\/blockquote>\n","protected":false},"featured_media":0,"template":"","class_list":["post-7593","artigos","type-artigos","status-publish","hentry"],"yoast_head":"<!-- This site is optimized with the Yoast SEO plugin v28.4 - https:\/\/yoast.com\/product\/yoast-seo-wordpress\/ -->\n<title>Meu filho \u00e9 uma crian\u00e7a dif\u00edcil - Col\u00e9gio Sepam<\/title>\n<meta name=\"robots\" content=\"index, follow, max-snippet:-1, max-image-preview:large, max-video-preview:-1\" \/>\n<link rel=\"canonical\" href=\"https:\/\/sepam.com.br\/pt\/artigos\/meu-filho-e-uma-crianca-dificil\/\" \/>\n<meta property=\"og:locale\" content=\"pt_BR\" \/>\n<meta property=\"og:type\" content=\"article\" \/>\n<meta property=\"og:title\" content=\"Meu filho \u00e9 uma crian\u00e7a dif\u00edcil - Col\u00e9gio Sepam\" \/>\n<meta property=\"og:description\" content=\"Por Katia Gisele Costa Eu me lembro de minha filha ter feito uma birra aos tr\u00eas anos, no supermercado, porque queria uma daquelas bengalas com bala de goma dentro. Foi a primeira e a \u00faltima vez que eu e meu marido passamos vergonha em p\u00fablico com uma filha nossa. A partir daquele dia, as negocia\u00e7\u00f5es [&hellip;]\" \/>\n<meta property=\"og:url\" content=\"https:\/\/sepam.com.br\/pt\/artigos\/meu-filho-e-uma-crianca-dificil\/\" \/>\n<meta property=\"og:site_name\" content=\"Col\u00e9gio Sepam\" \/>\n<meta property=\"article:modified_time\" content=\"2026-02-11T14:00:56+00:00\" \/>\n<meta name=\"twitter:card\" content=\"summary_large_image\" \/>\n<meta name=\"twitter:label1\" content=\"Est. tempo de leitura\" \/>\n\t<meta name=\"twitter:data1\" content=\"4 minutos\" \/>\n<script type=\"application\/ld+json\" class=\"yoast-schema-graph\">{\"@context\":\"https:\\\/\\\/schema.org\",\"@graph\":[{\"@type\":\"WebPage\",\"@id\":\"https:\\\/\\\/sepam.com.br\\\/pt\\\/artigos\\\/meu-filho-e-uma-crianca-dificil\\\/\",\"url\":\"https:\\\/\\\/sepam.com.br\\\/pt\\\/artigos\\\/meu-filho-e-uma-crianca-dificil\\\/\",\"name\":\"Meu filho \u00e9 uma crian\u00e7a dif\u00edcil - Col\u00e9gio Sepam\",\"isPartOf\":{\"@id\":\"https:\\\/\\\/sepam.com.br\\\/#website\"},\"datePublished\":\"2025-09-09T23:37:30+00:00\",\"dateModified\":\"2026-02-11T14:00:56+00:00\",\"breadcrumb\":{\"@id\":\"https:\\\/\\\/sepam.com.br\\\/pt\\\/artigos\\\/meu-filho-e-uma-crianca-dificil\\\/#breadcrumb\"},\"inLanguage\":\"pt-BR\",\"potentialAction\":[{\"@type\":\"ReadAction\",\"target\":[\"https:\\\/\\\/sepam.com.br\\\/pt\\\/artigos\\\/meu-filho-e-uma-crianca-dificil\\\/\"]}]},{\"@type\":\"BreadcrumbList\",\"@id\":\"https:\\\/\\\/sepam.com.br\\\/pt\\\/artigos\\\/meu-filho-e-uma-crianca-dificil\\\/#breadcrumb\",\"itemListElement\":[{\"@type\":\"ListItem\",\"position\":1,\"name\":\"In\u00edcio\",\"item\":\"https:\\\/\\\/sepam.com.br\\\/\"},{\"@type\":\"ListItem\",\"position\":2,\"name\":\"Meu filho \u00e9 uma crian\u00e7a dif\u00edcil\"}]},{\"@type\":\"WebSite\",\"@id\":\"https:\\\/\\\/sepam.com.br\\\/#website\",\"url\":\"https:\\\/\\\/sepam.com.br\\\/\",\"name\":\"Col\u00e9gio Sepam\",\"description\":\"Ensino Incompar\u00e1vel\",\"publisher\":{\"@id\":\"https:\\\/\\\/sepam.com.br\\\/#organization\"},\"potentialAction\":[{\"@type\":\"SearchAction\",\"target\":{\"@type\":\"EntryPoint\",\"urlTemplate\":\"https:\\\/\\\/sepam.com.br\\\/?s={search_term_string}\"},\"query-input\":{\"@type\":\"PropertyValueSpecification\",\"valueRequired\":true,\"valueName\":\"search_term_string\"}}],\"inLanguage\":\"pt-BR\"},{\"@type\":\"Organization\",\"@id\":\"https:\\\/\\\/sepam.com.br\\\/#organization\",\"name\":\"Col\u00e9gio Sepam\",\"url\":\"https:\\\/\\\/sepam.com.br\\\/\",\"logo\":{\"@type\":\"ImageObject\",\"inLanguage\":\"pt-BR\",\"@id\":\"https:\\\/\\\/sepam.com.br\\\/#\\\/schema\\\/logo\\\/image\\\/\",\"url\":\"https:\\\/\\\/sepam.com.br\\\/wp-content\\\/uploads\\\/2025\\\/02\\\/Ativo-2.png\",\"contentUrl\":\"https:\\\/\\\/sepam.com.br\\\/wp-content\\\/uploads\\\/2025\\\/02\\\/Ativo-2.png\",\"width\":595,\"height\":525,\"caption\":\"Col\u00e9gio Sepam\"},\"image\":{\"@id\":\"https:\\\/\\\/sepam.com.br\\\/#\\\/schema\\\/logo\\\/image\\\/\"}}]}<\/script>\n<!-- \/ Yoast SEO plugin. -->","yoast_head_json":{"title":"Meu filho \u00e9 uma crian\u00e7a dif\u00edcil - Col\u00e9gio Sepam","robots":{"index":"index","follow":"follow","max-snippet":"max-snippet:-1","max-image-preview":"max-image-preview:large","max-video-preview":"max-video-preview:-1"},"canonical":"https:\/\/sepam.com.br\/pt\/artigos\/meu-filho-e-uma-crianca-dificil\/","og_locale":"pt_BR","og_type":"article","og_title":"Meu filho \u00e9 uma crian\u00e7a dif\u00edcil - Col\u00e9gio Sepam","og_description":"Por Katia Gisele Costa Eu me lembro de minha filha ter feito uma birra aos tr\u00eas anos, no supermercado, porque queria uma daquelas bengalas com bala de goma dentro. Foi a primeira e a \u00faltima vez que eu e meu marido passamos vergonha em p\u00fablico com uma filha nossa. A partir daquele dia, as negocia\u00e7\u00f5es [&hellip;]","og_url":"https:\/\/sepam.com.br\/pt\/artigos\/meu-filho-e-uma-crianca-dificil\/","og_site_name":"Col\u00e9gio Sepam","article_modified_time":"2026-02-11T14:00:56+00:00","twitter_card":"summary_large_image","twitter_misc":{"Est. tempo de leitura":"4 minutos"},"schema":{"@context":"https:\/\/schema.org","@graph":[{"@type":"WebPage","@id":"https:\/\/sepam.com.br\/pt\/artigos\/meu-filho-e-uma-crianca-dificil\/","url":"https:\/\/sepam.com.br\/pt\/artigos\/meu-filho-e-uma-crianca-dificil\/","name":"Meu filho \u00e9 uma crian\u00e7a dif\u00edcil - Col\u00e9gio Sepam","isPartOf":{"@id":"https:\/\/sepam.com.br\/#website"},"datePublished":"2025-09-09T23:37:30+00:00","dateModified":"2026-02-11T14:00:56+00:00","breadcrumb":{"@id":"https:\/\/sepam.com.br\/pt\/artigos\/meu-filho-e-uma-crianca-dificil\/#breadcrumb"},"inLanguage":"pt-BR","potentialAction":[{"@type":"ReadAction","target":["https:\/\/sepam.com.br\/pt\/artigos\/meu-filho-e-uma-crianca-dificil\/"]}]},{"@type":"BreadcrumbList","@id":"https:\/\/sepam.com.br\/pt\/artigos\/meu-filho-e-uma-crianca-dificil\/#breadcrumb","itemListElement":[{"@type":"ListItem","position":1,"name":"In\u00edcio","item":"https:\/\/sepam.com.br\/"},{"@type":"ListItem","position":2,"name":"Meu filho \u00e9 uma crian\u00e7a dif\u00edcil"}]},{"@type":"WebSite","@id":"https:\/\/sepam.com.br\/#website","url":"https:\/\/sepam.com.br\/","name":"Col\u00e9gio Sepam","description":"Ensino Incompar\u00e1vel","publisher":{"@id":"https:\/\/sepam.com.br\/#organization"},"potentialAction":[{"@type":"SearchAction","target":{"@type":"EntryPoint","urlTemplate":"https:\/\/sepam.com.br\/?s={search_term_string}"},"query-input":{"@type":"PropertyValueSpecification","valueRequired":true,"valueName":"search_term_string"}}],"inLanguage":"pt-BR"},{"@type":"Organization","@id":"https:\/\/sepam.com.br\/#organization","name":"Col\u00e9gio Sepam","url":"https:\/\/sepam.com.br\/","logo":{"@type":"ImageObject","inLanguage":"pt-BR","@id":"https:\/\/sepam.com.br\/#\/schema\/logo\/image\/","url":"https:\/\/sepam.com.br\/wp-content\/uploads\/2025\/02\/Ativo-2.png","contentUrl":"https:\/\/sepam.com.br\/wp-content\/uploads\/2025\/02\/Ativo-2.png","width":595,"height":525,"caption":"Col\u00e9gio Sepam"},"image":{"@id":"https:\/\/sepam.com.br\/#\/schema\/logo\/image\/"}}]}},"_links":{"self":[{"href":"https:\/\/sepam.com.br\/pt\/wp-json\/wp\/v2\/artigos\/7593","targetHints":{"allow":["GET"]}}],"collection":[{"href":"https:\/\/sepam.com.br\/pt\/wp-json\/wp\/v2\/artigos"}],"about":[{"href":"https:\/\/sepam.com.br\/pt\/wp-json\/wp\/v2\/types\/artigos"}],"wp:attachment":[{"href":"https:\/\/sepam.com.br\/pt\/wp-json\/wp\/v2\/media?parent=7593"}],"curies":[{"name":"wp","href":"https:\/\/api.w.org\/{rel}","templated":true}]}}