{"id":8293,"date":"2026-02-03T11:50:24","date_gmt":"2026-02-03T14:50:24","guid":{"rendered":"https:\/\/sepam.com.br\/?p=8293"},"modified":"2026-02-11T11:00:56","modified_gmt":"2026-02-11T14:00:56","slug":"chupeta-e-cheirinho-quanto-carinho","status":"publish","type":"artigos","link":"https:\/\/sepam.com.br\/fr\/artigos\/chupeta-e-cheirinho-quanto-carinho\/","title":{"rendered":"Chupeta e cheirinho. Quanto carinho!"},"content":{"rendered":"\n<p class=\"wp-block-paragraph\">Durante as visitas com pais novos na escola percebemos a recorrente preocupa\u00e7\u00e3o dele\u2026 E agora? E a chupeta? E o mam\u00e1? A entrada da crian\u00e7a na escola \u00e9 um processo de adapta\u00e7\u00e3o para todos n\u00f3s e nada mais justo que a crian\u00e7a possa carregar consigo, nesse momento, um objeto que lhe traz conforto e seguran\u00e7a.<\/p>\n\n\n\n<p class=\"wp-block-paragraph\">Ent\u00e3o, para acalmar o cora\u00e7\u00e3o das m\u00e3es e pais eu digo: Sim! As crian\u00e7as podem trazer a chupeta, a naninha, o cheirinho, o mam\u00e1, o travesseiro. O que acontece \u00e9 que, aos poucos, esses \u201csuportes de seguran\u00e7a\u201d s\u00e3o substitu\u00eddos por giz de cera, brinquedos, baldinho de areia, m\u00fasica, bola, dan\u00e7a e acabam entrando em cena somente na hora do soninho mesmo (enquanto ainda for necess\u00e1rio).<\/p>\n\n\n\n<p class=\"wp-block-paragraph\">Com o passar do tempo as professoras v\u00e3o mostrando para as crian\u00e7as que n\u00e3o vale \u00e0 pena carregar um travesseiro para a areia do parque, nem o cheirinho para as aulas de dan\u00e7a e mostram para elas que ao voltarem da atividade fora da salinha o consolo estar\u00e1 l\u00e1. A substitui\u00e7\u00e3o e at\u00e9 mesmo a elimina\u00e7\u00e3o destes suportes acontecem de forma gradativa e nada traum\u00e1tica, assim como fazemos com o desfralde. A medida em que as crian\u00e7as v\u00e3o ganhando confian\u00e7a nas professoras e nos ambientes os quais frequenta durante a tarde, o cheirinho, a chupeta, entre outros objetos, v\u00e3o sendo deixados de lado de forma espont\u00e2nea pela crian\u00e7a.<\/p>\n\n\n\n<p class=\"wp-block-paragraph\">A entrada na escola \u00e9 uma fase delicada e ningu\u00e9m est\u00e1 interessado em tornar este momento mais dif\u00edcil, para tanto, deixamos aqui algumas dicas para as m\u00e3es n\u00e3o sofrerem e para as crian\u00e7as superarem a adapta\u00e7\u00e3o mais rapidamente:<\/p>\n\n\n\n<p class=\"wp-block-paragraph\">-N\u00e3o fique na porta da salinha assistindo ao choro da crian\u00e7a. Isso \u00e9 pior para ela e dificulta a despedida.<\/p>\n\n\n\n<p class=\"wp-block-paragraph\">&#8211; N\u00e3o inicie o desfralde enquanto a crian\u00e7a est\u00e1 passando pela adapta\u00e7\u00e3o escolar. Lembrem-se: um passo de cada vez!<\/p>\n\n\n\n<p class=\"wp-block-paragraph\">&#8211; No in\u00edcio do ano letivo evitem marcar viagens mais longas do que um fim de semana pois a rotina constante agiliza a adapta\u00e7\u00e3o.<\/p>\n\n\n\n<p class=\"wp-block-paragraph\">&nbsp;&#8211; N\u00e3o demonstre inseguran\u00e7a. A crian\u00e7a precisa perceber que a escola \u00e9 um lugar seguro para brincar, aprender e se divertir.<\/p>\n\n\n\n<p class=\"wp-block-paragraph\">&#8211; Confie na escola que escolheu e nas professoras do seu filho. Se estiverem inseguros procurem a coordena\u00e7\u00e3o para conversar.<\/p>\n\n\n\n<p class=\"wp-block-paragraph\">&#8211; Nos primeiros dias n\u00e3o impe\u00e7a que a crian\u00e7a traga a chupeta e do cheirinho!<\/p>\n\n\n\n<p class=\"wp-block-paragraph\">Dicas preciosas que contribuem com a fase da adapta\u00e7\u00e3o!<\/p>\n","protected":false},"featured_media":0,"template":"","class_list":["post-8293","artigos","type-artigos","status-publish","hentry"],"yoast_head":"<!-- This site is optimized with the Yoast SEO plugin v28.4 - https:\/\/yoast.com\/product\/yoast-seo-wordpress\/ -->\n<title>Chupeta e cheirinho. Quanto carinho! - Col\u00e9gio Sepam<\/title>\n<meta name=\"robots\" content=\"index, follow, max-snippet:-1, max-image-preview:large, max-video-preview:-1\" \/>\n<link rel=\"canonical\" href=\"https:\/\/sepam.com.br\/fr\/artigos\/chupeta-e-cheirinho-quanto-carinho\/\" \/>\n<meta property=\"og:locale\" content=\"fr_FR\" \/>\n<meta property=\"og:type\" content=\"article\" \/>\n<meta property=\"og:title\" content=\"Chupeta e cheirinho. Quanto carinho! - Col\u00e9gio Sepam\" \/>\n<meta property=\"og:description\" content=\"Durante as visitas com pais novos na escola percebemos a recorrente preocupa\u00e7\u00e3o dele\u2026 E agora? E a chupeta? E o mam\u00e1? A entrada da crian\u00e7a na escola \u00e9 um processo de adapta\u00e7\u00e3o para todos n\u00f3s e nada mais justo que a crian\u00e7a possa carregar consigo, nesse momento, um objeto que lhe traz conforto e seguran\u00e7a. [&hellip;]\" \/>\n<meta property=\"og:url\" content=\"https:\/\/sepam.com.br\/fr\/artigos\/chupeta-e-cheirinho-quanto-carinho\/\" \/>\n<meta property=\"og:site_name\" content=\"Col\u00e9gio Sepam\" \/>\n<meta property=\"article:modified_time\" content=\"2026-02-11T14:00:56+00:00\" \/>\n<meta name=\"twitter:card\" content=\"summary_large_image\" \/>\n<meta name=\"twitter:label1\" content=\"Dur\u00e9e de lecture estim\u00e9e\" \/>\n\t<meta name=\"twitter:data1\" content=\"3 minutes\" \/>\n<script type=\"application\/ld+json\" class=\"yoast-schema-graph\">{\"@context\":\"https:\\\/\\\/schema.org\",\"@graph\":[{\"@type\":\"WebPage\",\"@id\":\"https:\\\/\\\/sepam.com.br\\\/fr\\\/artigos\\\/chupeta-e-cheirinho-quanto-carinho\\\/\",\"url\":\"https:\\\/\\\/sepam.com.br\\\/fr\\\/artigos\\\/chupeta-e-cheirinho-quanto-carinho\\\/\",\"name\":\"Chupeta e cheirinho. Quanto carinho! - Col\u00e9gio Sepam\",\"isPartOf\":{\"@id\":\"https:\\\/\\\/sepam.com.br\\\/#website\"},\"datePublished\":\"2026-02-03T14:50:24+00:00\",\"dateModified\":\"2026-02-11T14:00:56+00:00\",\"breadcrumb\":{\"@id\":\"https:\\\/\\\/sepam.com.br\\\/fr\\\/artigos\\\/chupeta-e-cheirinho-quanto-carinho\\\/#breadcrumb\"},\"inLanguage\":\"fr-FR\",\"potentialAction\":[{\"@type\":\"ReadAction\",\"target\":[\"https:\\\/\\\/sepam.com.br\\\/fr\\\/artigos\\\/chupeta-e-cheirinho-quanto-carinho\\\/\"]}]},{\"@type\":\"BreadcrumbList\",\"@id\":\"https:\\\/\\\/sepam.com.br\\\/fr\\\/artigos\\\/chupeta-e-cheirinho-quanto-carinho\\\/#breadcrumb\",\"itemListElement\":[{\"@type\":\"ListItem\",\"position\":1,\"name\":\"Boas Vindas\",\"item\":\"https:\\\/\\\/sepam.com.br\\\/\"},{\"@type\":\"ListItem\",\"position\":2,\"name\":\"Chupeta e cheirinho. Quanto carinho!\"}]},{\"@type\":\"WebSite\",\"@id\":\"https:\\\/\\\/sepam.com.br\\\/fr\\\/#website\",\"url\":\"https:\\\/\\\/sepam.com.br\\\/fr\\\/\",\"name\":\"Col\u00e9gio Sepam\",\"description\":\"Ensino Incompar\u00e1vel\",\"publisher\":{\"@id\":\"https:\\\/\\\/sepam.com.br\\\/fr\\\/#organization\"},\"potentialAction\":[{\"@type\":\"SearchAction\",\"target\":{\"@type\":\"EntryPoint\",\"urlTemplate\":\"https:\\\/\\\/sepam.com.br\\\/fr\\\/?s={search_term_string}\"},\"query-input\":{\"@type\":\"PropertyValueSpecification\",\"valueRequired\":true,\"valueName\":\"search_term_string\"}}],\"inLanguage\":\"fr-FR\"},{\"@type\":\"Organization\",\"@id\":\"https:\\\/\\\/sepam.com.br\\\/fr\\\/#organization\",\"name\":\"Col\u00e9gio Sepam\",\"url\":\"https:\\\/\\\/sepam.com.br\\\/fr\\\/\",\"logo\":{\"@type\":\"ImageObject\",\"inLanguage\":\"fr-FR\",\"@id\":\"https:\\\/\\\/sepam.com.br\\\/fr\\\/#\\\/schema\\\/logo\\\/image\\\/\",\"url\":\"https:\\\/\\\/sepam.com.br\\\/wp-content\\\/uploads\\\/2025\\\/02\\\/Ativo-2.png\",\"contentUrl\":\"https:\\\/\\\/sepam.com.br\\\/wp-content\\\/uploads\\\/2025\\\/02\\\/Ativo-2.png\",\"width\":595,\"height\":525,\"caption\":\"Col\u00e9gio Sepam\"},\"image\":{\"@id\":\"https:\\\/\\\/sepam.com.br\\\/fr\\\/#\\\/schema\\\/logo\\\/image\\\/\"}}]}<\/script>\n<!-- \/ Yoast SEO plugin. -->","yoast_head_json":{"title":"Chupeta e cheirinho. Quanto carinho! - Col\u00e9gio Sepam","robots":{"index":"index","follow":"follow","max-snippet":"max-snippet:-1","max-image-preview":"max-image-preview:large","max-video-preview":"max-video-preview:-1"},"canonical":"https:\/\/sepam.com.br\/fr\/artigos\/chupeta-e-cheirinho-quanto-carinho\/","og_locale":"fr_FR","og_type":"article","og_title":"Chupeta e cheirinho. Quanto carinho! - Col\u00e9gio Sepam","og_description":"Durante as visitas com pais novos na escola percebemos a recorrente preocupa\u00e7\u00e3o dele\u2026 E agora? E a chupeta? E o mam\u00e1? A entrada da crian\u00e7a na escola \u00e9 um processo de adapta\u00e7\u00e3o para todos n\u00f3s e nada mais justo que a crian\u00e7a possa carregar consigo, nesse momento, um objeto que lhe traz conforto e seguran\u00e7a. [&hellip;]","og_url":"https:\/\/sepam.com.br\/fr\/artigos\/chupeta-e-cheirinho-quanto-carinho\/","og_site_name":"Col\u00e9gio Sepam","article_modified_time":"2026-02-11T14:00:56+00:00","twitter_card":"summary_large_image","twitter_misc":{"Dur\u00e9e de lecture estim\u00e9e":"3 minutes"},"schema":{"@context":"https:\/\/schema.org","@graph":[{"@type":"WebPage","@id":"https:\/\/sepam.com.br\/fr\/artigos\/chupeta-e-cheirinho-quanto-carinho\/","url":"https:\/\/sepam.com.br\/fr\/artigos\/chupeta-e-cheirinho-quanto-carinho\/","name":"Chupeta e cheirinho. Quanto carinho! - Col\u00e9gio Sepam","isPartOf":{"@id":"https:\/\/sepam.com.br\/#website"},"datePublished":"2026-02-03T14:50:24+00:00","dateModified":"2026-02-11T14:00:56+00:00","breadcrumb":{"@id":"https:\/\/sepam.com.br\/fr\/artigos\/chupeta-e-cheirinho-quanto-carinho\/#breadcrumb"},"inLanguage":"fr-FR","potentialAction":[{"@type":"ReadAction","target":["https:\/\/sepam.com.br\/fr\/artigos\/chupeta-e-cheirinho-quanto-carinho\/"]}]},{"@type":"BreadcrumbList","@id":"https:\/\/sepam.com.br\/fr\/artigos\/chupeta-e-cheirinho-quanto-carinho\/#breadcrumb","itemListElement":[{"@type":"ListItem","position":1,"name":"Boas Vindas","item":"https:\/\/sepam.com.br\/"},{"@type":"ListItem","position":2,"name":"Chupeta e cheirinho. Quanto carinho!"}]},{"@type":"WebSite","@id":"https:\/\/sepam.com.br\/fr\/#website","url":"https:\/\/sepam.com.br\/fr\/","name":"Col\u00e9gio Sepam","description":"Ensino Incompar\u00e1vel","publisher":{"@id":"https:\/\/sepam.com.br\/fr\/#organization"},"potentialAction":[{"@type":"SearchAction","target":{"@type":"EntryPoint","urlTemplate":"https:\/\/sepam.com.br\/fr\/?s={search_term_string}"},"query-input":{"@type":"PropertyValueSpecification","valueRequired":true,"valueName":"search_term_string"}}],"inLanguage":"fr-FR"},{"@type":"Organization","@id":"https:\/\/sepam.com.br\/fr\/#organization","name":"Col\u00e9gio Sepam","url":"https:\/\/sepam.com.br\/fr\/","logo":{"@type":"ImageObject","inLanguage":"fr-FR","@id":"https:\/\/sepam.com.br\/fr\/#\/schema\/logo\/image\/","url":"https:\/\/sepam.com.br\/wp-content\/uploads\/2025\/02\/Ativo-2.png","contentUrl":"https:\/\/sepam.com.br\/wp-content\/uploads\/2025\/02\/Ativo-2.png","width":595,"height":525,"caption":"Col\u00e9gio Sepam"},"image":{"@id":"https:\/\/sepam.com.br\/fr\/#\/schema\/logo\/image\/"}}]}},"_links":{"self":[{"href":"https:\/\/sepam.com.br\/fr\/wp-json\/wp\/v2\/artigos\/8293","targetHints":{"allow":["GET"]}}],"collection":[{"href":"https:\/\/sepam.com.br\/fr\/wp-json\/wp\/v2\/artigos"}],"about":[{"href":"https:\/\/sepam.com.br\/fr\/wp-json\/wp\/v2\/types\/artigos"}],"wp:attachment":[{"href":"https:\/\/sepam.com.br\/fr\/wp-json\/wp\/v2\/media?parent=8293"}],"curies":[{"name":"wp","href":"https:\/\/api.w.org\/{rel}","templated":true}]}}