{"id":7608,"date":"2025-09-09T20:37:32","date_gmt":"2025-09-09T23:37:32","guid":{"rendered":"https:\/\/dev.alisonandrei.com.br\/artigos\/nao-chame-a-educacao-infantil-de-escolinha\/"},"modified":"2026-02-11T11:00:56","modified_gmt":"2026-02-11T14:00:56","slug":"nao-chame-a-educacao-infantil-de-escolinha","status":"publish","type":"artigos","link":"https:\/\/sepam.com.br\/fr\/artigos\/nao-chame-a-educacao-infantil-de-escolinha\/","title":{"rendered":"N\u00e3o chame a Educa\u00e7\u00e3o Infantil de \u201cescolinha\u201d"},"content":{"rendered":"<p><em><strong>Por K\u00e1tia Gisele Costa<\/strong><\/em><\/p>\n<p>Desde 1996 a Educa\u00e7\u00e3o Infantil \u00e9 a primeira etapa da educa\u00e7\u00e3o b\u00e1sica brasileira. Aquela ideia de que para criancinhas qualquer coisa serve caiu por terra desde 1988, com a Constitui\u00e7\u00e3o. Hoje, o professor de crian\u00e7a pequena precisa ser qualificado e entrar num ciclo de cuidar enquanto educa e educar enquanto cuida. A Educa\u00e7\u00e3o Infantil \u00e9 um ambiente escolar s\u00e9rio que requer profissionalismo e aten\u00e7\u00e3o, n\u00e3o \u00e9 uma escolinha.<\/p>\n<p>Algumas fam\u00edlias matriculam o filho na Educa\u00e7\u00e3o Infantil para ele brincar com outras crian\u00e7as e esta \u00e9 uma fala comum, visto que no Brasil a taxa de natalidade vem decrescendo a cada ano e aquele modelo de casa cheia de crian\u00e7as fica cada vez mais raro, portanto, a escola \u00e9 o ambiente de concentra\u00e7\u00e3o de crian\u00e7as e a intera\u00e7\u00e3o social ainda \u00e9 o maior potencializador do desenvolvimento delas.<\/p>\n<p>As brincadeiras e as intera\u00e7\u00f5es s\u00e3o os dois eixos que regem o trabalho pedag\u00f3gico da Educa\u00e7\u00e3o Infantil e esses eixos n\u00e3o est\u00e3o ligados ao que os professores conseguem fazer com crian\u00e7as pequenas, mas sim ao que as crian\u00e7as fazem de melhor enquanto s\u00e3o pequenas. As intera\u00e7\u00f5es e as brincadeiras relacionam-se \u00e0s oportunidades que elas t\u00eam de aprender a conviver, a explorar, a participar e a conhecer-se. A Base Nacional Comum Curricular (BNCC) em vigor desde 2017, \u00e9 o primeiro documento legal que traz os interesses da crian\u00e7a para as intencionalidades das a\u00e7\u00f5es, porque at\u00e9 ent\u00e3o os documentos eram voltados para regulamentar a a\u00e7\u00e3o docente. Sendo assim, ao escolher uma escola de Educa\u00e7\u00e3o Infantil para o seu filho analise se ela oportuniza as brincadeiras, se dentro do seu curr\u00edculo tem espa\u00e7o para dramatizar, cantar, dan\u00e7ar, ir ao parque, contar novidades aos seus amigos, levar seu brinquedo favorito uma vez ou outra, pois essas a\u00e7\u00f5es fazem parte de um cotidiano infantil rico, din\u00e2mico e estimulador.<\/p>\n<p>Pesquisadores da Universidade de Missouri, nos Estados Unidos, realizaram em 1986 um estudo com dois grupos de crian\u00e7as (o que frequentava a educa\u00e7\u00e3o infantil e o que ingressava diretamente no ensino fundamental). Ao acompanhar durante duas d\u00e9cadas e meia o crescimento destas crian\u00e7as, descobriram que ter contato desde cedo com um ambiente escolar de qualidade pode ter imensos impactos positivos na sa\u00fade, na qualidade de vida, no mercado de trabalho e nos aspectos socioculturais.<\/p>\n<p>Uma escola de Educa\u00e7\u00e3o Infantil s\u00e9ria e comprometida est\u00e1 preocupada com tudo isso. Preocupamo-nos com a qualidade das intera\u00e7\u00f5es, com a alegria das crian\u00e7as, com as inten\u00e7\u00f5es das brincadeiras, com a inser\u00e7\u00e3o das regras de boa conviv\u00eancia, com os processos de alfabetiza\u00e7\u00e3o, mas acima de tudo, uma Educa\u00e7\u00e3o Infantil de qualidade respeita a crian\u00e7a, deixa que ela brinque e conviva o quanto quiser, pois entende que as rela\u00e7\u00f5es de afeto e de confian\u00e7a far\u00e3o dela uma pessoa feliz, um sujeito questionador, explorador, curioso e gestor do seu pr\u00f3prio desenvolvimento, portanto, n\u00e3o chame a Educa\u00e7\u00e3o Infantil de escolinha, porque ela \u00e9 grande e promissora.<\/p>\n<p>Link para a conhecer a pesquisa: <a href=\"https:\/\/www.correiobraziliense.com.br\/app\/noticia\/ciencia-e-saude\/2011\/06\/10\/interna_ciencia_saude,256247\/estudo-aponta-que-pessoas-que-frequentam-a-pre-escola-obtem-maior-sucesso.shtml\">Universidade de Missouri, nos Estados Unidos<\/a><\/p>\n<blockquote>\n<p style=\"text-align: left;\"><strong><em>Katia Gisele Costa<\/em><\/strong><em>\u00a0\u00e9\u00a0Pedagoga pela Universidade Estadual de Ponta Grossa e Mestre em Educa\u00e7\u00e3o pela Universidade do Minho (Portugal). \u00c9\u00a0Coordenadora Pedag\u00f3gica \u2013 Educa\u00e7\u00e3o Infantil no Col\u00e9gio Pontagrossense SEPAM, de Ponta Grossa-PR.<\/em><\/p>\n<\/blockquote>\n","protected":false},"featured_media":0,"template":"","class_list":["post-7608","artigos","type-artigos","status-publish","hentry"],"yoast_head":"<!-- This site is optimized with the Yoast SEO plugin v28.4 - https:\/\/yoast.com\/product\/yoast-seo-wordpress\/ -->\n<title>N\u00e3o chame a Educa\u00e7\u00e3o Infantil de \u201cescolinha\u201d - Col\u00e9gio Sepam<\/title>\n<meta name=\"robots\" content=\"index, follow, max-snippet:-1, max-image-preview:large, max-video-preview:-1\" \/>\n<link rel=\"canonical\" href=\"https:\/\/sepam.com.br\/fr\/artigos\/nao-chame-a-educacao-infantil-de-escolinha\/\" \/>\n<meta property=\"og:locale\" content=\"fr_FR\" \/>\n<meta property=\"og:type\" content=\"article\" \/>\n<meta property=\"og:title\" content=\"N\u00e3o chame a Educa\u00e7\u00e3o Infantil de \u201cescolinha\u201d - Col\u00e9gio Sepam\" \/>\n<meta property=\"og:description\" content=\"Por K\u00e1tia Gisele Costa Desde 1996 a Educa\u00e7\u00e3o Infantil \u00e9 a primeira etapa da educa\u00e7\u00e3o b\u00e1sica brasileira. Aquela ideia de que para criancinhas qualquer coisa serve caiu por terra desde 1988, com a Constitui\u00e7\u00e3o. Hoje, o professor de crian\u00e7a pequena precisa ser qualificado e entrar num ciclo de cuidar enquanto educa e educar enquanto cuida. [&hellip;]\" \/>\n<meta property=\"og:url\" content=\"https:\/\/sepam.com.br\/fr\/artigos\/nao-chame-a-educacao-infantil-de-escolinha\/\" \/>\n<meta property=\"og:site_name\" content=\"Col\u00e9gio Sepam\" \/>\n<meta property=\"article:modified_time\" content=\"2026-02-11T14:00:56+00:00\" \/>\n<meta name=\"twitter:card\" content=\"summary_large_image\" \/>\n<meta name=\"twitter:label1\" content=\"Dur\u00e9e de lecture estim\u00e9e\" \/>\n\t<meta name=\"twitter:data1\" content=\"3 minutes\" \/>\n<script type=\"application\/ld+json\" class=\"yoast-schema-graph\">{\"@context\":\"https:\\\/\\\/schema.org\",\"@graph\":[{\"@type\":\"WebPage\",\"@id\":\"https:\\\/\\\/sepam.com.br\\\/fr\\\/artigos\\\/nao-chame-a-educacao-infantil-de-escolinha\\\/\",\"url\":\"https:\\\/\\\/sepam.com.br\\\/fr\\\/artigos\\\/nao-chame-a-educacao-infantil-de-escolinha\\\/\",\"name\":\"N\u00e3o chame a Educa\u00e7\u00e3o Infantil de \u201cescolinha\u201d - Col\u00e9gio Sepam\",\"isPartOf\":{\"@id\":\"https:\\\/\\\/sepam.com.br\\\/#website\"},\"datePublished\":\"2025-09-09T23:37:32+00:00\",\"dateModified\":\"2026-02-11T14:00:56+00:00\",\"breadcrumb\":{\"@id\":\"https:\\\/\\\/sepam.com.br\\\/fr\\\/artigos\\\/nao-chame-a-educacao-infantil-de-escolinha\\\/#breadcrumb\"},\"inLanguage\":\"fr-FR\",\"potentialAction\":[{\"@type\":\"ReadAction\",\"target\":[\"https:\\\/\\\/sepam.com.br\\\/fr\\\/artigos\\\/nao-chame-a-educacao-infantil-de-escolinha\\\/\"]}]},{\"@type\":\"BreadcrumbList\",\"@id\":\"https:\\\/\\\/sepam.com.br\\\/fr\\\/artigos\\\/nao-chame-a-educacao-infantil-de-escolinha\\\/#breadcrumb\",\"itemListElement\":[{\"@type\":\"ListItem\",\"position\":1,\"name\":\"Boas Vindas\",\"item\":\"https:\\\/\\\/sepam.com.br\\\/\"},{\"@type\":\"ListItem\",\"position\":2,\"name\":\"N\u00e3o chame a Educa\u00e7\u00e3o Infantil de \u201cescolinha\u201d\"}]},{\"@type\":\"WebSite\",\"@id\":\"https:\\\/\\\/sepam.com.br\\\/fr\\\/#website\",\"url\":\"https:\\\/\\\/sepam.com.br\\\/fr\\\/\",\"name\":\"Col\u00e9gio Sepam\",\"description\":\"Ensino Incompar\u00e1vel\",\"publisher\":{\"@id\":\"https:\\\/\\\/sepam.com.br\\\/fr\\\/#organization\"},\"potentialAction\":[{\"@type\":\"SearchAction\",\"target\":{\"@type\":\"EntryPoint\",\"urlTemplate\":\"https:\\\/\\\/sepam.com.br\\\/fr\\\/?s={search_term_string}\"},\"query-input\":{\"@type\":\"PropertyValueSpecification\",\"valueRequired\":true,\"valueName\":\"search_term_string\"}}],\"inLanguage\":\"fr-FR\"},{\"@type\":\"Organization\",\"@id\":\"https:\\\/\\\/sepam.com.br\\\/fr\\\/#organization\",\"name\":\"Col\u00e9gio Sepam\",\"url\":\"https:\\\/\\\/sepam.com.br\\\/fr\\\/\",\"logo\":{\"@type\":\"ImageObject\",\"inLanguage\":\"fr-FR\",\"@id\":\"https:\\\/\\\/sepam.com.br\\\/fr\\\/#\\\/schema\\\/logo\\\/image\\\/\",\"url\":\"https:\\\/\\\/sepam.com.br\\\/wp-content\\\/uploads\\\/2025\\\/02\\\/Ativo-2.png\",\"contentUrl\":\"https:\\\/\\\/sepam.com.br\\\/wp-content\\\/uploads\\\/2025\\\/02\\\/Ativo-2.png\",\"width\":595,\"height\":525,\"caption\":\"Col\u00e9gio Sepam\"},\"image\":{\"@id\":\"https:\\\/\\\/sepam.com.br\\\/fr\\\/#\\\/schema\\\/logo\\\/image\\\/\"}}]}<\/script>\n<!-- \/ Yoast SEO plugin. -->","yoast_head_json":{"title":"N\u00e3o chame a Educa\u00e7\u00e3o Infantil de \u201cescolinha\u201d - Col\u00e9gio Sepam","robots":{"index":"index","follow":"follow","max-snippet":"max-snippet:-1","max-image-preview":"max-image-preview:large","max-video-preview":"max-video-preview:-1"},"canonical":"https:\/\/sepam.com.br\/fr\/artigos\/nao-chame-a-educacao-infantil-de-escolinha\/","og_locale":"fr_FR","og_type":"article","og_title":"N\u00e3o chame a Educa\u00e7\u00e3o Infantil de \u201cescolinha\u201d - Col\u00e9gio Sepam","og_description":"Por K\u00e1tia Gisele Costa Desde 1996 a Educa\u00e7\u00e3o Infantil \u00e9 a primeira etapa da educa\u00e7\u00e3o b\u00e1sica brasileira. Aquela ideia de que para criancinhas qualquer coisa serve caiu por terra desde 1988, com a Constitui\u00e7\u00e3o. Hoje, o professor de crian\u00e7a pequena precisa ser qualificado e entrar num ciclo de cuidar enquanto educa e educar enquanto cuida. [&hellip;]","og_url":"https:\/\/sepam.com.br\/fr\/artigos\/nao-chame-a-educacao-infantil-de-escolinha\/","og_site_name":"Col\u00e9gio Sepam","article_modified_time":"2026-02-11T14:00:56+00:00","twitter_card":"summary_large_image","twitter_misc":{"Dur\u00e9e de lecture estim\u00e9e":"3 minutes"},"schema":{"@context":"https:\/\/schema.org","@graph":[{"@type":"WebPage","@id":"https:\/\/sepam.com.br\/fr\/artigos\/nao-chame-a-educacao-infantil-de-escolinha\/","url":"https:\/\/sepam.com.br\/fr\/artigos\/nao-chame-a-educacao-infantil-de-escolinha\/","name":"N\u00e3o chame a Educa\u00e7\u00e3o Infantil de \u201cescolinha\u201d - Col\u00e9gio Sepam","isPartOf":{"@id":"https:\/\/sepam.com.br\/#website"},"datePublished":"2025-09-09T23:37:32+00:00","dateModified":"2026-02-11T14:00:56+00:00","breadcrumb":{"@id":"https:\/\/sepam.com.br\/fr\/artigos\/nao-chame-a-educacao-infantil-de-escolinha\/#breadcrumb"},"inLanguage":"fr-FR","potentialAction":[{"@type":"ReadAction","target":["https:\/\/sepam.com.br\/fr\/artigos\/nao-chame-a-educacao-infantil-de-escolinha\/"]}]},{"@type":"BreadcrumbList","@id":"https:\/\/sepam.com.br\/fr\/artigos\/nao-chame-a-educacao-infantil-de-escolinha\/#breadcrumb","itemListElement":[{"@type":"ListItem","position":1,"name":"Boas Vindas","item":"https:\/\/sepam.com.br\/"},{"@type":"ListItem","position":2,"name":"N\u00e3o chame a Educa\u00e7\u00e3o Infantil de \u201cescolinha\u201d"}]},{"@type":"WebSite","@id":"https:\/\/sepam.com.br\/fr\/#website","url":"https:\/\/sepam.com.br\/fr\/","name":"Col\u00e9gio Sepam","description":"Ensino Incompar\u00e1vel","publisher":{"@id":"https:\/\/sepam.com.br\/fr\/#organization"},"potentialAction":[{"@type":"SearchAction","target":{"@type":"EntryPoint","urlTemplate":"https:\/\/sepam.com.br\/fr\/?s={search_term_string}"},"query-input":{"@type":"PropertyValueSpecification","valueRequired":true,"valueName":"search_term_string"}}],"inLanguage":"fr-FR"},{"@type":"Organization","@id":"https:\/\/sepam.com.br\/fr\/#organization","name":"Col\u00e9gio Sepam","url":"https:\/\/sepam.com.br\/fr\/","logo":{"@type":"ImageObject","inLanguage":"fr-FR","@id":"https:\/\/sepam.com.br\/fr\/#\/schema\/logo\/image\/","url":"https:\/\/sepam.com.br\/wp-content\/uploads\/2025\/02\/Ativo-2.png","contentUrl":"https:\/\/sepam.com.br\/wp-content\/uploads\/2025\/02\/Ativo-2.png","width":595,"height":525,"caption":"Col\u00e9gio Sepam"},"image":{"@id":"https:\/\/sepam.com.br\/fr\/#\/schema\/logo\/image\/"}}]}},"_links":{"self":[{"href":"https:\/\/sepam.com.br\/fr\/wp-json\/wp\/v2\/artigos\/7608","targetHints":{"allow":["GET"]}}],"collection":[{"href":"https:\/\/sepam.com.br\/fr\/wp-json\/wp\/v2\/artigos"}],"about":[{"href":"https:\/\/sepam.com.br\/fr\/wp-json\/wp\/v2\/types\/artigos"}],"wp:attachment":[{"href":"https:\/\/sepam.com.br\/fr\/wp-json\/wp\/v2\/media?parent=7608"}],"curies":[{"name":"wp","href":"https:\/\/api.w.org\/{rel}","templated":true}]}}