{"id":7605,"date":"2025-09-09T20:37:30","date_gmt":"2025-09-09T23:37:30","guid":{"rendered":"https:\/\/dev.alisonandrei.com.br\/artigos\/cuidando-da-saude-mental-das-criancas\/"},"modified":"2026-02-11T11:00:56","modified_gmt":"2026-02-11T14:00:56","slug":"cuidando-da-saude-mental-das-criancas","status":"publish","type":"artigos","link":"https:\/\/sepam.com.br\/es\/artigos\/cuidando-da-saude-mental-das-criancas\/","title":{"rendered":"Cuidando da sa\u00fade mental das crian\u00e7as"},"content":{"rendered":"<p><strong><em>Por Katia Gisele Costa<\/em><\/strong><\/p>\n<p>Voc\u00ea j\u00e1 deve ter ouvido algumas vezes a seguinte frase \u201cno meu tempo as coisas eram diferentes\u201d. Realmente eram e \u00e9 assim que tem que ser. As coisas mudam, as gera\u00e7\u00f5es ganham novas caracter\u00edsticas, a ci\u00eancia evolui. Nas \u00faltimas d\u00e9cadas a tecnologia invadiu as nossas vidas e isso tudo nos trouxe uma maneira mais \u00e1gil, ou mais imediatista para resolver problemas e conquistar o que queremos de forma decisiva.<\/p>\n<p>Quem est\u00e1 na faixa dos 40 anos ainda se lembra que quando \u00e9ramos crian\u00e7as ganh\u00e1vamos brinquedos em tr\u00eas datas do ano: no anivers\u00e1rio, no Dia das Crian\u00e7as e no Natal. E hoje? Quantas vezes por ano voc\u00ea compra brinquedos para os seus filhos? Quanto tempo a crian\u00e7a de hoje precisa esperar para ganhar o presente que quer? Estas perguntas precisam ser respondidas por n\u00f3s pais, porque ao tentar agradar nossos filhos dando a eles o que n\u00e3o tivemos, estamos por outro lado \u201cpulando etapas\u201d, gerando ansiedade e impedindo que eles ganhem as no\u00e7\u00f5es de resili\u00eancia, de esfor\u00e7o e de m\u00e9rito. Isto pode trazer inseguran\u00e7a e tristeza.<\/p>\n<p>V\u00e1rios pedagogos, fil\u00f3sofos, m\u00e9dicos e estudiosos do desenvolvimento e comportamento infantil, como Jane Nelson, I\u00e7ami Tiba, Mario S\u00e9rgio Cortela, Gustavo Teixeira entre outros h\u00e1 anos v\u00eam falando sobre como pais e professores podem e devem ajudar na manuten\u00e7\u00e3o da sa\u00fade mental das crian\u00e7as. Um ponto abordado por eles \u00e9 a ansiedade que domina o comportamento infantil atual. As raz\u00f5es do surgimento da ansiedade, que tem atingido uma parte das crian\u00e7as e adolescentes, v\u00e3o desde fam\u00edlias que trabalham bastante, mantendo-se afastados dos filhos e buscando compensar isto dando-lhes \u201ccoisas\u201d ao inv\u00e9s de tempo; at\u00e9 a forma com que os adultos t\u00eam de sanar suas pr\u00f3prias frustra\u00e7\u00f5es na vida dos filhos. Esta proje\u00e7\u00e3o tem causado danos na sa\u00fade mental das crian\u00e7as porque quanto mais \u201ccoisas\u201d elas ganham, menos conseguem lidar com a frustra\u00e7\u00e3o causada quando recebem um n\u00e3o como resposta.<\/p>\n<p>No universo escolar percebemos que j\u00e1 h\u00e1 alguns anos, nestes tempos modernos, temos crian\u00e7as entendidas como l\u00edderes nas nossas salas de aula, mas os l\u00edderes que temos visto possuem um car\u00e1ter autorit\u00e1rio, determinador e isso n\u00e3o \u00e9 a lideran\u00e7a desejada. S\u00e3o tra\u00e7os de autoritarismo que as crian\u00e7as t\u00eam reproduzido quando decidem o que fazer nas brincadeiras, decidem quem pode e quem n\u00e3o pode brincar, imp\u00f5em as consequ\u00eancias dos comportamentos indesejados, mas n\u00e3o sabem administrar a situa\u00e7\u00e3o e o pr\u00f3prio comportamento quando o mesmo acontece com elas. A escola tem trabalhado o inverso. Temos buscado construir um l\u00edder em cada um, para que juntos com a for\u00e7a da lideran\u00e7a se consigam decis\u00f5es democr\u00e1ticas, se preserve o bem comum, a partilha e se melhore a qualidade de vida da coletividade e a sa\u00fade mental de cada pessoa.<\/p>\n<p>Percebemos que alguns pais t\u00eam feito uma pequena confus\u00e3o entre deixar a crian\u00e7a expressar suas vontades e deix\u00e1-la decidir. Em uma rela\u00e7\u00e3o madura entre pais e filhos, o adulto \u00e9 o mais experiente e, portanto, est\u00e1 nele o poder da decis\u00e3o. Quando esse papel se inverte a crian\u00e7a sente-se desorientada mentalmente e por isso chora, grita, manifesta um comportamento de tristeza, de pavor e ansiedade, sendo por vezes at\u00e9 agressiva com o adulto que a cuida, pois, ela n\u00e3o est\u00e1 ainda preparada para decidir.<\/p>\n<p>Para ajudarmos uma crian\u00e7a a crescer mentalmente saud\u00e1vel precisamos promover discuss\u00f5es, simular problemas a serem solucionados, deixar que tome conta do irm\u00e3o mais novo, que partilhe, que pratique a resili\u00eancia. Devemos propiciar desafios controlados pois, ao permitirmos momentos de frustra\u00e7\u00e3o, a crian\u00e7a amadurece e aprende a levar a vida de um jeito mais leve. O choro, o grito que vem em seguido do n\u00e3o como resposta fazem parte do crescer. N\u00e3o \u00e9 dor nem sofrimento, \u00e9 amadurecimento. Valorize o que uma crian\u00e7a faz de bom, fa\u00e7a elogios, lhe d\u00ea oportunidade para mostrar o quanto j\u00e1 cresceu, mas, se precisar dizer n\u00e3o, diga. \u00c9 esse conjunto harmonioso que envolve atitudes de bondade, pensamento coletivo, frustra\u00e7\u00e3o, adapta\u00e7\u00e3o mental e dom\u00ednio das emo\u00e7\u00f5es que constr\u00f3i a sinergia. Assim os adultos ajudam a crian\u00e7a a encontrar seu equil\u00edbrio, a ser feliz e mentalmente saud\u00e1vel.<\/p>\n<blockquote>\n<p style=\"text-align: left;\"><em><strong>Katia Gisele Costa<\/strong> \u00e9\u00a0Pedagoga pela Universidade Estadual de Ponta Grossa e Mestre em Educa\u00e7\u00e3o pela Universidade do Minho (Portugal). \u00c9\u00a0 Coordenadora Pedag\u00f3gica \u2013 Educa\u00e7\u00e3o Infantil no Col\u00e9gio Pontagrossense SEPAM, de Ponta Grossa-PR.<\/em><\/p>\n<\/blockquote>\n<hr \/>\n<p style=\"text-align: right;\">Artigo publicado na edi\u00e7\u00e3o de Fevereiro\/2021 da <a href=\"https:\/\/e.issuu.com\/embed.html?d=ponta_grossa_edicao_35_fevereiro_2021_site&amp;u=revistasaude2\" target=\"_blank\" rel=\"noopener\">Revista Sa\u00fade<\/a>.<\/p>\n","protected":false},"featured_media":0,"template":"","class_list":["post-7605","artigos","type-artigos","status-publish","hentry"],"yoast_head":"<!-- This site is optimized with the Yoast SEO plugin v28.4 - https:\/\/yoast.com\/product\/yoast-seo-wordpress\/ -->\n<title>Cuidando da sa\u00fade mental das crian\u00e7as - Col\u00e9gio Sepam<\/title>\n<meta name=\"robots\" content=\"index, follow, max-snippet:-1, max-image-preview:large, max-video-preview:-1\" \/>\n<link rel=\"canonical\" href=\"https:\/\/sepam.com.br\/es\/artigos\/cuidando-da-saude-mental-das-criancas\/\" \/>\n<meta property=\"og:locale\" content=\"es_ES\" \/>\n<meta property=\"og:type\" content=\"article\" \/>\n<meta property=\"og:title\" content=\"Cuidando da sa\u00fade mental das crian\u00e7as - Col\u00e9gio Sepam\" \/>\n<meta property=\"og:description\" content=\"Por Katia Gisele Costa Voc\u00ea j\u00e1 deve ter ouvido algumas vezes a seguinte frase \u201cno meu tempo as coisas eram diferentes\u201d. Realmente eram e \u00e9 assim que tem que ser. As coisas mudam, as gera\u00e7\u00f5es ganham novas caracter\u00edsticas, a ci\u00eancia evolui. Nas \u00faltimas d\u00e9cadas a tecnologia invadiu as nossas vidas e isso tudo nos trouxe [&hellip;]\" \/>\n<meta property=\"og:url\" content=\"https:\/\/sepam.com.br\/es\/artigos\/cuidando-da-saude-mental-das-criancas\/\" \/>\n<meta property=\"og:site_name\" content=\"Col\u00e9gio Sepam\" \/>\n<meta property=\"article:modified_time\" content=\"2026-02-11T14:00:56+00:00\" \/>\n<meta name=\"twitter:card\" content=\"summary_large_image\" \/>\n<meta name=\"twitter:label1\" content=\"Tiempo de lectura\" \/>\n\t<meta name=\"twitter:data1\" content=\"4 minutos\" \/>\n<script type=\"application\/ld+json\" class=\"yoast-schema-graph\">{\"@context\":\"https:\\\/\\\/schema.org\",\"@graph\":[{\"@type\":\"WebPage\",\"@id\":\"https:\\\/\\\/sepam.com.br\\\/es\\\/artigos\\\/cuidando-da-saude-mental-das-criancas\\\/\",\"url\":\"https:\\\/\\\/sepam.com.br\\\/es\\\/artigos\\\/cuidando-da-saude-mental-das-criancas\\\/\",\"name\":\"Cuidando da sa\u00fade mental das crian\u00e7as - Col\u00e9gio Sepam\",\"isPartOf\":{\"@id\":\"https:\\\/\\\/sepam.com.br\\\/#website\"},\"datePublished\":\"2025-09-09T23:37:30+00:00\",\"dateModified\":\"2026-02-11T14:00:56+00:00\",\"breadcrumb\":{\"@id\":\"https:\\\/\\\/sepam.com.br\\\/es\\\/artigos\\\/cuidando-da-saude-mental-das-criancas\\\/#breadcrumb\"},\"inLanguage\":\"es\",\"potentialAction\":[{\"@type\":\"ReadAction\",\"target\":[\"https:\\\/\\\/sepam.com.br\\\/es\\\/artigos\\\/cuidando-da-saude-mental-das-criancas\\\/\"]}]},{\"@type\":\"BreadcrumbList\",\"@id\":\"https:\\\/\\\/sepam.com.br\\\/es\\\/artigos\\\/cuidando-da-saude-mental-das-criancas\\\/#breadcrumb\",\"itemListElement\":[{\"@type\":\"ListItem\",\"position\":1,\"name\":\"Boas Vindas\",\"item\":\"https:\\\/\\\/sepam.com.br\\\/\"},{\"@type\":\"ListItem\",\"position\":2,\"name\":\"Cuidando da sa\u00fade mental das crian\u00e7as\"}]},{\"@type\":\"WebSite\",\"@id\":\"https:\\\/\\\/sepam.com.br\\\/es\\\/#website\",\"url\":\"https:\\\/\\\/sepam.com.br\\\/es\\\/\",\"name\":\"Col\u00e9gio Sepam\",\"description\":\"Ensino Incompar\u00e1vel\",\"publisher\":{\"@id\":\"https:\\\/\\\/sepam.com.br\\\/es\\\/#organization\"},\"potentialAction\":[{\"@type\":\"SearchAction\",\"target\":{\"@type\":\"EntryPoint\",\"urlTemplate\":\"https:\\\/\\\/sepam.com.br\\\/es\\\/?s={search_term_string}\"},\"query-input\":{\"@type\":\"PropertyValueSpecification\",\"valueRequired\":true,\"valueName\":\"search_term_string\"}}],\"inLanguage\":\"es\"},{\"@type\":\"Organization\",\"@id\":\"https:\\\/\\\/sepam.com.br\\\/es\\\/#organization\",\"name\":\"Col\u00e9gio Sepam\",\"url\":\"https:\\\/\\\/sepam.com.br\\\/es\\\/\",\"logo\":{\"@type\":\"ImageObject\",\"inLanguage\":\"es\",\"@id\":\"https:\\\/\\\/sepam.com.br\\\/es\\\/#\\\/schema\\\/logo\\\/image\\\/\",\"url\":\"https:\\\/\\\/sepam.com.br\\\/wp-content\\\/uploads\\\/2025\\\/02\\\/Ativo-2.png\",\"contentUrl\":\"https:\\\/\\\/sepam.com.br\\\/wp-content\\\/uploads\\\/2025\\\/02\\\/Ativo-2.png\",\"width\":595,\"height\":525,\"caption\":\"Col\u00e9gio Sepam\"},\"image\":{\"@id\":\"https:\\\/\\\/sepam.com.br\\\/es\\\/#\\\/schema\\\/logo\\\/image\\\/\"}}]}<\/script>\n<!-- \/ Yoast SEO plugin. -->","yoast_head_json":{"title":"Cuidando da sa\u00fade mental das crian\u00e7as - Col\u00e9gio Sepam","robots":{"index":"index","follow":"follow","max-snippet":"max-snippet:-1","max-image-preview":"max-image-preview:large","max-video-preview":"max-video-preview:-1"},"canonical":"https:\/\/sepam.com.br\/es\/artigos\/cuidando-da-saude-mental-das-criancas\/","og_locale":"es_ES","og_type":"article","og_title":"Cuidando da sa\u00fade mental das crian\u00e7as - Col\u00e9gio Sepam","og_description":"Por Katia Gisele Costa Voc\u00ea j\u00e1 deve ter ouvido algumas vezes a seguinte frase \u201cno meu tempo as coisas eram diferentes\u201d. Realmente eram e \u00e9 assim que tem que ser. As coisas mudam, as gera\u00e7\u00f5es ganham novas caracter\u00edsticas, a ci\u00eancia evolui. Nas \u00faltimas d\u00e9cadas a tecnologia invadiu as nossas vidas e isso tudo nos trouxe [&hellip;]","og_url":"https:\/\/sepam.com.br\/es\/artigos\/cuidando-da-saude-mental-das-criancas\/","og_site_name":"Col\u00e9gio Sepam","article_modified_time":"2026-02-11T14:00:56+00:00","twitter_card":"summary_large_image","twitter_misc":{"Tiempo de lectura":"4 minutos"},"schema":{"@context":"https:\/\/schema.org","@graph":[{"@type":"WebPage","@id":"https:\/\/sepam.com.br\/es\/artigos\/cuidando-da-saude-mental-das-criancas\/","url":"https:\/\/sepam.com.br\/es\/artigos\/cuidando-da-saude-mental-das-criancas\/","name":"Cuidando da sa\u00fade mental das crian\u00e7as - Col\u00e9gio Sepam","isPartOf":{"@id":"https:\/\/sepam.com.br\/#website"},"datePublished":"2025-09-09T23:37:30+00:00","dateModified":"2026-02-11T14:00:56+00:00","breadcrumb":{"@id":"https:\/\/sepam.com.br\/es\/artigos\/cuidando-da-saude-mental-das-criancas\/#breadcrumb"},"inLanguage":"es","potentialAction":[{"@type":"ReadAction","target":["https:\/\/sepam.com.br\/es\/artigos\/cuidando-da-saude-mental-das-criancas\/"]}]},{"@type":"BreadcrumbList","@id":"https:\/\/sepam.com.br\/es\/artigos\/cuidando-da-saude-mental-das-criancas\/#breadcrumb","itemListElement":[{"@type":"ListItem","position":1,"name":"Boas Vindas","item":"https:\/\/sepam.com.br\/"},{"@type":"ListItem","position":2,"name":"Cuidando da sa\u00fade mental das crian\u00e7as"}]},{"@type":"WebSite","@id":"https:\/\/sepam.com.br\/es\/#website","url":"https:\/\/sepam.com.br\/es\/","name":"Col\u00e9gio Sepam","description":"Ensino Incompar\u00e1vel","publisher":{"@id":"https:\/\/sepam.com.br\/es\/#organization"},"potentialAction":[{"@type":"SearchAction","target":{"@type":"EntryPoint","urlTemplate":"https:\/\/sepam.com.br\/es\/?s={search_term_string}"},"query-input":{"@type":"PropertyValueSpecification","valueRequired":true,"valueName":"search_term_string"}}],"inLanguage":"es"},{"@type":"Organization","@id":"https:\/\/sepam.com.br\/es\/#organization","name":"Col\u00e9gio Sepam","url":"https:\/\/sepam.com.br\/es\/","logo":{"@type":"ImageObject","inLanguage":"es","@id":"https:\/\/sepam.com.br\/es\/#\/schema\/logo\/image\/","url":"https:\/\/sepam.com.br\/wp-content\/uploads\/2025\/02\/Ativo-2.png","contentUrl":"https:\/\/sepam.com.br\/wp-content\/uploads\/2025\/02\/Ativo-2.png","width":595,"height":525,"caption":"Col\u00e9gio Sepam"},"image":{"@id":"https:\/\/sepam.com.br\/es\/#\/schema\/logo\/image\/"}}]}},"_links":{"self":[{"href":"https:\/\/sepam.com.br\/es\/wp-json\/wp\/v2\/artigos\/7605","targetHints":{"allow":["GET"]}}],"collection":[{"href":"https:\/\/sepam.com.br\/es\/wp-json\/wp\/v2\/artigos"}],"about":[{"href":"https:\/\/sepam.com.br\/es\/wp-json\/wp\/v2\/types\/artigos"}],"wp:attachment":[{"href":"https:\/\/sepam.com.br\/es\/wp-json\/wp\/v2\/media?parent=7605"}],"curies":[{"name":"wp","href":"https:\/\/api.w.org\/{rel}","templated":true}]}}