{"id":7588,"date":"2025-09-09T20:37:30","date_gmt":"2025-09-09T23:37:30","guid":{"rendered":"https:\/\/dev.alisonandrei.com.br\/artigos\/aprendizagem-informal-como-tendencia-no-ensino-formal\/"},"modified":"2026-02-11T11:00:56","modified_gmt":"2026-02-11T14:00:56","slug":"aprendizagem-informal-como-tendencia-no-ensino-formal","status":"publish","type":"artigos","link":"https:\/\/sepam.com.br\/es\/artigos\/aprendizagem-informal-como-tendencia-no-ensino-formal\/","title":{"rendered":"Aprendizagem informal como tend\u00eancia no ensino formal"},"content":{"rendered":"<p><em>Por Talita Moretto<\/em><\/p>\n<p>Tablets, smartphones, wi-fi, hiperlinks, virtualidade, gamifica\u00e7\u00e3o, Labs, Makers\u2026 as nomenclaturas, metodologias, novidades e tend\u00eancias s\u00e3o muitas, mas o quanto precisamos de tudo isso na educa\u00e7\u00e3o? At\u00e9 que ponto a ado\u00e7\u00e3o de novas metodologias de ensino pode superar as dificuldades que a escola em rela\u00e7\u00e3o \u00e0 estrutura adequada ao perfil da atual gera\u00e7\u00e3o de estudantes? Mudar a configura\u00e7\u00e3o da sala de aula, adotar pr\u00e1ticas mais informais de ensino, realmente, reflete em uma potencializa\u00e7\u00e3o dos m\u00e9todos tradicionais de educa\u00e7\u00e3o?<\/p>\n<p>De fato, \u00e9 urgente pensar em estrat\u00e9gias que engajem os estudantes nativos digitais. O aluno que hoje ocupa as carteiras da escola j\u00e1 entra na sala de aula portando um dispositivo m\u00f3vel, possuidor de uma viv\u00eancia tecnol\u00f3gica robusta, com muitas ideias e um turbilh\u00e3o de informa\u00e7\u00f5es, contudo, pouca maturidade e pouca prepara\u00e7\u00e3o para lidar com tudo isso. Despeja ent\u00e3o no professor, tentando adequar o seu mundo ao conte\u00fado pedag\u00f3gico, nem sempre preparado para o inverso.<\/p>\n<p>O problema \u00e9 que algumas metodologias, por carregarem nomenclaturas espec\u00edficas, ficam obscuras para os professores que, por vezes, ignoram que eles pr\u00f3prios j\u00e1 levam essas inova\u00e7\u00f5es para suas aulas. E como isso acontece? De maneira natural. Conforme a sociedade vai colocando novas op\u00e7\u00f5es de recursos, involuntariamente, a popula\u00e7\u00e3o adota-os no dia a dia, em casa, nos momentos de lazer e no trabalho tamb\u00e9m.<\/p>\n<p>Uma das tend\u00eancias \u00e9 o <em>Blended-Learning<\/em>, tamb\u00e9m conhecido como <em>B-Learning<\/em> ou Ensino H\u00edbrido (em portugu\u00eas), que \u00e9 a \u201cmistura\u201d de atividades presenciais com atividades a dist\u00e2ncia. O B-Learning permite ao professor ampliar sua sala de aula, oportunizando uma aprendizagem colaborativa. N\u00e3o se trata de abandonar espa\u00e7os, mas unific\u00e1-los.<\/p>\n<p>Podemos citar tamb\u00e9m a <em>Flipped Classroom<\/em>, ou Sala de Aula Invertida, cujo intuito \u00e9 inverter a \u201cl\u00f3gica\u201d da sala permitindo que os alunos tenham contato com o conte\u00fado antes da aula presencial; pode ser atrav\u00e9s de artigos, v\u00eddeos, games, objetos digitais diversos. Desta forma, o aluno j\u00e1 adquire conhecimento previamente sobre o conte\u00fado\/assunto e utiliza o espa\u00e7o f\u00edsico da sala de aula para tirar as d\u00favidas e fixar o que aprendeu, tendo apoio dos colegas e dos professores, que passam a ser mediadores, facilitadores na constru\u00e7\u00e3o do conhecimento.<\/p>\n<p>Neste universo aberto e colaborativo, encontramos alguns recursos disponibilizados online de forma gratuita, como os <a href=\"http:\/\/www.rea.net.br\/site\/\" target=\"_blank\" rel=\"noopener\">REAs \u2013 Recursos Educacionais Abertos<\/a>; materiais de ensino que est\u00e3o sob dom\u00ednio p\u00fablico, na Internet. Os REAs atuam na perspectiva de que o conte\u00fado precisa estar dispon\u00edvel e ser distribu\u00eddo democraticamente para colaborar com o desenvolvimento das pessoas.<\/p>\n<p>Todas essas novas metodologias e tend\u00eancias atuam sob a perspectiva da chamada \u201cAprendizagem Informal\u201d, que \u00e9 caracterizada pela n\u00e3o necessidade de estarmos em um local espec\u00edfico e f\u00edsico para aprendermos. Podemos aprender da forma que quisermos e no nosso ritmo. Claro que este formato de aprendizagem ainda n\u00e3o \u00e9 muito empregado nas escolas brasileiras, pois implica em dar ao aluno liberdade para escolher o que ele quer aprender, e ainda n\u00e3o estamos preparados para isso. Mas \u00e9 importante ler, conhecer, aprender e tentar aplicar para medir resultados.<\/p>\n<p><strong>Sugest\u00e3o:<\/strong> <a href=\"https:\/\/www.edutopia.org\/\" target=\"_blank\" rel=\"noopener\">Edutopia<\/a>\u00a0&#8211; projeto desenvolvido na California\/EUA, idealizado pela George Lucas Educational Foundation (GLEF). \u00c9 baseado em m\u00e9todos atuais e inovadores, que englobam aprendizado emocional, b-Learning, aprendizado com jogos, integra\u00e7\u00e3o com a tecnologia, e outros. No canal, s\u00e3o divulgadas v\u00e1rias experi\u00eancias bem-sucedidas de escolas que j\u00e1 atuam com a Edutopia.<\/p>\n<blockquote><p><em><strong>Talita Moretto<\/strong> \u00e9 Gerente de Tecnologia Educacional no Col\u00e9gio SEPAM \u2013 Ponta Grossa-PR. Mestre em educa\u00e7\u00e3o e tecnologias digitais pelo Instituto de Educa\u00e7\u00e3o da Universidade de Lisboa (Portugal), atua nas interfaces m\u00eddia-educa\u00e7\u00e3o e tecnologias-educa\u00e7\u00e3o, desde 2008. \u00c9 idealizadora e diretora do Sala Aberta &#8211; Criatividade, Liberdade e Inova\u00e7\u00e3o (salaaberta.com.br).<\/em><\/p><\/blockquote>\n<hr \/>\n<h4><em>Artigo publicado no <a href=\"https:\/\/www.gazetadopovo.com.br\/blogs\/educacao-e-midia\/aprendizagem-informal-como-tendencia-no-ensino-formal\/\" target=\"_blank\" rel=\"noopener\">blog Educa\u00e7\u00e3o e M\u00eddia<\/a> (Gazeta do Povo), em 19\/12\/2017.<\/em><\/h4>\n<p>&nbsp;<\/p>\n","protected":false},"featured_media":0,"template":"","class_list":["post-7588","artigos","type-artigos","status-publish","hentry"],"yoast_head":"<!-- This site is optimized with the Yoast SEO plugin v28.4 - https:\/\/yoast.com\/product\/yoast-seo-wordpress\/ -->\n<title>Aprendizagem informal como tend\u00eancia no ensino formal - Col\u00e9gio Sepam<\/title>\n<meta name=\"robots\" content=\"index, follow, max-snippet:-1, max-image-preview:large, max-video-preview:-1\" \/>\n<link rel=\"canonical\" href=\"https:\/\/sepam.com.br\/es\/artigos\/aprendizagem-informal-como-tendencia-no-ensino-formal\/\" \/>\n<meta property=\"og:locale\" content=\"es_ES\" \/>\n<meta property=\"og:type\" content=\"article\" \/>\n<meta property=\"og:title\" content=\"Aprendizagem informal como tend\u00eancia no ensino formal - Col\u00e9gio Sepam\" \/>\n<meta property=\"og:description\" content=\"Por Talita Moretto Tablets, smartphones, wi-fi, hiperlinks, virtualidade, gamifica\u00e7\u00e3o, Labs, Makers\u2026 as nomenclaturas, metodologias, novidades e tend\u00eancias s\u00e3o muitas, mas o quanto precisamos de tudo isso na educa\u00e7\u00e3o? At\u00e9 que ponto a ado\u00e7\u00e3o de novas metodologias de ensino pode superar as dificuldades que a escola em rela\u00e7\u00e3o \u00e0 estrutura adequada ao perfil da atual gera\u00e7\u00e3o [&hellip;]\" \/>\n<meta property=\"og:url\" content=\"https:\/\/sepam.com.br\/es\/artigos\/aprendizagem-informal-como-tendencia-no-ensino-formal\/\" \/>\n<meta property=\"og:site_name\" content=\"Col\u00e9gio Sepam\" \/>\n<meta property=\"article:modified_time\" content=\"2026-02-11T14:00:56+00:00\" \/>\n<meta name=\"twitter:card\" content=\"summary_large_image\" \/>\n<meta name=\"twitter:label1\" content=\"Tiempo de lectura\" \/>\n\t<meta name=\"twitter:data1\" content=\"3 minutos\" \/>\n<script type=\"application\/ld+json\" class=\"yoast-schema-graph\">{\"@context\":\"https:\\\/\\\/schema.org\",\"@graph\":[{\"@type\":\"WebPage\",\"@id\":\"https:\\\/\\\/sepam.com.br\\\/es\\\/artigos\\\/aprendizagem-informal-como-tendencia-no-ensino-formal\\\/\",\"url\":\"https:\\\/\\\/sepam.com.br\\\/es\\\/artigos\\\/aprendizagem-informal-como-tendencia-no-ensino-formal\\\/\",\"name\":\"Aprendizagem informal como tend\u00eancia no ensino formal - Col\u00e9gio Sepam\",\"isPartOf\":{\"@id\":\"https:\\\/\\\/sepam.com.br\\\/#website\"},\"datePublished\":\"2025-09-09T23:37:30+00:00\",\"dateModified\":\"2026-02-11T14:00:56+00:00\",\"breadcrumb\":{\"@id\":\"https:\\\/\\\/sepam.com.br\\\/es\\\/artigos\\\/aprendizagem-informal-como-tendencia-no-ensino-formal\\\/#breadcrumb\"},\"inLanguage\":\"es\",\"potentialAction\":[{\"@type\":\"ReadAction\",\"target\":[\"https:\\\/\\\/sepam.com.br\\\/es\\\/artigos\\\/aprendizagem-informal-como-tendencia-no-ensino-formal\\\/\"]}]},{\"@type\":\"BreadcrumbList\",\"@id\":\"https:\\\/\\\/sepam.com.br\\\/es\\\/artigos\\\/aprendizagem-informal-como-tendencia-no-ensino-formal\\\/#breadcrumb\",\"itemListElement\":[{\"@type\":\"ListItem\",\"position\":1,\"name\":\"Boas Vindas\",\"item\":\"https:\\\/\\\/sepam.com.br\\\/\"},{\"@type\":\"ListItem\",\"position\":2,\"name\":\"Aprendizagem informal como tend\u00eancia no ensino formal\"}]},{\"@type\":\"WebSite\",\"@id\":\"https:\\\/\\\/sepam.com.br\\\/es\\\/#website\",\"url\":\"https:\\\/\\\/sepam.com.br\\\/es\\\/\",\"name\":\"Col\u00e9gio Sepam\",\"description\":\"Ensino Incompar\u00e1vel\",\"publisher\":{\"@id\":\"https:\\\/\\\/sepam.com.br\\\/es\\\/#organization\"},\"potentialAction\":[{\"@type\":\"SearchAction\",\"target\":{\"@type\":\"EntryPoint\",\"urlTemplate\":\"https:\\\/\\\/sepam.com.br\\\/es\\\/?s={search_term_string}\"},\"query-input\":{\"@type\":\"PropertyValueSpecification\",\"valueRequired\":true,\"valueName\":\"search_term_string\"}}],\"inLanguage\":\"es\"},{\"@type\":\"Organization\",\"@id\":\"https:\\\/\\\/sepam.com.br\\\/es\\\/#organization\",\"name\":\"Col\u00e9gio Sepam\",\"url\":\"https:\\\/\\\/sepam.com.br\\\/es\\\/\",\"logo\":{\"@type\":\"ImageObject\",\"inLanguage\":\"es\",\"@id\":\"https:\\\/\\\/sepam.com.br\\\/es\\\/#\\\/schema\\\/logo\\\/image\\\/\",\"url\":\"https:\\\/\\\/sepam.com.br\\\/wp-content\\\/uploads\\\/2025\\\/02\\\/Ativo-2.png\",\"contentUrl\":\"https:\\\/\\\/sepam.com.br\\\/wp-content\\\/uploads\\\/2025\\\/02\\\/Ativo-2.png\",\"width\":595,\"height\":525,\"caption\":\"Col\u00e9gio Sepam\"},\"image\":{\"@id\":\"https:\\\/\\\/sepam.com.br\\\/es\\\/#\\\/schema\\\/logo\\\/image\\\/\"}}]}<\/script>\n<!-- \/ Yoast SEO plugin. -->","yoast_head_json":{"title":"Aprendizagem informal como tend\u00eancia no ensino formal - Col\u00e9gio Sepam","robots":{"index":"index","follow":"follow","max-snippet":"max-snippet:-1","max-image-preview":"max-image-preview:large","max-video-preview":"max-video-preview:-1"},"canonical":"https:\/\/sepam.com.br\/es\/artigos\/aprendizagem-informal-como-tendencia-no-ensino-formal\/","og_locale":"es_ES","og_type":"article","og_title":"Aprendizagem informal como tend\u00eancia no ensino formal - Col\u00e9gio Sepam","og_description":"Por Talita Moretto Tablets, smartphones, wi-fi, hiperlinks, virtualidade, gamifica\u00e7\u00e3o, Labs, Makers\u2026 as nomenclaturas, metodologias, novidades e tend\u00eancias s\u00e3o muitas, mas o quanto precisamos de tudo isso na educa\u00e7\u00e3o? At\u00e9 que ponto a ado\u00e7\u00e3o de novas metodologias de ensino pode superar as dificuldades que a escola em rela\u00e7\u00e3o \u00e0 estrutura adequada ao perfil da atual gera\u00e7\u00e3o [&hellip;]","og_url":"https:\/\/sepam.com.br\/es\/artigos\/aprendizagem-informal-como-tendencia-no-ensino-formal\/","og_site_name":"Col\u00e9gio Sepam","article_modified_time":"2026-02-11T14:00:56+00:00","twitter_card":"summary_large_image","twitter_misc":{"Tiempo de lectura":"3 minutos"},"schema":{"@context":"https:\/\/schema.org","@graph":[{"@type":"WebPage","@id":"https:\/\/sepam.com.br\/es\/artigos\/aprendizagem-informal-como-tendencia-no-ensino-formal\/","url":"https:\/\/sepam.com.br\/es\/artigos\/aprendizagem-informal-como-tendencia-no-ensino-formal\/","name":"Aprendizagem informal como tend\u00eancia no ensino formal - Col\u00e9gio Sepam","isPartOf":{"@id":"https:\/\/sepam.com.br\/#website"},"datePublished":"2025-09-09T23:37:30+00:00","dateModified":"2026-02-11T14:00:56+00:00","breadcrumb":{"@id":"https:\/\/sepam.com.br\/es\/artigos\/aprendizagem-informal-como-tendencia-no-ensino-formal\/#breadcrumb"},"inLanguage":"es","potentialAction":[{"@type":"ReadAction","target":["https:\/\/sepam.com.br\/es\/artigos\/aprendizagem-informal-como-tendencia-no-ensino-formal\/"]}]},{"@type":"BreadcrumbList","@id":"https:\/\/sepam.com.br\/es\/artigos\/aprendizagem-informal-como-tendencia-no-ensino-formal\/#breadcrumb","itemListElement":[{"@type":"ListItem","position":1,"name":"Boas Vindas","item":"https:\/\/sepam.com.br\/"},{"@type":"ListItem","position":2,"name":"Aprendizagem informal como tend\u00eancia no ensino formal"}]},{"@type":"WebSite","@id":"https:\/\/sepam.com.br\/es\/#website","url":"https:\/\/sepam.com.br\/es\/","name":"Col\u00e9gio Sepam","description":"Ensino Incompar\u00e1vel","publisher":{"@id":"https:\/\/sepam.com.br\/es\/#organization"},"potentialAction":[{"@type":"SearchAction","target":{"@type":"EntryPoint","urlTemplate":"https:\/\/sepam.com.br\/es\/?s={search_term_string}"},"query-input":{"@type":"PropertyValueSpecification","valueRequired":true,"valueName":"search_term_string"}}],"inLanguage":"es"},{"@type":"Organization","@id":"https:\/\/sepam.com.br\/es\/#organization","name":"Col\u00e9gio Sepam","url":"https:\/\/sepam.com.br\/es\/","logo":{"@type":"ImageObject","inLanguage":"es","@id":"https:\/\/sepam.com.br\/es\/#\/schema\/logo\/image\/","url":"https:\/\/sepam.com.br\/wp-content\/uploads\/2025\/02\/Ativo-2.png","contentUrl":"https:\/\/sepam.com.br\/wp-content\/uploads\/2025\/02\/Ativo-2.png","width":595,"height":525,"caption":"Col\u00e9gio Sepam"},"image":{"@id":"https:\/\/sepam.com.br\/es\/#\/schema\/logo\/image\/"}}]}},"_links":{"self":[{"href":"https:\/\/sepam.com.br\/es\/wp-json\/wp\/v2\/artigos\/7588","targetHints":{"allow":["GET"]}}],"collection":[{"href":"https:\/\/sepam.com.br\/es\/wp-json\/wp\/v2\/artigos"}],"about":[{"href":"https:\/\/sepam.com.br\/es\/wp-json\/wp\/v2\/types\/artigos"}],"wp:attachment":[{"href":"https:\/\/sepam.com.br\/es\/wp-json\/wp\/v2\/media?parent=7588"}],"curies":[{"name":"wp","href":"https:\/\/api.w.org\/{rel}","templated":true}]}}