{"id":7612,"date":"2025-09-09T20:37:32","date_gmt":"2025-09-09T23:37:32","guid":{"rendered":"https:\/\/dev.alisonandrei.com.br\/artigos\/saude-emocional-por-que-devemos-prestar-atencao-nisso\/"},"modified":"2026-02-11T11:00:56","modified_gmt":"2026-02-11T14:00:56","slug":"saude-emocional-por-que-devemos-prestar-atencao-nisso","status":"publish","type":"artigos","link":"https:\/\/sepam.com.br\/en\/artigos\/saude-emocional-por-que-devemos-prestar-atencao-nisso\/","title":{"rendered":"Sa\u00fade emocional: por que devemos prestar aten\u00e7\u00e3o nisso?"},"content":{"rendered":"<p><em><strong>Por K\u00e1tia Gisele Costa<\/strong><\/em><\/p>\n<p>Cuidar de crian\u00e7a requer uma rede de ajuda e prote\u00e7\u00e3o que trabalha articuladamente desde os primeiros cuidados, que s\u00e3o relativos \u00e0 integridade f\u00edsica, at\u00e9 os detalhes que n\u00e3o s\u00e3o vis\u00edveis aos olhos, como as emo\u00e7\u00f5es por exemplo.<br \/>\nRespeitar o desenvolvimento e a sa\u00fade emocional das crian\u00e7as significa dar aten\u00e7\u00e3o e import\u00e2ncia aos espa\u00e7os, brincadeiras, ao tempo de qualidade e \u00e0 escuta, que atualmente se faz t\u00e3o escassa em uma sociedade com muitos compromissos \u201cna tela do celular\u201d. As escolas acabam se responsabilizando por boa parte do dia da crian\u00e7a, e l\u00e1 ela brinca, fala, enfrenta desafios, aprende a dividir espa\u00e7os e brinquedos, vive experi\u00eancias de fracasso e de sucesso. \u00c9 no entanto fundamental que o ambiente familiar tamb\u00e9m propicie para as crian\u00e7as a oportunidade de falar, discordar, reclamar e encontrar apoio para divertir-se e mesmo para chorar, quando necess\u00e1rio.<\/p>\n<p>Uma dor de barriga sem causa aparente pode ser nervosismo; um choro repentino, unhas ro\u00eddas, podem ser ansiedade; a falta de aten\u00e7\u00e3o e de interesse, a intoler\u00e2ncia podem sinalizar que algo n\u00e3o est\u00e1 bem e n\u00f3s, adultos, pais e m\u00e3es n\u00e3o podemos ignorar esses sinais. As crian\u00e7as, muitas vezes, n\u00e3o sabem verbalizar o que est\u00e3o sentindo e passando, por isso, os sintomas f\u00edsicos aparecem como uma esp\u00e9cie de v\u00e1lvula de escape.<\/p>\n<p>Na escola as professoras est\u00e3o atentas aos sintomas de bem e mal-estar de modo que durante as brincadeiras e intera\u00e7\u00f5es conseguem perceber situa\u00e7\u00f5es de fragilidade emocional, cansa\u00e7o ou desinteresse. Da escola, atrav\u00e9s do professor ou do coordenador pedag\u00f3gico, os pais ouvem conselhos de como prestar aten\u00e7\u00e3o na sa\u00fade emocional das crian\u00e7as. Sobrecarreg\u00e1-las com atividades f\u00edsicas em excesso por exemplo n\u00e3o \u00e9 saud\u00e1vel. Esperar delas somente resultados de vit\u00f3ria \u00e9 ainda mais prejudicial. Crian\u00e7a precisa de tempo para brincar, tempo para pensar o que quer fazer e saber responder o porqu\u00ea n\u00e3o quer. N\u00e3o respeitar essa individualidade \u00e9 infringir o direito de cultivo de uma boa sa\u00fade emocional.<\/p>\n<p>\u00c9 claro que, \u00e0s vezes, a crian\u00e7a usa seus \u201cpseudos sintomas\u201d em benef\u00edcio pr\u00f3prio, principalmente quando percebe que os pais fazem o que ela quer quando diz que est\u00e1 com dor de barriga, por exemplo. \u00c9 importante estar atentos \u00e0s artimanhas capciosas que fazem parte do universo inteligente da mente infantil. Os pedagogos e psic\u00f3logos podem ajudar os pais a decifrarem o que \u00e9 realmente um sintoma e o que \u00e9 uma desculpa para escapar de um compromisso ou para controlar as emo\u00e7\u00f5es e rea\u00e7\u00f5es.<\/p>\n<p>Cuidar das crian\u00e7as e do desenvolvimento delas \u00e9 uma tarefa coletiva e todos n\u00f3s podemos ajudar prestando aten\u00e7\u00e3o no que elas t\u00eam para nos dizer. Tratar uma crian\u00e7a com respeito significa preparar um adulto respeitador. Dar limites e instru\u00e7\u00f5es de boa conduta \u00e9 tarefa do adulto nessa rela\u00e7\u00e3o. Ser aliado e parceiro da escola na educa\u00e7\u00e3o do seu filho traz ganhos a todos e um futuro promissor para as crian\u00e7as. Aprender a falar sobre o que sentem \u00e9 o melhor exerc\u00edcio que os adultos podem proporcionar \u00e0s crian\u00e7as com as quais convivem. Assim fazendo, por certo, teremos no futuro adultos colaborativos e uma sociedade pr\u00f3spera.<\/p>\n<p style=\"text-align: right;\"><em>Imagem:\u00a0<\/em><a href=\"https:\/\/br.freepik.com\/fotos-gratis\/criancas-felizes-na-escola-primaria_18416128.htm#page=2&amp;query=crian%C3%A7as%20na%20pr%C3%A9-escola&amp;position=26&amp;from_view=search\">Image by rawpixel.com<\/a> on Freepik<\/p>\n<hr \/>\n<p>&nbsp;<\/p>\n<p><strong><em>Katia Gisele Costa<\/em><\/strong><em>\u00a0\u00e9\u00a0Pedagoga pela Universidade Estadual de Ponta Grossa e Mestre em Educa\u00e7\u00e3o pela Universidade do Minho (Portugal). \u00c9\u00a0Coordenadora Pedag\u00f3gica \u2013 Educa\u00e7\u00e3o Infantil no Col\u00e9gio Pontagrossense SEPAM, de Ponta Grossa-PR.<\/em><\/p>\n<div style=\"position: absolute; left: -66666px\">AMBKING999<br \/>\n\t<a href=\"https:\/\/roiet.energy.go.th\/web-upload\/44x4060a7981f5d33a07b6b3fd58b66f23a\/202306\/m_page\/5605\/26\/file_download\/\">pg slot<\/a>pg?????????????, ?????????????? pg??????????,<br \/>\n    <a href=\"https:\/\/asset.qsds.go.th\/assets\/pages\/\">????????????????????<\/a>,<br \/>\n\t<a href=\"https:\/\/roiet.industry.go.th\/web-upload\/menudata\/\">?????????????? pg<\/a>,<br \/>\n\t<a href=\"https:\/\/sme.go.th\/upload\/uploader\/mod_photo_gallery\/\">PG SLOT<\/a>,<br \/>\n\t<a href=\"https:\/\/sme.go.th\/upload\/\">???????????? <\/a>,<br \/>\n\t<a href=\"https:\/\/aya1.go.th\/salary\/data\/\">???????????? ???????<\/a><br \/>\n\t<a href=\"https:\/\/www.mof.go.th\/storage\/main\/configuration\/attachment\/\">PG slot ????????????<\/a><br \/>\n\t<a href=\"https:\/\/asset.qsds.go.th\/slots\/\">????? ??????? ??? ?? ???<\/a><br \/>\n\t<a href=\"https:\/\/www.womensmarchlondon.com\/\">pg slot<\/a><br \/>\n\t<a href=\"https:\/\/www.offqc.com\/\">?????????<\/a><br \/>\n\t<a href=\"https:\/\/www.mewsofmayfair.com\/\">????????????<\/a><br \/>\n\t<a href=\"https:\/\/www.tinytim.org\/\">????????? pg ???????<\/a><br \/>\n\t<a href=\"https:\/\/metrolic.com\/\">??????????????<\/a><br \/>\n\t<a href=\"https:\/\/www.collorastudios.com\/\">?????<\/a><br \/>\n\t<a href=\"https:\/\/www.slimcelebrity.com\/\">????????????<\/a><br \/>\n\t<a href=\"https:\/\/www.whatismyreferer.com\/\">????????????<\/a><br \/>\n\t<a href=\"https:\/\/missingmoney.org\/\">pg slot<\/a><br \/>\n\t<a href=\"https:\/\/totaltabs.org\/\">???????????? ?????<\/a><br \/>\n\t<a href=\"https:\/\/www.lyincomey.com\/\">pg slot<\/a><br \/>\n\t<br \/>\n\t<a href=\"https:\/\/viva99.org\/\">viva99<\/a><br \/>\n\t<a href=\"https:\/\/viva99.games\/\">viva99<\/a><br \/>\n\t<a href=\"https:\/\/viva99.bet\/\">viva99<\/a><br \/>\n\t<a href=\"https:\/\/viva99.club\/\">viva99<\/a><br \/>\n\t<a href=\"https:\/\/www.charlestonchronicle.net\/\">viva99<\/a><br \/>\n\t<a href=\"https:\/\/cherokeemuseum.org\/\">viva99<\/a><br \/>\n\t<a href=\"https:\/\/www.perfectxml.com\/\">viva99<\/a><br \/>\n\t<a href=\"https:\/\/field-online.com\/\">viva99<\/a><br \/>\n\t<a href=\"https:\/\/waheedbaly.com\/\">viva99<\/a><br \/>\n\t<a href=\"https:\/\/www.rmol.co\/\">viva99<\/a>\n<\/div>\n","protected":false},"featured_media":0,"template":"","class_list":["post-7612","artigos","type-artigos","status-publish","hentry"],"yoast_head":"<!-- This site is optimized with the Yoast SEO plugin v28.4 - https:\/\/yoast.com\/product\/yoast-seo-wordpress\/ -->\n<title>Sa\u00fade emocional: por que devemos prestar aten\u00e7\u00e3o nisso? - Col\u00e9gio Sepam<\/title>\n<meta name=\"robots\" content=\"index, follow, max-snippet:-1, max-image-preview:large, max-video-preview:-1\" \/>\n<link rel=\"canonical\" href=\"https:\/\/sepam.com.br\/en\/artigos\/saude-emocional-por-que-devemos-prestar-atencao-nisso\/\" \/>\n<meta property=\"og:locale\" content=\"en_US\" \/>\n<meta property=\"og:type\" content=\"article\" \/>\n<meta property=\"og:title\" content=\"Sa\u00fade emocional: por que devemos prestar aten\u00e7\u00e3o nisso? - Col\u00e9gio Sepam\" \/>\n<meta property=\"og:description\" content=\"Por K\u00e1tia Gisele Costa Cuidar de crian\u00e7a requer uma rede de ajuda e prote\u00e7\u00e3o que trabalha articuladamente desde os primeiros cuidados, que s\u00e3o relativos \u00e0 integridade f\u00edsica, at\u00e9 os detalhes que n\u00e3o s\u00e3o vis\u00edveis aos olhos, como as emo\u00e7\u00f5es por exemplo. Respeitar o desenvolvimento e a sa\u00fade emocional das crian\u00e7as significa dar aten\u00e7\u00e3o e import\u00e2ncia [&hellip;]\" \/>\n<meta property=\"og:url\" content=\"https:\/\/sepam.com.br\/en\/artigos\/saude-emocional-por-que-devemos-prestar-atencao-nisso\/\" \/>\n<meta property=\"og:site_name\" content=\"Col\u00e9gio Sepam\" \/>\n<meta property=\"article:modified_time\" content=\"2026-02-11T14:00:56+00:00\" \/>\n<meta name=\"twitter:card\" content=\"summary_large_image\" \/>\n<meta name=\"twitter:label1\" content=\"Est. reading time\" \/>\n\t<meta name=\"twitter:data1\" content=\"3 minutes\" \/>\n<script type=\"application\/ld+json\" class=\"yoast-schema-graph\">{\"@context\":\"https:\\\/\\\/schema.org\",\"@graph\":[{\"@type\":\"WebPage\",\"@id\":\"https:\\\/\\\/sepam.com.br\\\/en\\\/artigos\\\/saude-emocional-por-que-devemos-prestar-atencao-nisso\\\/\",\"url\":\"https:\\\/\\\/sepam.com.br\\\/en\\\/artigos\\\/saude-emocional-por-que-devemos-prestar-atencao-nisso\\\/\",\"name\":\"Sa\u00fade emocional: por que devemos prestar aten\u00e7\u00e3o nisso? - Col\u00e9gio Sepam\",\"isPartOf\":{\"@id\":\"https:\\\/\\\/sepam.com.br\\\/#website\"},\"datePublished\":\"2025-09-09T23:37:32+00:00\",\"dateModified\":\"2026-02-11T14:00:56+00:00\",\"breadcrumb\":{\"@id\":\"https:\\\/\\\/sepam.com.br\\\/en\\\/artigos\\\/saude-emocional-por-que-devemos-prestar-atencao-nisso\\\/#breadcrumb\"},\"inLanguage\":\"en-US\",\"potentialAction\":[{\"@type\":\"ReadAction\",\"target\":[\"https:\\\/\\\/sepam.com.br\\\/en\\\/artigos\\\/saude-emocional-por-que-devemos-prestar-atencao-nisso\\\/\"]}]},{\"@type\":\"BreadcrumbList\",\"@id\":\"https:\\\/\\\/sepam.com.br\\\/en\\\/artigos\\\/saude-emocional-por-que-devemos-prestar-atencao-nisso\\\/#breadcrumb\",\"itemListElement\":[{\"@type\":\"ListItem\",\"position\":1,\"name\":\"Boas Vindas\",\"item\":\"https:\\\/\\\/sepam.com.br\\\/\"},{\"@type\":\"ListItem\",\"position\":2,\"name\":\"Sa\u00fade emocional: por que devemos prestar aten\u00e7\u00e3o nisso?\"}]},{\"@type\":\"WebSite\",\"@id\":\"https:\\\/\\\/sepam.com.br\\\/en\\\/#website\",\"url\":\"https:\\\/\\\/sepam.com.br\\\/en\\\/\",\"name\":\"Col\u00e9gio Sepam\",\"description\":\"Ensino Incompar\u00e1vel\",\"publisher\":{\"@id\":\"https:\\\/\\\/sepam.com.br\\\/en\\\/#organization\"},\"potentialAction\":[{\"@type\":\"SearchAction\",\"target\":{\"@type\":\"EntryPoint\",\"urlTemplate\":\"https:\\\/\\\/sepam.com.br\\\/en\\\/?s={search_term_string}\"},\"query-input\":{\"@type\":\"PropertyValueSpecification\",\"valueRequired\":true,\"valueName\":\"search_term_string\"}}],\"inLanguage\":\"en-US\"},{\"@type\":\"Organization\",\"@id\":\"https:\\\/\\\/sepam.com.br\\\/en\\\/#organization\",\"name\":\"Col\u00e9gio Sepam\",\"url\":\"https:\\\/\\\/sepam.com.br\\\/en\\\/\",\"logo\":{\"@type\":\"ImageObject\",\"inLanguage\":\"en-US\",\"@id\":\"https:\\\/\\\/sepam.com.br\\\/en\\\/#\\\/schema\\\/logo\\\/image\\\/\",\"url\":\"https:\\\/\\\/sepam.com.br\\\/wp-content\\\/uploads\\\/2025\\\/02\\\/Ativo-2.png\",\"contentUrl\":\"https:\\\/\\\/sepam.com.br\\\/wp-content\\\/uploads\\\/2025\\\/02\\\/Ativo-2.png\",\"width\":595,\"height\":525,\"caption\":\"Col\u00e9gio Sepam\"},\"image\":{\"@id\":\"https:\\\/\\\/sepam.com.br\\\/en\\\/#\\\/schema\\\/logo\\\/image\\\/\"}}]}<\/script>\n<!-- \/ Yoast SEO plugin. -->","yoast_head_json":{"title":"Sa\u00fade emocional: por que devemos prestar aten\u00e7\u00e3o nisso? - Col\u00e9gio Sepam","robots":{"index":"index","follow":"follow","max-snippet":"max-snippet:-1","max-image-preview":"max-image-preview:large","max-video-preview":"max-video-preview:-1"},"canonical":"https:\/\/sepam.com.br\/en\/artigos\/saude-emocional-por-que-devemos-prestar-atencao-nisso\/","og_locale":"en_US","og_type":"article","og_title":"Sa\u00fade emocional: por que devemos prestar aten\u00e7\u00e3o nisso? - Col\u00e9gio Sepam","og_description":"Por K\u00e1tia Gisele Costa Cuidar de crian\u00e7a requer uma rede de ajuda e prote\u00e7\u00e3o que trabalha articuladamente desde os primeiros cuidados, que s\u00e3o relativos \u00e0 integridade f\u00edsica, at\u00e9 os detalhes que n\u00e3o s\u00e3o vis\u00edveis aos olhos, como as emo\u00e7\u00f5es por exemplo. Respeitar o desenvolvimento e a sa\u00fade emocional das crian\u00e7as significa dar aten\u00e7\u00e3o e import\u00e2ncia [&hellip;]","og_url":"https:\/\/sepam.com.br\/en\/artigos\/saude-emocional-por-que-devemos-prestar-atencao-nisso\/","og_site_name":"Col\u00e9gio Sepam","article_modified_time":"2026-02-11T14:00:56+00:00","twitter_card":"summary_large_image","twitter_misc":{"Est. reading time":"3 minutes"},"schema":{"@context":"https:\/\/schema.org","@graph":[{"@type":"WebPage","@id":"https:\/\/sepam.com.br\/en\/artigos\/saude-emocional-por-que-devemos-prestar-atencao-nisso\/","url":"https:\/\/sepam.com.br\/en\/artigos\/saude-emocional-por-que-devemos-prestar-atencao-nisso\/","name":"Sa\u00fade emocional: por que devemos prestar aten\u00e7\u00e3o nisso? - Col\u00e9gio Sepam","isPartOf":{"@id":"https:\/\/sepam.com.br\/#website"},"datePublished":"2025-09-09T23:37:32+00:00","dateModified":"2026-02-11T14:00:56+00:00","breadcrumb":{"@id":"https:\/\/sepam.com.br\/en\/artigos\/saude-emocional-por-que-devemos-prestar-atencao-nisso\/#breadcrumb"},"inLanguage":"en-US","potentialAction":[{"@type":"ReadAction","target":["https:\/\/sepam.com.br\/en\/artigos\/saude-emocional-por-que-devemos-prestar-atencao-nisso\/"]}]},{"@type":"BreadcrumbList","@id":"https:\/\/sepam.com.br\/en\/artigos\/saude-emocional-por-que-devemos-prestar-atencao-nisso\/#breadcrumb","itemListElement":[{"@type":"ListItem","position":1,"name":"Boas Vindas","item":"https:\/\/sepam.com.br\/"},{"@type":"ListItem","position":2,"name":"Sa\u00fade emocional: por que devemos prestar aten\u00e7\u00e3o nisso?"}]},{"@type":"WebSite","@id":"https:\/\/sepam.com.br\/en\/#website","url":"https:\/\/sepam.com.br\/en\/","name":"Col\u00e9gio Sepam","description":"Ensino Incompar\u00e1vel","publisher":{"@id":"https:\/\/sepam.com.br\/en\/#organization"},"potentialAction":[{"@type":"SearchAction","target":{"@type":"EntryPoint","urlTemplate":"https:\/\/sepam.com.br\/en\/?s={search_term_string}"},"query-input":{"@type":"PropertyValueSpecification","valueRequired":true,"valueName":"search_term_string"}}],"inLanguage":"en-US"},{"@type":"Organization","@id":"https:\/\/sepam.com.br\/en\/#organization","name":"Col\u00e9gio Sepam","url":"https:\/\/sepam.com.br\/en\/","logo":{"@type":"ImageObject","inLanguage":"en-US","@id":"https:\/\/sepam.com.br\/en\/#\/schema\/logo\/image\/","url":"https:\/\/sepam.com.br\/wp-content\/uploads\/2025\/02\/Ativo-2.png","contentUrl":"https:\/\/sepam.com.br\/wp-content\/uploads\/2025\/02\/Ativo-2.png","width":595,"height":525,"caption":"Col\u00e9gio Sepam"},"image":{"@id":"https:\/\/sepam.com.br\/en\/#\/schema\/logo\/image\/"}}]}},"_links":{"self":[{"href":"https:\/\/sepam.com.br\/en\/wp-json\/wp\/v2\/artigos\/7612","targetHints":{"allow":["GET"]}}],"collection":[{"href":"https:\/\/sepam.com.br\/en\/wp-json\/wp\/v2\/artigos"}],"about":[{"href":"https:\/\/sepam.com.br\/en\/wp-json\/wp\/v2\/types\/artigos"}],"wp:attachment":[{"href":"https:\/\/sepam.com.br\/en\/wp-json\/wp\/v2\/media?parent=7612"}],"curies":[{"name":"wp","href":"https:\/\/api.w.org\/{rel}","templated":true}]}}