{"id":7611,"date":"2025-09-09T20:37:32","date_gmt":"2025-09-09T23:37:32","guid":{"rendered":"https:\/\/dev.alisonandrei.com.br\/artigos\/o-que-esperar-das-apresentacoes-na-escola\/"},"modified":"2026-02-11T11:00:56","modified_gmt":"2026-02-11T14:00:56","slug":"o-que-esperar-das-apresentacoes-na-escola","status":"publish","type":"artigos","link":"https:\/\/sepam.com.br\/en\/artigos\/o-que-esperar-das-apresentacoes-na-escola\/","title":{"rendered":"O que esperar das apresenta\u00e7\u00f5es na escola"},"content":{"rendered":"<p><em><strong>Por K\u00e1tia Gisele Costa<\/strong><\/em><\/p>\n<p>Todas as vezes que a minha filha ca\u00e7ula (cinco anos) tem um trabalho para apresentar na escola eu e o pai dela j\u00e1 sabemos o que vamos enfrentar. Ela fica envergonhada, chora, n\u00e3o quer soltar da m\u00e3o da professora e n\u00e3o tem a menor vontade de nos contar sobre o que aprendeu. Enquanto olhamos os outros pais orgulhosos ouvindo seus filhos a nossa est\u00e1 com os bra\u00e7os cruzados e n\u00e3o quer falar nada. Aos poucos vamos interagindo com ela, mostrando curiosidade e ela vai se sentindo melhor at\u00e9 que flui. O momento come\u00e7a tenso mas acaba sempre feliz, sempre vale a pena!<\/p>\n<p>Eu j\u00e1 discorri sobre as apresenta\u00e7\u00f5es escolares numa outra ocasi\u00e3o (leia aqui: <a href=\"https:\/\/www.sepam.com.br\/arquivos\/artigos\/antes-da-cortina-se-abrir\" target=\"_blank\" rel=\"noopener\">Antes da cortina se abrir<\/a>), mas falando especificamente das apresenta\u00e7\u00f5es de palco, hoje eu convido voc\u00ea para analisarmos o que h\u00e1 por tr\u00e1s dos momentos de apresenta\u00e7\u00f5es escolares e o quanto, os nosso filhos\/alunos aprendem com isso. V\u00e1rias a\u00e7\u00f5es que acontecem na escola fazem parte do curr\u00edculo oculto, que na verdade s\u00e3o a\u00e7\u00f5es n\u00e3o estruturadas, por\u00e9m, cercadas de intencionalidades. A\u00e7\u00f5es que v\u00e3o desde o momento de esperar a vez para entrar no banheiro at\u00e9 a apresenta\u00e7\u00e3o de uma pesquisa sobre a vida das abelhas na colmeia.<\/p>\n<p>Outro ponto importante que o adulto \u00e0s vezes n\u00e3o se d\u00e1 conta, \u00e9 que a escola, e mais especificamente, a sala de aula da crian\u00e7a de Educa\u00e7\u00e3o Infantil, \u00e9 o \u00fanico espa\u00e7o em que a crian\u00e7a n\u00e3o precisa partilhar com a fam\u00edlia, ou seja, aquele ambiente \u00e9 dela, da professora e dos amigos, por isso papai e mam\u00e3e, pe\u00e7am licen\u00e7a ao entrar, cumprimentem educadamente as outras crian\u00e7as pertencentes ao grupo. N\u00e3o sejam invasivos, n\u00e3o fiquem dentro da sala da crian\u00e7a como se aquele ambiente tamb\u00e9m lhes pertencesse, sejam respeitosos!<\/p>\n<p>A escola de Educa\u00e7\u00e3o Infantil carrega a tarefa de construir e elaborar no\u00e7\u00f5es e conceitos que ser\u00e3o sistematizados ao longa da vida escolar e isso envolve a valoriza\u00e7\u00e3o das experi\u00eancias que as crian\u00e7as vivem fora da escola aliadas \u00e0s experi\u00eancias promovidas dentro dela. N\u00e3o \u00e9 na fase do primeiro set\u00eanio que as fam\u00edlias devem se preocupar com o curso que o filho vai optar no vestibular, aqui \u00e9 hora de ensinar, por exemplo, que o dia do brinquedo \u00e9 na segunda-feira, que essa \u00e9 uma regra que precisa ser respeitada para que todos convivam em harmonia. Cada fase carrega a sua import\u00e2ncia e os pais devem buscar orienta\u00e7\u00e3o na escola caso percebam que estas fun\u00e7\u00f5es est\u00e3o perdidas para que aos poucos e ao longo da vida as inten\u00e7\u00f5es sejam alinhadas a ponto de ajudarem nas escolhas futura. Tudo \u00e9 constru\u00e7\u00e3o!<\/p>\n<p>Pesquisas em neuroci\u00eancia afirmam que \u00e9 a plasticidade cerebral da crian\u00e7a que permite toda a mudan\u00e7a de comportamento, seja cognitivo, emocional ou motor, a partir das modifica\u00e7\u00f5es no ambiente, ou seja, qualquer a\u00e7\u00e3o que descontrua os conceitos, levam a novas aprendizagens. Sendo assim podemos avaliar o quanto uma crian\u00e7a cresce emocional e cognitivamente quando \u00e9 desafiada a apresentar aos pais aquilo que aprendeu de maneira t\u00e3o l\u00fadica com a professora e os amigos na escola. O adulto deve ter o maior respeito por estes momentos e encarar como oportunidades de crescimento para a crian\u00e7a enquanto ser humano e enquanto ser pertencente a um grupo.<\/p>\n<p>Ent\u00e3o papai e mam\u00e3e, me atrevo a deixar aqui um conselho e um pedido, quando tiverem a honra de serem convidados para a apresenta\u00e7\u00e3o escolar de uma crian\u00e7a, v\u00e1 com o cora\u00e7\u00e3o aberto, ouvidos atentos e sabendo que esse momento \u00e9 carregado de emo\u00e7\u00e3o e import\u00e2ncia para a crian\u00e7a. Aproveite e aprenda com ela.<\/p>\n<p style=\"text-align: right;\"><em>Imagem:\u00a0<\/em><a href=\"https:\/\/br.freepik.com\/fotos-vetores-gratis\/amigos-criancas\">Amigos crian\u00e7as foto criado por rawpixel.com &#8211; br.freepik.com<\/a><\/p>\n<hr \/>\n<blockquote><p><strong><em>Katia Gisele Costa<\/em><\/strong><em>\u00a0\u00e9\u00a0Pedagoga pela Universidade Estadual de Ponta Grossa e Mestre em Educa\u00e7\u00e3o pela Universidade do Minho (Portugal). \u00c9\u00a0Coordenadora Pedag\u00f3gica \u2013 Educa\u00e7\u00e3o Infantil no Col\u00e9gio Pontagrossense SEPAM, de Ponta Grossa-PR.<\/em><\/p><\/blockquote>\n","protected":false},"featured_media":0,"template":"","class_list":["post-7611","artigos","type-artigos","status-publish","hentry"],"yoast_head":"<!-- This site is optimized with the Yoast SEO plugin v28.4 - https:\/\/yoast.com\/product\/yoast-seo-wordpress\/ -->\n<title>O que esperar das apresenta\u00e7\u00f5es na escola - Col\u00e9gio Sepam<\/title>\n<meta name=\"robots\" content=\"index, follow, max-snippet:-1, max-image-preview:large, max-video-preview:-1\" \/>\n<link rel=\"canonical\" href=\"https:\/\/sepam.com.br\/en\/artigos\/o-que-esperar-das-apresentacoes-na-escola\/\" \/>\n<meta property=\"og:locale\" content=\"en_US\" \/>\n<meta property=\"og:type\" content=\"article\" \/>\n<meta property=\"og:title\" content=\"O que esperar das apresenta\u00e7\u00f5es na escola - Col\u00e9gio Sepam\" \/>\n<meta property=\"og:description\" content=\"Por K\u00e1tia Gisele Costa Todas as vezes que a minha filha ca\u00e7ula (cinco anos) tem um trabalho para apresentar na escola eu e o pai dela j\u00e1 sabemos o que vamos enfrentar. Ela fica envergonhada, chora, n\u00e3o quer soltar da m\u00e3o da professora e n\u00e3o tem a menor vontade de nos contar sobre o que [&hellip;]\" \/>\n<meta property=\"og:url\" content=\"https:\/\/sepam.com.br\/en\/artigos\/o-que-esperar-das-apresentacoes-na-escola\/\" \/>\n<meta property=\"og:site_name\" content=\"Col\u00e9gio Sepam\" \/>\n<meta property=\"article:modified_time\" content=\"2026-02-11T14:00:56+00:00\" \/>\n<meta name=\"twitter:card\" content=\"summary_large_image\" \/>\n<meta name=\"twitter:label1\" content=\"Est. reading time\" \/>\n\t<meta name=\"twitter:data1\" content=\"3 minutes\" \/>\n<script type=\"application\/ld+json\" class=\"yoast-schema-graph\">{\"@context\":\"https:\\\/\\\/schema.org\",\"@graph\":[{\"@type\":\"WebPage\",\"@id\":\"https:\\\/\\\/sepam.com.br\\\/en\\\/artigos\\\/o-que-esperar-das-apresentacoes-na-escola\\\/\",\"url\":\"https:\\\/\\\/sepam.com.br\\\/en\\\/artigos\\\/o-que-esperar-das-apresentacoes-na-escola\\\/\",\"name\":\"O que esperar das apresenta\u00e7\u00f5es na escola - Col\u00e9gio Sepam\",\"isPartOf\":{\"@id\":\"https:\\\/\\\/sepam.com.br\\\/#website\"},\"datePublished\":\"2025-09-09T23:37:32+00:00\",\"dateModified\":\"2026-02-11T14:00:56+00:00\",\"breadcrumb\":{\"@id\":\"https:\\\/\\\/sepam.com.br\\\/en\\\/artigos\\\/o-que-esperar-das-apresentacoes-na-escola\\\/#breadcrumb\"},\"inLanguage\":\"en-US\",\"potentialAction\":[{\"@type\":\"ReadAction\",\"target\":[\"https:\\\/\\\/sepam.com.br\\\/en\\\/artigos\\\/o-que-esperar-das-apresentacoes-na-escola\\\/\"]}]},{\"@type\":\"BreadcrumbList\",\"@id\":\"https:\\\/\\\/sepam.com.br\\\/en\\\/artigos\\\/o-que-esperar-das-apresentacoes-na-escola\\\/#breadcrumb\",\"itemListElement\":[{\"@type\":\"ListItem\",\"position\":1,\"name\":\"Boas Vindas\",\"item\":\"https:\\\/\\\/sepam.com.br\\\/\"},{\"@type\":\"ListItem\",\"position\":2,\"name\":\"O que esperar das apresenta\u00e7\u00f5es na escola\"}]},{\"@type\":\"WebSite\",\"@id\":\"https:\\\/\\\/sepam.com.br\\\/en\\\/#website\",\"url\":\"https:\\\/\\\/sepam.com.br\\\/en\\\/\",\"name\":\"Col\u00e9gio Sepam\",\"description\":\"Ensino Incompar\u00e1vel\",\"publisher\":{\"@id\":\"https:\\\/\\\/sepam.com.br\\\/en\\\/#organization\"},\"potentialAction\":[{\"@type\":\"SearchAction\",\"target\":{\"@type\":\"EntryPoint\",\"urlTemplate\":\"https:\\\/\\\/sepam.com.br\\\/en\\\/?s={search_term_string}\"},\"query-input\":{\"@type\":\"PropertyValueSpecification\",\"valueRequired\":true,\"valueName\":\"search_term_string\"}}],\"inLanguage\":\"en-US\"},{\"@type\":\"Organization\",\"@id\":\"https:\\\/\\\/sepam.com.br\\\/en\\\/#organization\",\"name\":\"Col\u00e9gio Sepam\",\"url\":\"https:\\\/\\\/sepam.com.br\\\/en\\\/\",\"logo\":{\"@type\":\"ImageObject\",\"inLanguage\":\"en-US\",\"@id\":\"https:\\\/\\\/sepam.com.br\\\/en\\\/#\\\/schema\\\/logo\\\/image\\\/\",\"url\":\"https:\\\/\\\/sepam.com.br\\\/wp-content\\\/uploads\\\/2025\\\/02\\\/Ativo-2.png\",\"contentUrl\":\"https:\\\/\\\/sepam.com.br\\\/wp-content\\\/uploads\\\/2025\\\/02\\\/Ativo-2.png\",\"width\":595,\"height\":525,\"caption\":\"Col\u00e9gio Sepam\"},\"image\":{\"@id\":\"https:\\\/\\\/sepam.com.br\\\/en\\\/#\\\/schema\\\/logo\\\/image\\\/\"}}]}<\/script>\n<!-- \/ Yoast SEO plugin. -->","yoast_head_json":{"title":"O que esperar das apresenta\u00e7\u00f5es na escola - Col\u00e9gio Sepam","robots":{"index":"index","follow":"follow","max-snippet":"max-snippet:-1","max-image-preview":"max-image-preview:large","max-video-preview":"max-video-preview:-1"},"canonical":"https:\/\/sepam.com.br\/en\/artigos\/o-que-esperar-das-apresentacoes-na-escola\/","og_locale":"en_US","og_type":"article","og_title":"O que esperar das apresenta\u00e7\u00f5es na escola - Col\u00e9gio Sepam","og_description":"Por K\u00e1tia Gisele Costa Todas as vezes que a minha filha ca\u00e7ula (cinco anos) tem um trabalho para apresentar na escola eu e o pai dela j\u00e1 sabemos o que vamos enfrentar. Ela fica envergonhada, chora, n\u00e3o quer soltar da m\u00e3o da professora e n\u00e3o tem a menor vontade de nos contar sobre o que [&hellip;]","og_url":"https:\/\/sepam.com.br\/en\/artigos\/o-que-esperar-das-apresentacoes-na-escola\/","og_site_name":"Col\u00e9gio Sepam","article_modified_time":"2026-02-11T14:00:56+00:00","twitter_card":"summary_large_image","twitter_misc":{"Est. reading time":"3 minutes"},"schema":{"@context":"https:\/\/schema.org","@graph":[{"@type":"WebPage","@id":"https:\/\/sepam.com.br\/en\/artigos\/o-que-esperar-das-apresentacoes-na-escola\/","url":"https:\/\/sepam.com.br\/en\/artigos\/o-que-esperar-das-apresentacoes-na-escola\/","name":"O que esperar das apresenta\u00e7\u00f5es na escola - Col\u00e9gio Sepam","isPartOf":{"@id":"https:\/\/sepam.com.br\/#website"},"datePublished":"2025-09-09T23:37:32+00:00","dateModified":"2026-02-11T14:00:56+00:00","breadcrumb":{"@id":"https:\/\/sepam.com.br\/en\/artigos\/o-que-esperar-das-apresentacoes-na-escola\/#breadcrumb"},"inLanguage":"en-US","potentialAction":[{"@type":"ReadAction","target":["https:\/\/sepam.com.br\/en\/artigos\/o-que-esperar-das-apresentacoes-na-escola\/"]}]},{"@type":"BreadcrumbList","@id":"https:\/\/sepam.com.br\/en\/artigos\/o-que-esperar-das-apresentacoes-na-escola\/#breadcrumb","itemListElement":[{"@type":"ListItem","position":1,"name":"Boas Vindas","item":"https:\/\/sepam.com.br\/"},{"@type":"ListItem","position":2,"name":"O que esperar das apresenta\u00e7\u00f5es na escola"}]},{"@type":"WebSite","@id":"https:\/\/sepam.com.br\/en\/#website","url":"https:\/\/sepam.com.br\/en\/","name":"Col\u00e9gio Sepam","description":"Ensino Incompar\u00e1vel","publisher":{"@id":"https:\/\/sepam.com.br\/en\/#organization"},"potentialAction":[{"@type":"SearchAction","target":{"@type":"EntryPoint","urlTemplate":"https:\/\/sepam.com.br\/en\/?s={search_term_string}"},"query-input":{"@type":"PropertyValueSpecification","valueRequired":true,"valueName":"search_term_string"}}],"inLanguage":"en-US"},{"@type":"Organization","@id":"https:\/\/sepam.com.br\/en\/#organization","name":"Col\u00e9gio Sepam","url":"https:\/\/sepam.com.br\/en\/","logo":{"@type":"ImageObject","inLanguage":"en-US","@id":"https:\/\/sepam.com.br\/en\/#\/schema\/logo\/image\/","url":"https:\/\/sepam.com.br\/wp-content\/uploads\/2025\/02\/Ativo-2.png","contentUrl":"https:\/\/sepam.com.br\/wp-content\/uploads\/2025\/02\/Ativo-2.png","width":595,"height":525,"caption":"Col\u00e9gio Sepam"},"image":{"@id":"https:\/\/sepam.com.br\/en\/#\/schema\/logo\/image\/"}}]}},"_links":{"self":[{"href":"https:\/\/sepam.com.br\/en\/wp-json\/wp\/v2\/artigos\/7611","targetHints":{"allow":["GET"]}}],"collection":[{"href":"https:\/\/sepam.com.br\/en\/wp-json\/wp\/v2\/artigos"}],"about":[{"href":"https:\/\/sepam.com.br\/en\/wp-json\/wp\/v2\/types\/artigos"}],"wp:attachment":[{"href":"https:\/\/sepam.com.br\/en\/wp-json\/wp\/v2\/media?parent=7611"}],"curies":[{"name":"wp","href":"https:\/\/api.w.org\/{rel}","templated":true}]}}