{"id":7607,"date":"2025-09-09T20:37:30","date_gmt":"2025-09-09T23:37:30","guid":{"rendered":"https:\/\/dev.alisonandrei.com.br\/artigos\/uso-de-telas-pode-ser-evitado-pelas-criancas-durante-as-ferias-escolares\/"},"modified":"2026-02-11T11:00:56","modified_gmt":"2026-02-11T14:00:56","slug":"uso-de-telas-pode-ser-evitado-pelas-criancas-durante-as-ferias-escolares-2","status":"publish","type":"artigos","link":"https:\/\/sepam.com.br\/en\/artigos\/uso-de-telas-pode-ser-evitado-pelas-criancas-durante-as-ferias-escolares-2\/","title":{"rendered":"Uso de telas pode ser evitado pelas crian\u00e7as durante as f\u00e9rias escolares"},"content":{"rendered":"<p><strong><em>Por K\u00e1tia Gisele Costa<\/em><\/strong><\/p>\n<p>Julho \u00e9 tempo de f\u00e9rias em v\u00e1rias institui\u00e7\u00f5es de ensino. E \u00e9 durante essa \u00e9poca do ano que muitos pais se veem aflitos sobre como conduzir atividades com os filhos, em casa. A coordenadora pedag\u00f3gica do Col\u00e9gio Pontagrossense Sepam, K\u00e1tia Costa, traz algumas dicas para auxiliar as fam\u00edlias. Ela sugere evitar o uso de telas e de tecnologia, que acabou se intensificando com a pandemia da Covid-19.<\/p>\n<p>\u201cAs crian\u00e7as j\u00e1 tiveram muito acesso \u00e0s telas no ano passado por conta das limita\u00e7\u00f5es impostas pela pandemia. A exposi\u00e7\u00e3o a essas tecnologias pode diminuir a intera\u00e7\u00e3o social e interferir no desenvolvimento de fun\u00e7\u00f5es executivas, que s\u00e3o importantes para a aprendizagem, como mem\u00f3ria e aten\u00e7\u00e3o, al\u00e9m de causar uma distra\u00e7\u00e3o ap\u00e1tica nas crian\u00e7as. Ent\u00e3o, a recomenda\u00e7\u00e3o \u00e9 propor atividades que dispensem as telas\u201d, recomenda K\u00e1tia.<\/p>\n<p>\u00c9 importante priorizar atividades de movimento, como as realizadas com bolas, em parques e quadras. \u201cA crian\u00e7a precisa gastar energia, pular, criar reflexos, se movimentar. Faz parte da caracter\u00edstica dela ser ativa. Se os pais n\u00e3o podem acompanhar essas a\u00e7\u00f5es, por conta de trabalho, podem dar indica\u00e7\u00f5es para os cuidadores fazerem\u201d, destaca a coordenadora pedag\u00f3gica do Sepam, que tamb\u00e9m \u00e9 mestre em Educa\u00e7\u00e3o.<\/p>\n<p>Outra recomenda\u00e7\u00e3o \u00e9 a utiliza\u00e7\u00e3o de jogos, como quebra-cabe\u00e7a, de tabuleiro, da mem\u00f3ria, domin\u00f3 e bolinhas de gude. \u201cAlguns jogos desenvolvem o racioc\u00ednio l\u00f3gico matem\u00e1tico das crian\u00e7as e at\u00e9 a escrita das palavras, como o soletrando, por exemplo. O quebra-cabe\u00e7a estimula a aten\u00e7\u00e3o e a paci\u00eancia. Essas atividades s\u00e3o diferentes das da rotina escolar, mas tamb\u00e9m contribuem para o aprendizado e para o desenvolvimento, al\u00e9m de favorecer a intera\u00e7\u00e3o da crian\u00e7a com o oponente no jogo\u201d, explica.<\/p>\n<p>Para as crian\u00e7as abaixo de quatro anos, K\u00e1tia sugere atividades sensoriais, como as que utilizam \u00e1gua, tintas, areia, bal\u00e3o e papel picado. \u201cAs crian\u00e7as menores aprendem muito com a experi\u00eancia sensorial, por meio de sabor, cheiro, textura. Elas adoram questionar sobre tudo o que est\u00e1 ao seu redor, e se al\u00e9m das respostas os pais conseguirem ofertar tamb\u00e9m experi\u00eancia t\u00e1til, elas conseguem aprender muito mais\u201d, afirma.<\/p>\n<p>Al\u00e9m disso, \u00e9 poss\u00edvel promover momentos de leitura ou conta\u00e7\u00e3o de hist\u00f3rias, que s\u00e3o pr\u00e1ticas que auxiliam no desenvolvimento do pensamento cr\u00edtico e na resolu\u00e7\u00e3o de conflitos internos.<\/p>\n<p>&nbsp;<\/p>\n<blockquote><p><strong><em>Katia Gisele Costa<\/em><\/strong><em>\u00a0\u00e9\u00a0Pedagoga pela Universidade Estadual de Ponta Grossa e Mestre em Educa\u00e7\u00e3o pela Universidade do Minho (Portugal). \u00c9\u00a0Coordenadora Pedag\u00f3gica \u2013 Educa\u00e7\u00e3o Infantil no Col\u00e9gio Pontagrossense SEPAM, de Ponta Grossa-PR.<\/em><\/p><\/blockquote>\n","protected":false},"featured_media":0,"template":"","class_list":["post-7607","artigos","type-artigos","status-publish","hentry"],"yoast_head":"<!-- This site is optimized with the Yoast SEO plugin v28.4 - https:\/\/yoast.com\/product\/yoast-seo-wordpress\/ -->\n<title>Uso de telas pode ser evitado pelas crian\u00e7as durante as f\u00e9rias escolares - Col\u00e9gio Sepam<\/title>\n<meta name=\"robots\" content=\"index, follow, max-snippet:-1, max-image-preview:large, max-video-preview:-1\" \/>\n<link rel=\"canonical\" href=\"https:\/\/sepam.com.br\/en\/artigos\/uso-de-telas-pode-ser-evitado-pelas-criancas-durante-as-ferias-escolares-2\/\" \/>\n<meta property=\"og:locale\" content=\"en_US\" \/>\n<meta property=\"og:type\" content=\"article\" \/>\n<meta property=\"og:title\" content=\"Uso de telas pode ser evitado pelas crian\u00e7as durante as f\u00e9rias escolares - Col\u00e9gio Sepam\" \/>\n<meta property=\"og:description\" content=\"Por K\u00e1tia Gisele Costa Julho \u00e9 tempo de f\u00e9rias em v\u00e1rias institui\u00e7\u00f5es de ensino. E \u00e9 durante essa \u00e9poca do ano que muitos pais se veem aflitos sobre como conduzir atividades com os filhos, em casa. A coordenadora pedag\u00f3gica do Col\u00e9gio Pontagrossense Sepam, K\u00e1tia Costa, traz algumas dicas para auxiliar as fam\u00edlias. Ela sugere evitar [&hellip;]\" \/>\n<meta property=\"og:url\" content=\"https:\/\/sepam.com.br\/en\/artigos\/uso-de-telas-pode-ser-evitado-pelas-criancas-durante-as-ferias-escolares-2\/\" \/>\n<meta property=\"og:site_name\" content=\"Col\u00e9gio Sepam\" \/>\n<meta property=\"article:modified_time\" content=\"2026-02-11T14:00:56+00:00\" \/>\n<meta name=\"twitter:card\" content=\"summary_large_image\" \/>\n<meta name=\"twitter:label1\" content=\"Est. reading time\" \/>\n\t<meta name=\"twitter:data1\" content=\"2 minutes\" \/>\n<script type=\"application\/ld+json\" class=\"yoast-schema-graph\">{\"@context\":\"https:\\\/\\\/schema.org\",\"@graph\":[{\"@type\":\"WebPage\",\"@id\":\"https:\\\/\\\/sepam.com.br\\\/en\\\/artigos\\\/uso-de-telas-pode-ser-evitado-pelas-criancas-durante-as-ferias-escolares-2\\\/\",\"url\":\"https:\\\/\\\/sepam.com.br\\\/en\\\/artigos\\\/uso-de-telas-pode-ser-evitado-pelas-criancas-durante-as-ferias-escolares-2\\\/\",\"name\":\"Uso de telas pode ser evitado pelas crian\u00e7as durante as f\u00e9rias escolares - Col\u00e9gio Sepam\",\"isPartOf\":{\"@id\":\"https:\\\/\\\/sepam.com.br\\\/#website\"},\"datePublished\":\"2025-09-09T23:37:30+00:00\",\"dateModified\":\"2026-02-11T14:00:56+00:00\",\"breadcrumb\":{\"@id\":\"https:\\\/\\\/sepam.com.br\\\/en\\\/artigos\\\/uso-de-telas-pode-ser-evitado-pelas-criancas-durante-as-ferias-escolares-2\\\/#breadcrumb\"},\"inLanguage\":\"en-US\",\"potentialAction\":[{\"@type\":\"ReadAction\",\"target\":[\"https:\\\/\\\/sepam.com.br\\\/en\\\/artigos\\\/uso-de-telas-pode-ser-evitado-pelas-criancas-durante-as-ferias-escolares-2\\\/\"]}]},{\"@type\":\"BreadcrumbList\",\"@id\":\"https:\\\/\\\/sepam.com.br\\\/en\\\/artigos\\\/uso-de-telas-pode-ser-evitado-pelas-criancas-durante-as-ferias-escolares-2\\\/#breadcrumb\",\"itemListElement\":[{\"@type\":\"ListItem\",\"position\":1,\"name\":\"Boas Vindas\",\"item\":\"https:\\\/\\\/sepam.com.br\\\/\"},{\"@type\":\"ListItem\",\"position\":2,\"name\":\"Uso de telas pode ser evitado pelas crian\u00e7as durante as f\u00e9rias escolares\"}]},{\"@type\":\"WebSite\",\"@id\":\"https:\\\/\\\/sepam.com.br\\\/en\\\/#website\",\"url\":\"https:\\\/\\\/sepam.com.br\\\/en\\\/\",\"name\":\"Col\u00e9gio Sepam\",\"description\":\"Ensino Incompar\u00e1vel\",\"publisher\":{\"@id\":\"https:\\\/\\\/sepam.com.br\\\/en\\\/#organization\"},\"potentialAction\":[{\"@type\":\"SearchAction\",\"target\":{\"@type\":\"EntryPoint\",\"urlTemplate\":\"https:\\\/\\\/sepam.com.br\\\/en\\\/?s={search_term_string}\"},\"query-input\":{\"@type\":\"PropertyValueSpecification\",\"valueRequired\":true,\"valueName\":\"search_term_string\"}}],\"inLanguage\":\"en-US\"},{\"@type\":\"Organization\",\"@id\":\"https:\\\/\\\/sepam.com.br\\\/en\\\/#organization\",\"name\":\"Col\u00e9gio Sepam\",\"url\":\"https:\\\/\\\/sepam.com.br\\\/en\\\/\",\"logo\":{\"@type\":\"ImageObject\",\"inLanguage\":\"en-US\",\"@id\":\"https:\\\/\\\/sepam.com.br\\\/en\\\/#\\\/schema\\\/logo\\\/image\\\/\",\"url\":\"https:\\\/\\\/sepam.com.br\\\/wp-content\\\/uploads\\\/2025\\\/02\\\/Ativo-2.png\",\"contentUrl\":\"https:\\\/\\\/sepam.com.br\\\/wp-content\\\/uploads\\\/2025\\\/02\\\/Ativo-2.png\",\"width\":595,\"height\":525,\"caption\":\"Col\u00e9gio Sepam\"},\"image\":{\"@id\":\"https:\\\/\\\/sepam.com.br\\\/en\\\/#\\\/schema\\\/logo\\\/image\\\/\"}}]}<\/script>\n<!-- \/ Yoast SEO plugin. -->","yoast_head_json":{"title":"Uso de telas pode ser evitado pelas crian\u00e7as durante as f\u00e9rias escolares - Col\u00e9gio Sepam","robots":{"index":"index","follow":"follow","max-snippet":"max-snippet:-1","max-image-preview":"max-image-preview:large","max-video-preview":"max-video-preview:-1"},"canonical":"https:\/\/sepam.com.br\/en\/artigos\/uso-de-telas-pode-ser-evitado-pelas-criancas-durante-as-ferias-escolares-2\/","og_locale":"en_US","og_type":"article","og_title":"Uso de telas pode ser evitado pelas crian\u00e7as durante as f\u00e9rias escolares - Col\u00e9gio Sepam","og_description":"Por K\u00e1tia Gisele Costa Julho \u00e9 tempo de f\u00e9rias em v\u00e1rias institui\u00e7\u00f5es de ensino. E \u00e9 durante essa \u00e9poca do ano que muitos pais se veem aflitos sobre como conduzir atividades com os filhos, em casa. A coordenadora pedag\u00f3gica do Col\u00e9gio Pontagrossense Sepam, K\u00e1tia Costa, traz algumas dicas para auxiliar as fam\u00edlias. Ela sugere evitar [&hellip;]","og_url":"https:\/\/sepam.com.br\/en\/artigos\/uso-de-telas-pode-ser-evitado-pelas-criancas-durante-as-ferias-escolares-2\/","og_site_name":"Col\u00e9gio Sepam","article_modified_time":"2026-02-11T14:00:56+00:00","twitter_card":"summary_large_image","twitter_misc":{"Est. reading time":"2 minutes"},"schema":{"@context":"https:\/\/schema.org","@graph":[{"@type":"WebPage","@id":"https:\/\/sepam.com.br\/en\/artigos\/uso-de-telas-pode-ser-evitado-pelas-criancas-durante-as-ferias-escolares-2\/","url":"https:\/\/sepam.com.br\/en\/artigos\/uso-de-telas-pode-ser-evitado-pelas-criancas-durante-as-ferias-escolares-2\/","name":"Uso de telas pode ser evitado pelas crian\u00e7as durante as f\u00e9rias escolares - Col\u00e9gio Sepam","isPartOf":{"@id":"https:\/\/sepam.com.br\/#website"},"datePublished":"2025-09-09T23:37:30+00:00","dateModified":"2026-02-11T14:00:56+00:00","breadcrumb":{"@id":"https:\/\/sepam.com.br\/en\/artigos\/uso-de-telas-pode-ser-evitado-pelas-criancas-durante-as-ferias-escolares-2\/#breadcrumb"},"inLanguage":"en-US","potentialAction":[{"@type":"ReadAction","target":["https:\/\/sepam.com.br\/en\/artigos\/uso-de-telas-pode-ser-evitado-pelas-criancas-durante-as-ferias-escolares-2\/"]}]},{"@type":"BreadcrumbList","@id":"https:\/\/sepam.com.br\/en\/artigos\/uso-de-telas-pode-ser-evitado-pelas-criancas-durante-as-ferias-escolares-2\/#breadcrumb","itemListElement":[{"@type":"ListItem","position":1,"name":"Boas Vindas","item":"https:\/\/sepam.com.br\/"},{"@type":"ListItem","position":2,"name":"Uso de telas pode ser evitado pelas crian\u00e7as durante as f\u00e9rias escolares"}]},{"@type":"WebSite","@id":"https:\/\/sepam.com.br\/en\/#website","url":"https:\/\/sepam.com.br\/en\/","name":"Col\u00e9gio Sepam","description":"Ensino Incompar\u00e1vel","publisher":{"@id":"https:\/\/sepam.com.br\/en\/#organization"},"potentialAction":[{"@type":"SearchAction","target":{"@type":"EntryPoint","urlTemplate":"https:\/\/sepam.com.br\/en\/?s={search_term_string}"},"query-input":{"@type":"PropertyValueSpecification","valueRequired":true,"valueName":"search_term_string"}}],"inLanguage":"en-US"},{"@type":"Organization","@id":"https:\/\/sepam.com.br\/en\/#organization","name":"Col\u00e9gio Sepam","url":"https:\/\/sepam.com.br\/en\/","logo":{"@type":"ImageObject","inLanguage":"en-US","@id":"https:\/\/sepam.com.br\/en\/#\/schema\/logo\/image\/","url":"https:\/\/sepam.com.br\/wp-content\/uploads\/2025\/02\/Ativo-2.png","contentUrl":"https:\/\/sepam.com.br\/wp-content\/uploads\/2025\/02\/Ativo-2.png","width":595,"height":525,"caption":"Col\u00e9gio Sepam"},"image":{"@id":"https:\/\/sepam.com.br\/en\/#\/schema\/logo\/image\/"}}]}},"_links":{"self":[{"href":"https:\/\/sepam.com.br\/en\/wp-json\/wp\/v2\/artigos\/7607","targetHints":{"allow":["GET"]}}],"collection":[{"href":"https:\/\/sepam.com.br\/en\/wp-json\/wp\/v2\/artigos"}],"about":[{"href":"https:\/\/sepam.com.br\/en\/wp-json\/wp\/v2\/types\/artigos"}],"wp:attachment":[{"href":"https:\/\/sepam.com.br\/en\/wp-json\/wp\/v2\/media?parent=7607"}],"curies":[{"name":"wp","href":"https:\/\/api.w.org\/{rel}","templated":true}]}}