{"id":7606,"date":"2025-09-09T20:37:30","date_gmt":"2025-09-09T23:37:30","guid":{"rendered":"https:\/\/dev.alisonandrei.com.br\/artigos\/construindo-memorias-afetivas-nas-criancas\/"},"modified":"2026-02-11T11:00:56","modified_gmt":"2026-02-11T14:00:56","slug":"construindo-memorias-afetivas-nas-criancas","status":"publish","type":"artigos","link":"https:\/\/sepam.com.br\/en\/artigos\/construindo-memorias-afetivas-nas-criancas\/","title":{"rendered":"Construindo mem\u00f3rias afetivas nas crian\u00e7as"},"content":{"rendered":"<p><strong><em>Por Katia Gisele Costa<\/em><\/strong><\/p>\n<p>Quando eu era crian\u00e7a, toda vez que chovia, meu pai sentava em frente \u00e0 porta entreaberta e ficava observando os pingos barulhentos e espa\u00e7ados que desciam da telha ondulada que cobria nossa casa. Ficava ali por um tempo observando e pensando na vida. Hoje quando chove eu fa\u00e7o o mesmo. Tenho um fasc\u00ednio por chuva porque acho que ela nos provoca a refletir.<\/p>\n<p>Enquanto m\u00e3e fico pensando: o que ser\u00e1 que eu fa\u00e7o recorrentemente que ficar\u00e1 na mem\u00f3ria afetiva das minhas filhas? Nossas lembran\u00e7as nos movem porque, melhor ou pior, s\u00e3o elas que nos transformam nas pessoas que somos, e as experi\u00eancias que vivemos nos ajudam a construir conhecimento, elaborar conceitos e moldar nossa personalidade.<\/p>\n<p>Tudo que uma crian\u00e7a vive, seja no \u00e2mbito familiar, escolar ou social faz parte da sua bagagem de vida e por consequ\u00eancia contribui com a forma\u00e7\u00e3o humana. J\u00e1 \u00e9 sabido, com base nas pesquisas em neuroci\u00eancia, que quanto mais est\u00edmulos uma crian\u00e7a recebe, mais sinapses ela faz por meio das conex\u00f5es nervosas. Sendo assim, uma crian\u00e7a mais estimulada tem facilidade para se relacionar, para aprender e para regular seu pr\u00f3prio comportamento, inclusive com maior autonomia. \u00c9 na primeira inf\u00e2ncia que constru\u00edmos a mem\u00f3ria afetiva por meio do sistema l\u00edmbico, que \u00e9 o respons\u00e1vel pelas emo\u00e7\u00f5es e a\u00e7\u00f5es que nos despertam sensa\u00e7\u00f5es agrad\u00e1veis. Por isso, enquanto adultos, pais e professores devem prezar pelos momentos de conviv\u00eancia com as crian\u00e7as, conviv\u00eancia essa que tanto tem faltado durante a pandemia.<\/p>\n<p>Fam\u00edlia e escola devem se esfor\u00e7ar para andarem alinhadas para que, numa rela\u00e7\u00e3o de reciprocidade, as crian\u00e7as cres\u00e7am n\u00e3o s\u00f3 em estatura, mas tamb\u00e9m amadure\u00e7am e construam conhecimentos significativos. Ter as crian\u00e7as como \u201ch\u00f3spedes\u201d em casa durante a pandemia fez com que muitos pais revissem seus conceitos sobre desenvolvimento infantil, fun\u00e7\u00e3o da escola e papel do professor. Todos n\u00f3s aprendemos com isso pois pudemos perceber o valor social e humano que a escola tem na vida das crian\u00e7as al\u00e9m do valor acad\u00eamico e cognitivo.<\/p>\n<p>Na escola a crian\u00e7a convive com regras desde muito pequena e consegue perceber a import\u00e2ncia delas no conv\u00edvio social. Al\u00e9m disso, elas brincam, perdem seus brinquedos na areia, derrubam o amigo sem querer, pedem desculpas, d\u00e3o gargalhadas, choram e aprendem a pedir ajuda. O ambiente escolar vai muito al\u00e9m de atividades motoras e cognitivas, ele estimula o tempo todo aprendizagens e com isso o c\u00e9rebro faz conex\u00f5es que se ampliam na medida em que a crian\u00e7a cresce e entra em contato com novas dificuldades e oportunidades. O conv\u00edvio familiar e escolar deve ser como uma alian\u00e7a, sem come\u00e7o ou fim, sendo parte do mesmo anel.<\/p>\n<p>Ouvimos depoimentos de adultos que se emocionam ao lembrar das experi\u00eancias vividas na escola, das li\u00e7\u00f5es (de vida) que aprenderam com seus professores, da sensa\u00e7\u00e3o nost\u00e1lgica de ouvir o \u201csinal\u201d da escola, e estas s\u00e3o formas de cada um contar sobre os pequenos detalhes que fazem parte das pessoas que s\u00e3o.<\/p>\n<p>Por isso, voc\u00ea que \u00e9 pai e m\u00e3e, n\u00e3o deixe que a televis\u00e3o ou os jogos eletr\u00f4nicos construam mem\u00f3rias com seus filhos. Fa\u00e7a com que eles se lembrem de voc\u00ea pela vida toda por conta das coisas que fizeram juntos. Mexam na terra, v\u00e3o \u00e0 praia, ensinem seus filhos a andar de bicicleta, brinquem na grama, soltem pipa, v\u00e3o para a cozinha juntos, brinquem na cama, no<\/p>\n<p>parque, no escuro. Observem a chuva com seus filhos. A inf\u00e2ncia, as mem\u00f3rias e as rela\u00e7\u00f5es interpessoais s\u00e3o indispens\u00e1veis na forma\u00e7\u00e3o de um adulto seguro, capaz de administrar sua pr\u00f3pria vida e vencer seus obst\u00e1culos com sucesso.<\/p>\n<blockquote>\n<p style=\"text-align: left;\"><strong><em>Katia Gisele Costa<\/em><\/strong><em>\u00a0\u00e9\u00a0Pedagoga pela Universidade Estadual de Ponta Grossa e Mestre em Educa\u00e7\u00e3o pela Universidade do Minho (Portugal). \u00c9\u00a0Coordenadora Pedag\u00f3gica \u2013 Educa\u00e7\u00e3o Infantil no Col\u00e9gio Pontagrossense SEPAM, de Ponta Grossa-PR.<\/em><\/p>\n<p style=\"text-align: left;\">Artigo publicado na edi\u00e7\u00e3o de Maio\/2021 da\u00a0Revista Sa\u00fade.<\/p>\n<\/blockquote>\n","protected":false},"featured_media":0,"template":"","class_list":["post-7606","artigos","type-artigos","status-publish","hentry"],"yoast_head":"<!-- This site is optimized with the Yoast SEO plugin v28.4 - https:\/\/yoast.com\/product\/yoast-seo-wordpress\/ -->\n<title>Construindo mem\u00f3rias afetivas nas crian\u00e7as - Col\u00e9gio Sepam<\/title>\n<meta name=\"robots\" content=\"index, follow, max-snippet:-1, max-image-preview:large, max-video-preview:-1\" \/>\n<link rel=\"canonical\" href=\"https:\/\/sepam.com.br\/en\/artigos\/construindo-memorias-afetivas-nas-criancas\/\" \/>\n<meta property=\"og:locale\" content=\"en_US\" \/>\n<meta property=\"og:type\" content=\"article\" \/>\n<meta property=\"og:title\" content=\"Construindo mem\u00f3rias afetivas nas crian\u00e7as - Col\u00e9gio Sepam\" \/>\n<meta property=\"og:description\" content=\"Por Katia Gisele Costa Quando eu era crian\u00e7a, toda vez que chovia, meu pai sentava em frente \u00e0 porta entreaberta e ficava observando os pingos barulhentos e espa\u00e7ados que desciam da telha ondulada que cobria nossa casa. Ficava ali por um tempo observando e pensando na vida. Hoje quando chove eu fa\u00e7o o mesmo. Tenho [&hellip;]\" \/>\n<meta property=\"og:url\" content=\"https:\/\/sepam.com.br\/en\/artigos\/construindo-memorias-afetivas-nas-criancas\/\" \/>\n<meta property=\"og:site_name\" content=\"Col\u00e9gio Sepam\" \/>\n<meta property=\"article:modified_time\" content=\"2026-02-11T14:00:56+00:00\" \/>\n<meta name=\"twitter:card\" content=\"summary_large_image\" \/>\n<meta name=\"twitter:label1\" content=\"Est. reading time\" \/>\n\t<meta name=\"twitter:data1\" content=\"4 minutes\" \/>\n<script type=\"application\/ld+json\" class=\"yoast-schema-graph\">{\"@context\":\"https:\\\/\\\/schema.org\",\"@graph\":[{\"@type\":\"WebPage\",\"@id\":\"https:\\\/\\\/sepam.com.br\\\/en\\\/artigos\\\/construindo-memorias-afetivas-nas-criancas\\\/\",\"url\":\"https:\\\/\\\/sepam.com.br\\\/en\\\/artigos\\\/construindo-memorias-afetivas-nas-criancas\\\/\",\"name\":\"Construindo mem\u00f3rias afetivas nas crian\u00e7as - Col\u00e9gio Sepam\",\"isPartOf\":{\"@id\":\"https:\\\/\\\/sepam.com.br\\\/#website\"},\"datePublished\":\"2025-09-09T23:37:30+00:00\",\"dateModified\":\"2026-02-11T14:00:56+00:00\",\"breadcrumb\":{\"@id\":\"https:\\\/\\\/sepam.com.br\\\/en\\\/artigos\\\/construindo-memorias-afetivas-nas-criancas\\\/#breadcrumb\"},\"inLanguage\":\"en-US\",\"potentialAction\":[{\"@type\":\"ReadAction\",\"target\":[\"https:\\\/\\\/sepam.com.br\\\/en\\\/artigos\\\/construindo-memorias-afetivas-nas-criancas\\\/\"]}]},{\"@type\":\"BreadcrumbList\",\"@id\":\"https:\\\/\\\/sepam.com.br\\\/en\\\/artigos\\\/construindo-memorias-afetivas-nas-criancas\\\/#breadcrumb\",\"itemListElement\":[{\"@type\":\"ListItem\",\"position\":1,\"name\":\"Boas Vindas\",\"item\":\"https:\\\/\\\/sepam.com.br\\\/\"},{\"@type\":\"ListItem\",\"position\":2,\"name\":\"Construindo mem\u00f3rias afetivas nas crian\u00e7as\"}]},{\"@type\":\"WebSite\",\"@id\":\"https:\\\/\\\/sepam.com.br\\\/en\\\/#website\",\"url\":\"https:\\\/\\\/sepam.com.br\\\/en\\\/\",\"name\":\"Col\u00e9gio Sepam\",\"description\":\"Ensino Incompar\u00e1vel\",\"publisher\":{\"@id\":\"https:\\\/\\\/sepam.com.br\\\/en\\\/#organization\"},\"potentialAction\":[{\"@type\":\"SearchAction\",\"target\":{\"@type\":\"EntryPoint\",\"urlTemplate\":\"https:\\\/\\\/sepam.com.br\\\/en\\\/?s={search_term_string}\"},\"query-input\":{\"@type\":\"PropertyValueSpecification\",\"valueRequired\":true,\"valueName\":\"search_term_string\"}}],\"inLanguage\":\"en-US\"},{\"@type\":\"Organization\",\"@id\":\"https:\\\/\\\/sepam.com.br\\\/en\\\/#organization\",\"name\":\"Col\u00e9gio Sepam\",\"url\":\"https:\\\/\\\/sepam.com.br\\\/en\\\/\",\"logo\":{\"@type\":\"ImageObject\",\"inLanguage\":\"en-US\",\"@id\":\"https:\\\/\\\/sepam.com.br\\\/en\\\/#\\\/schema\\\/logo\\\/image\\\/\",\"url\":\"https:\\\/\\\/sepam.com.br\\\/wp-content\\\/uploads\\\/2025\\\/02\\\/Ativo-2.png\",\"contentUrl\":\"https:\\\/\\\/sepam.com.br\\\/wp-content\\\/uploads\\\/2025\\\/02\\\/Ativo-2.png\",\"width\":595,\"height\":525,\"caption\":\"Col\u00e9gio Sepam\"},\"image\":{\"@id\":\"https:\\\/\\\/sepam.com.br\\\/en\\\/#\\\/schema\\\/logo\\\/image\\\/\"}}]}<\/script>\n<!-- \/ Yoast SEO plugin. -->","yoast_head_json":{"title":"Construindo mem\u00f3rias afetivas nas crian\u00e7as - Col\u00e9gio Sepam","robots":{"index":"index","follow":"follow","max-snippet":"max-snippet:-1","max-image-preview":"max-image-preview:large","max-video-preview":"max-video-preview:-1"},"canonical":"https:\/\/sepam.com.br\/en\/artigos\/construindo-memorias-afetivas-nas-criancas\/","og_locale":"en_US","og_type":"article","og_title":"Construindo mem\u00f3rias afetivas nas crian\u00e7as - Col\u00e9gio Sepam","og_description":"Por Katia Gisele Costa Quando eu era crian\u00e7a, toda vez que chovia, meu pai sentava em frente \u00e0 porta entreaberta e ficava observando os pingos barulhentos e espa\u00e7ados que desciam da telha ondulada que cobria nossa casa. Ficava ali por um tempo observando e pensando na vida. Hoje quando chove eu fa\u00e7o o mesmo. Tenho [&hellip;]","og_url":"https:\/\/sepam.com.br\/en\/artigos\/construindo-memorias-afetivas-nas-criancas\/","og_site_name":"Col\u00e9gio Sepam","article_modified_time":"2026-02-11T14:00:56+00:00","twitter_card":"summary_large_image","twitter_misc":{"Est. reading time":"4 minutes"},"schema":{"@context":"https:\/\/schema.org","@graph":[{"@type":"WebPage","@id":"https:\/\/sepam.com.br\/en\/artigos\/construindo-memorias-afetivas-nas-criancas\/","url":"https:\/\/sepam.com.br\/en\/artigos\/construindo-memorias-afetivas-nas-criancas\/","name":"Construindo mem\u00f3rias afetivas nas crian\u00e7as - Col\u00e9gio Sepam","isPartOf":{"@id":"https:\/\/sepam.com.br\/#website"},"datePublished":"2025-09-09T23:37:30+00:00","dateModified":"2026-02-11T14:00:56+00:00","breadcrumb":{"@id":"https:\/\/sepam.com.br\/en\/artigos\/construindo-memorias-afetivas-nas-criancas\/#breadcrumb"},"inLanguage":"en-US","potentialAction":[{"@type":"ReadAction","target":["https:\/\/sepam.com.br\/en\/artigos\/construindo-memorias-afetivas-nas-criancas\/"]}]},{"@type":"BreadcrumbList","@id":"https:\/\/sepam.com.br\/en\/artigos\/construindo-memorias-afetivas-nas-criancas\/#breadcrumb","itemListElement":[{"@type":"ListItem","position":1,"name":"Boas Vindas","item":"https:\/\/sepam.com.br\/"},{"@type":"ListItem","position":2,"name":"Construindo mem\u00f3rias afetivas nas crian\u00e7as"}]},{"@type":"WebSite","@id":"https:\/\/sepam.com.br\/en\/#website","url":"https:\/\/sepam.com.br\/en\/","name":"Col\u00e9gio Sepam","description":"Ensino Incompar\u00e1vel","publisher":{"@id":"https:\/\/sepam.com.br\/en\/#organization"},"potentialAction":[{"@type":"SearchAction","target":{"@type":"EntryPoint","urlTemplate":"https:\/\/sepam.com.br\/en\/?s={search_term_string}"},"query-input":{"@type":"PropertyValueSpecification","valueRequired":true,"valueName":"search_term_string"}}],"inLanguage":"en-US"},{"@type":"Organization","@id":"https:\/\/sepam.com.br\/en\/#organization","name":"Col\u00e9gio Sepam","url":"https:\/\/sepam.com.br\/en\/","logo":{"@type":"ImageObject","inLanguage":"en-US","@id":"https:\/\/sepam.com.br\/en\/#\/schema\/logo\/image\/","url":"https:\/\/sepam.com.br\/wp-content\/uploads\/2025\/02\/Ativo-2.png","contentUrl":"https:\/\/sepam.com.br\/wp-content\/uploads\/2025\/02\/Ativo-2.png","width":595,"height":525,"caption":"Col\u00e9gio Sepam"},"image":{"@id":"https:\/\/sepam.com.br\/en\/#\/schema\/logo\/image\/"}}]}},"_links":{"self":[{"href":"https:\/\/sepam.com.br\/en\/wp-json\/wp\/v2\/artigos\/7606","targetHints":{"allow":["GET"]}}],"collection":[{"href":"https:\/\/sepam.com.br\/en\/wp-json\/wp\/v2\/artigos"}],"about":[{"href":"https:\/\/sepam.com.br\/en\/wp-json\/wp\/v2\/types\/artigos"}],"wp:attachment":[{"href":"https:\/\/sepam.com.br\/en\/wp-json\/wp\/v2\/media?parent=7606"}],"curies":[{"name":"wp","href":"https:\/\/api.w.org\/{rel}","templated":true}]}}