{"id":7592,"date":"2025-09-09T20:37:30","date_gmt":"2025-09-09T23:37:30","guid":{"rendered":"https:\/\/dev.alisonandrei.com.br\/artigos\/coloco-meu-filho-na-escola-em-periodo-integral\/"},"modified":"2026-02-11T11:00:56","modified_gmt":"2026-02-11T14:00:56","slug":"coloco-meu-filho-na-escola-em-periodo-integral","status":"publish","type":"artigos","link":"https:\/\/sepam.com.br\/en\/artigos\/coloco-meu-filho-na-escola-em-periodo-integral\/","title":{"rendered":"Coloco meu filho na escola em per\u00edodo integral?"},"content":{"rendered":"<p><em>Por Giselle Ghelen<\/em><\/p>\n<p>Um n\u00famero cada vez maior de fam\u00edlias chega a esse impasse sobre a vida escolar de seus filhos, seja pela exig\u00eancia do mercado de trabalho ou por outras necessidades cotidianas. O fato \u00e9 que a escolha pelo per\u00edodo integral nem sempre \u00e9 f\u00e1cil e, algumas vezes, vem permeada de inseguran\u00e7as, possivelmente, por se tratar de um segmento ainda pouco difundido no contexto brasileiro. Seja qual for o motivo dos pais, a escola est\u00e1 preparada para essa modalidade de ensino e, principalmente, para tranquilizar os pais sobre como o aluno ser\u00e1 recebido diariamente na escola, explicando quais atividades ser\u00e3o desenvolvidas e como os professores ir\u00e3o propiciar momentos prazerosos de aprendizado.<\/p>\n<p>\u00c9 importante compreender a diferen\u00e7a entre ensino regular e per\u00edodo integral. No ensino regular o aluno permanece apenas um turno (manh\u00e3 ou tarde) na escola e trabalha o curr\u00edculo das disciplinas b\u00e1sicas: matem\u00e1tica, portugu\u00eas, hist\u00f3ria, arte etc. No per\u00edodo integral, al\u00e9m dos conte\u00fados regulares, \u00e9 oferecido a aluno uma s\u00e9rie de atividades complementares, como pr\u00e1tica esportiva, m\u00fasica, teatro e l\u00edngua estrangeira. Tais atividades contribuem para o desenvolvimento intelectual e o social, al\u00e9m de despertar o interesse por outras \u00e1reas do conhecimento.<\/p>\n<p>Ampliar as possibilidades de aprendizagem do aluno j\u00e1 \u00e9 um \u00f3timo motivo pelo qual muitos pais buscam a escola em per\u00edodo integral. Existem ainda outros pontos favor\u00e1veis, como: a orienta\u00e7\u00e3o pedag\u00f3gica nos estudos e tarefas, orienta\u00e7\u00e3o nutricional, maior tempo de pr\u00e1tica de esportes, promo\u00e7\u00e3o do lazer, da cultura e do uso da tecnologia. Ao investir adequadamente o tempo do aluno, o per\u00edodo integral ajuda no exerc\u00edcio da autonomia, al\u00e9m de oferecer in\u00fameras oportunidades de socializa\u00e7\u00e3o e de aprendizado.<\/p>\n<p>\u00c9 comum o depoimento de m\u00e3es que no in\u00edcio sentiam pena de deixar o(a) filho (a) em per\u00edodo integral na escola, mas que mudaram esse sentimento quando come\u00e7aram a perceber os benef\u00edcios desse per\u00edodo na escola. Isto est\u00e1 diretamente ligado ao espa\u00e7o que a escola oferece no contraturno, que precisa ser amplo, adequado e agrad\u00e1vel. Destacam-se ainda os profissionais que fazem o acompanhamento desses alunos, os quais devem estar dispostos e atualizados para que consigam assessorar de forma proveitosa o aprendizado de cada um.<\/p>\n<p>O per\u00edodo integral \u00e9 uma modalidade muito discutida atualmente, em constante crescimento e previsto pela Lei de Diretrizes e Bases da Educa\u00e7\u00e3o Nacional (9394\/96). Esta mesma lei valoriza tais experi\u00eancias extracurriculares e a busca por uma forma\u00e7\u00e3o integral que amplie a vis\u00e3o de mundo do aluno. Al\u00e9m disso, o ensino integral \u00e9 uma tend\u00eancia adotada na educa\u00e7\u00e3o moderna, e j\u00e1 existe em muitos pa\u00edses de primeiro mundo considerados modelos de educa\u00e7\u00e3o, como: Coreia do Sul, Finl\u00e2ndia, Estados Unidos, Jap\u00e3o, Su\u00e9cia e Irlanda; sendo que em v\u00e1rios deles os alunos passam cerca de nove horas por dia na escola.<\/p>\n<p>O per\u00edodo escolar integral deve ser ainda uma possibilidade de maior colabora\u00e7\u00e3o entre fam\u00edlia e escola, afinal, s\u00e3o mais pessoas envolvidas na busca de uma educa\u00e7\u00e3o de alta qualidade. N\u00e3o se trata de abdicar de obriga\u00e7\u00f5es e nem de substituir respons\u00e1veis, e sim de somar esfor\u00e7os para uma maior efetividade educacional.<\/p>\n<blockquote><p><em><strong>Gisele Gehlen<\/strong>\u00a0\u00e9 Pedagoga pela Universidade Estadual de Ponta Grossa, P\u00f3s-Graduada em Psicopedagogia pelo Instituto de Estudos Avan\u00e7ados de P\u00f3s-Gradua\u00e7\u00e3o (ESAP) e Coordenadora Pedag\u00f3gica do Per\u00edodo Integral no Col\u00e9gio Pontagrossense SEPAM, em Ponta Grossa-PR. <\/em><\/p><\/blockquote>\n","protected":false},"featured_media":0,"template":"","class_list":["post-7592","artigos","type-artigos","status-publish","hentry"],"yoast_head":"<!-- This site is optimized with the Yoast SEO plugin v28.4 - https:\/\/yoast.com\/product\/yoast-seo-wordpress\/ -->\n<title>Coloco meu filho na escola em per\u00edodo integral? - Col\u00e9gio Sepam<\/title>\n<meta name=\"robots\" content=\"index, follow, max-snippet:-1, max-image-preview:large, max-video-preview:-1\" \/>\n<link rel=\"canonical\" href=\"https:\/\/sepam.com.br\/en\/artigos\/coloco-meu-filho-na-escola-em-periodo-integral\/\" \/>\n<meta property=\"og:locale\" content=\"en_US\" \/>\n<meta property=\"og:type\" content=\"article\" \/>\n<meta property=\"og:title\" content=\"Coloco meu filho na escola em per\u00edodo integral? - Col\u00e9gio Sepam\" \/>\n<meta property=\"og:description\" content=\"Por Giselle Ghelen Um n\u00famero cada vez maior de fam\u00edlias chega a esse impasse sobre a vida escolar de seus filhos, seja pela exig\u00eancia do mercado de trabalho ou por outras necessidades cotidianas. O fato \u00e9 que a escolha pelo per\u00edodo integral nem sempre \u00e9 f\u00e1cil e, algumas vezes, vem permeada de inseguran\u00e7as, possivelmente, por [&hellip;]\" \/>\n<meta property=\"og:url\" content=\"https:\/\/sepam.com.br\/en\/artigos\/coloco-meu-filho-na-escola-em-periodo-integral\/\" \/>\n<meta property=\"og:site_name\" content=\"Col\u00e9gio Sepam\" \/>\n<meta property=\"article:modified_time\" content=\"2026-02-11T14:00:56+00:00\" \/>\n<meta name=\"twitter:card\" content=\"summary_large_image\" \/>\n<meta name=\"twitter:label1\" content=\"Est. reading time\" \/>\n\t<meta name=\"twitter:data1\" content=\"3 minutes\" \/>\n<script type=\"application\/ld+json\" class=\"yoast-schema-graph\">{\"@context\":\"https:\\\/\\\/schema.org\",\"@graph\":[{\"@type\":\"WebPage\",\"@id\":\"https:\\\/\\\/sepam.com.br\\\/en\\\/artigos\\\/coloco-meu-filho-na-escola-em-periodo-integral\\\/\",\"url\":\"https:\\\/\\\/sepam.com.br\\\/en\\\/artigos\\\/coloco-meu-filho-na-escola-em-periodo-integral\\\/\",\"name\":\"Coloco meu filho na escola em per\u00edodo integral? - Col\u00e9gio Sepam\",\"isPartOf\":{\"@id\":\"https:\\\/\\\/sepam.com.br\\\/#website\"},\"datePublished\":\"2025-09-09T23:37:30+00:00\",\"dateModified\":\"2026-02-11T14:00:56+00:00\",\"breadcrumb\":{\"@id\":\"https:\\\/\\\/sepam.com.br\\\/en\\\/artigos\\\/coloco-meu-filho-na-escola-em-periodo-integral\\\/#breadcrumb\"},\"inLanguage\":\"en-US\",\"potentialAction\":[{\"@type\":\"ReadAction\",\"target\":[\"https:\\\/\\\/sepam.com.br\\\/en\\\/artigos\\\/coloco-meu-filho-na-escola-em-periodo-integral\\\/\"]}]},{\"@type\":\"BreadcrumbList\",\"@id\":\"https:\\\/\\\/sepam.com.br\\\/en\\\/artigos\\\/coloco-meu-filho-na-escola-em-periodo-integral\\\/#breadcrumb\",\"itemListElement\":[{\"@type\":\"ListItem\",\"position\":1,\"name\":\"Boas Vindas\",\"item\":\"https:\\\/\\\/sepam.com.br\\\/\"},{\"@type\":\"ListItem\",\"position\":2,\"name\":\"Coloco meu filho na escola em per\u00edodo integral?\"}]},{\"@type\":\"WebSite\",\"@id\":\"https:\\\/\\\/sepam.com.br\\\/en\\\/#website\",\"url\":\"https:\\\/\\\/sepam.com.br\\\/en\\\/\",\"name\":\"Col\u00e9gio Sepam\",\"description\":\"Ensino Incompar\u00e1vel\",\"publisher\":{\"@id\":\"https:\\\/\\\/sepam.com.br\\\/en\\\/#organization\"},\"potentialAction\":[{\"@type\":\"SearchAction\",\"target\":{\"@type\":\"EntryPoint\",\"urlTemplate\":\"https:\\\/\\\/sepam.com.br\\\/en\\\/?s={search_term_string}\"},\"query-input\":{\"@type\":\"PropertyValueSpecification\",\"valueRequired\":true,\"valueName\":\"search_term_string\"}}],\"inLanguage\":\"en-US\"},{\"@type\":\"Organization\",\"@id\":\"https:\\\/\\\/sepam.com.br\\\/en\\\/#organization\",\"name\":\"Col\u00e9gio Sepam\",\"url\":\"https:\\\/\\\/sepam.com.br\\\/en\\\/\",\"logo\":{\"@type\":\"ImageObject\",\"inLanguage\":\"en-US\",\"@id\":\"https:\\\/\\\/sepam.com.br\\\/en\\\/#\\\/schema\\\/logo\\\/image\\\/\",\"url\":\"https:\\\/\\\/sepam.com.br\\\/wp-content\\\/uploads\\\/2025\\\/02\\\/Ativo-2.png\",\"contentUrl\":\"https:\\\/\\\/sepam.com.br\\\/wp-content\\\/uploads\\\/2025\\\/02\\\/Ativo-2.png\",\"width\":595,\"height\":525,\"caption\":\"Col\u00e9gio Sepam\"},\"image\":{\"@id\":\"https:\\\/\\\/sepam.com.br\\\/en\\\/#\\\/schema\\\/logo\\\/image\\\/\"}}]}<\/script>\n<!-- \/ Yoast SEO plugin. -->","yoast_head_json":{"title":"Coloco meu filho na escola em per\u00edodo integral? - Col\u00e9gio Sepam","robots":{"index":"index","follow":"follow","max-snippet":"max-snippet:-1","max-image-preview":"max-image-preview:large","max-video-preview":"max-video-preview:-1"},"canonical":"https:\/\/sepam.com.br\/en\/artigos\/coloco-meu-filho-na-escola-em-periodo-integral\/","og_locale":"en_US","og_type":"article","og_title":"Coloco meu filho na escola em per\u00edodo integral? - Col\u00e9gio Sepam","og_description":"Por Giselle Ghelen Um n\u00famero cada vez maior de fam\u00edlias chega a esse impasse sobre a vida escolar de seus filhos, seja pela exig\u00eancia do mercado de trabalho ou por outras necessidades cotidianas. O fato \u00e9 que a escolha pelo per\u00edodo integral nem sempre \u00e9 f\u00e1cil e, algumas vezes, vem permeada de inseguran\u00e7as, possivelmente, por [&hellip;]","og_url":"https:\/\/sepam.com.br\/en\/artigos\/coloco-meu-filho-na-escola-em-periodo-integral\/","og_site_name":"Col\u00e9gio Sepam","article_modified_time":"2026-02-11T14:00:56+00:00","twitter_card":"summary_large_image","twitter_misc":{"Est. reading time":"3 minutes"},"schema":{"@context":"https:\/\/schema.org","@graph":[{"@type":"WebPage","@id":"https:\/\/sepam.com.br\/en\/artigos\/coloco-meu-filho-na-escola-em-periodo-integral\/","url":"https:\/\/sepam.com.br\/en\/artigos\/coloco-meu-filho-na-escola-em-periodo-integral\/","name":"Coloco meu filho na escola em per\u00edodo integral? - Col\u00e9gio Sepam","isPartOf":{"@id":"https:\/\/sepam.com.br\/#website"},"datePublished":"2025-09-09T23:37:30+00:00","dateModified":"2026-02-11T14:00:56+00:00","breadcrumb":{"@id":"https:\/\/sepam.com.br\/en\/artigos\/coloco-meu-filho-na-escola-em-periodo-integral\/#breadcrumb"},"inLanguage":"en-US","potentialAction":[{"@type":"ReadAction","target":["https:\/\/sepam.com.br\/en\/artigos\/coloco-meu-filho-na-escola-em-periodo-integral\/"]}]},{"@type":"BreadcrumbList","@id":"https:\/\/sepam.com.br\/en\/artigos\/coloco-meu-filho-na-escola-em-periodo-integral\/#breadcrumb","itemListElement":[{"@type":"ListItem","position":1,"name":"Boas Vindas","item":"https:\/\/sepam.com.br\/"},{"@type":"ListItem","position":2,"name":"Coloco meu filho na escola em per\u00edodo integral?"}]},{"@type":"WebSite","@id":"https:\/\/sepam.com.br\/en\/#website","url":"https:\/\/sepam.com.br\/en\/","name":"Col\u00e9gio Sepam","description":"Ensino Incompar\u00e1vel","publisher":{"@id":"https:\/\/sepam.com.br\/en\/#organization"},"potentialAction":[{"@type":"SearchAction","target":{"@type":"EntryPoint","urlTemplate":"https:\/\/sepam.com.br\/en\/?s={search_term_string}"},"query-input":{"@type":"PropertyValueSpecification","valueRequired":true,"valueName":"search_term_string"}}],"inLanguage":"en-US"},{"@type":"Organization","@id":"https:\/\/sepam.com.br\/en\/#organization","name":"Col\u00e9gio Sepam","url":"https:\/\/sepam.com.br\/en\/","logo":{"@type":"ImageObject","inLanguage":"en-US","@id":"https:\/\/sepam.com.br\/en\/#\/schema\/logo\/image\/","url":"https:\/\/sepam.com.br\/wp-content\/uploads\/2025\/02\/Ativo-2.png","contentUrl":"https:\/\/sepam.com.br\/wp-content\/uploads\/2025\/02\/Ativo-2.png","width":595,"height":525,"caption":"Col\u00e9gio Sepam"},"image":{"@id":"https:\/\/sepam.com.br\/en\/#\/schema\/logo\/image\/"}}]}},"_links":{"self":[{"href":"https:\/\/sepam.com.br\/en\/wp-json\/wp\/v2\/artigos\/7592","targetHints":{"allow":["GET"]}}],"collection":[{"href":"https:\/\/sepam.com.br\/en\/wp-json\/wp\/v2\/artigos"}],"about":[{"href":"https:\/\/sepam.com.br\/en\/wp-json\/wp\/v2\/types\/artigos"}],"wp:attachment":[{"href":"https:\/\/sepam.com.br\/en\/wp-json\/wp\/v2\/media?parent=7592"}],"curies":[{"name":"wp","href":"https:\/\/api.w.org\/{rel}","templated":true}]}}