{"version":"1.0","provider_name":"Col\u00e9gio Sepam","provider_url":"https:\/\/sepam.com.br\/en\/","author_name":"Sepam","author_url":"https:\/\/sepam.com.br\/en\/author\/sepam\/","title":"Sepam \u00e9 selecionado para Mostra Paranaense de Dan\u00e7a","type":"rich","width":600,"height":338,"html":"<blockquote class=\"wp-embedded-content\" data-secret=\"MBYYfkIhuk\"><a href=\"https:\/\/sepam.com.br\/en\/sepam-e-selecionado-para-mostra-paranaense-de-danca\/\">Sepam \u00e9 selecionado para Mostra Paranaense de Dan\u00e7a<\/a><\/blockquote><iframe sandbox=\"allow-scripts\" security=\"restricted\" src=\"https:\/\/sepam.com.br\/en\/sepam-e-selecionado-para-mostra-paranaense-de-danca\/embed\/#?secret=MBYYfkIhuk\" width=\"600\" height=\"338\" title=\"&#8220;Sepam \u00e9 selecionado para Mostra Paranaense de Dan\u00e7a&#8221; &#8212; Col\u00e9gio Sepam\" data-secret=\"MBYYfkIhuk\" frameborder=\"0\" marginwidth=\"0\" marginheight=\"0\" scrolling=\"no\" class=\"wp-embedded-content\"><\/iframe><script>\n\/*! This file is auto-generated *\/\n!function(d,l){\"use strict\";l.querySelector&&d.addEventListener&&\"undefined\"!=typeof URL&&(d.wp=d.wp||{},d.wp.receiveEmbedMessage||(d.wp.receiveEmbedMessage=function(e){var t=e.data;if((t||t.secret||t.message||t.value)&&!\/[^a-zA-Z0-9]\/.test(t.secret)){for(var s,r,n,a=l.querySelectorAll('iframe[data-secret=\"'+t.secret+'\"]'),o=l.querySelectorAll('blockquote[data-secret=\"'+t.secret+'\"]'),c=new RegExp(\"^https?:$\",\"i\"),i=0;i<o.length;i++)o[i].style.display=\"none\";for(i=0;i<a.length;i++)s=a[i],e.source===s.contentWindow&&(s.removeAttribute(\"style\"),\"height\"===t.message?(1e3<(r=parseInt(t.value,10))?r=1e3:~~r<200&&(r=200),s.height=r):\"link\"===t.message&&(r=new URL(s.getAttribute(\"src\")),n=new URL(t.value),c.test(n.protocol))&&n.host===r.host&&l.activeElement===s&&(d.top.location.href=t.value))}},d.addEventListener(\"message\",d.wp.receiveEmbedMessage,!1),l.addEventListener(\"DOMContentLoaded\",function(){for(var e,t,s=l.querySelectorAll(\"iframe.wp-embedded-content\"),r=0;r<s.length;r++)(t=(e=s[r]).getAttribute(\"data-secret\"))||(t=Math.random().toString(36).substring(2,12),e.src+=\"#?secret=\"+t,e.setAttribute(\"data-secret\",t)),e.contentWindow.postMessage({message:\"ready\",secret:t},\"*\")},!1)))}(window,document);\n\/\/# sourceURL=https:\/\/sepam.com.br\/wp-includes\/js\/wp-embed.min.js\n<\/script>\n","description":"Alunas da Express\u00e3o Corporal da unidade de Castro ir\u00e3o se apresentar na etapa final do evento As alunas da Express\u00e3o Corporal do Col\u00e9gio SEPAM de Castro foram selecionadas para se apresentarem no palco alternativo na final da Mostra Paranaense de Dan\u00e7a, nos dias 22 e 23 de junho, no Memorial de Curitiba. A seletiva regional&hellip;"}